{"id":19013,"date":"2016-11-09T12:29:50","date_gmt":"2016-11-09T11:29:50","guid":{"rendered":"https:\/\/www.arno.es\/portfolio-items\/canteras-de-atienza\/"},"modified":"2016-11-09T12:29:50","modified_gmt":"2016-11-09T12:29:50","slug":"canteras-de-atienza","status":"publish","type":"avada_portfolio","link":"https:\/\/www.arno.es\/ca\/portfolio-items\/canteras-de-atienza\/","title":{"rendered":"Canteras de Atienza"},"content":{"rendered":"<div class=\"fusion-fullwidth fullwidth-box fusion-builder-row-1 fusion-flex-container nonhundred-percent-fullwidth non-hundred-percent-height-scrolling\" style=\"--awb-border-radius-top-left:0px;--awb-border-radius-top-right:0px;--awb-border-radius-bottom-right:0px;--awb-border-radius-bottom-left:0px;--awb-padding-top:20px;--awb-padding-bottom:20px;--awb-flex-wrap:wrap;\" ><div class=\"fusion-builder-row fusion-row fusion-flex-align-items-flex-start fusion-flex-content-wrap\" style=\"max-width:calc( 1170px + 0px );margin-left: calc(-0px \/ 2 );margin-right: calc(-0px \/ 2 );\"><div class=\"fusion-layout-column fusion_builder_column fusion-builder-column-0 fusion_builder_column_1_1 1_1 fusion-flex-column\" style=\"--awb-bg-size:cover;--awb-width-large:100%;--awb-margin-top-large:0px;--awb-spacing-right-large:0px;--awb-margin-bottom-large:0px;--awb-spacing-left-large:0px;--awb-width-medium:100%;--awb-spacing-right-medium:0px;--awb-spacing-left-medium:0px;--awb-width-small:100%;--awb-spacing-right-small:0px;--awb-spacing-left-small:0px;\"><div class=\"fusion-column-wrapper fusion-flex-justify-content-flex-start fusion-content-layout-column\"><div class=\"fusion-text fusion-text-1\"><h2>Pedreres d&#8217;Atienza<\/h2>\n<\/div><div class=\"fusion-text fusion-text-2\"><p>Pedreres d\u2019Atienza \u00e9s una explotaci\u00f3 a cel obert d&#8217;un dom volc\u00e0nic constitu\u00eft per un cos tabular de m\u00e9s de 300m de profunditat d&#8217;andesita, una roca subvolc\u00e0nica procedent d&#8217;un magma de la s\u00e8rie calcoalcalina al qual el refredament es va produir subsuperficialment. La qual cosa li confereix una textura porf\u00edrica caracter\u00edstica, que consisteix en una s\u00e8rie de fenocristales de Plagioclasa i Biotita i en menor mesura Anf\u00edbol i Pirox\u00e8, englobats en una matriu afan\u00edtica de Plagioclasa i Quars. Aquesta petrologia li confereix a la roca unes \u00f2ptimes propietats f\u00edsiques de duresa que fan que els materials presentin baix desgast i un alt coeficient de poliment, sent aquesta roca <strong>l\u2019\u00e0rid patr\u00f3 de l&#8217;Assaig de Poliment Accelerat a Espanya, segons la Norma UNE-EN 1097 -8.<\/strong><\/p>\n<\/div><div class=\"fusion-image-carousel fusion-image-carousel-auto fusion-image-carousel-1 fusion-carousel-border\"><div class=\"awb-carousel awb-swiper awb-swiper-carousel awb-carousel--carousel awb-swiper-dots-position-bottom\" data-layout=\"carousel\" data-autoplay=\"no\" data-autoplayspeed=\"2500\" data-autoplaypause=\"no\" data-columns=\"2\" data-columnsmedium=\"1\" data-columnssmall=\"1\" data-itemmargin=\"13\" data-itemwidth=\"180\" data-touchscroll=\"no\" data-freemode=\"no\" data-imagesize=\"auto\" data-scrollitems=\"0\" data-centeredslides=\"no\" data-rotationangle=\"50\" data-depth=\"100\" data-speed=\"500\" data-shadow=\"no\" data-pagination=\"bullets\" style=\"--awb-columns:2;--awb-border-width:1px;--awb-border-color:#e9eaee;\"><div class=\"swiper-wrapper awb-image-carousel-wrapper fusion-flex-align-items-center\"><div class=\"swiper-slide\"><div class=\"fusion-carousel-item-wrapper\"><div class=\"fusion-image-wrapper hover-type-none\"><img decoding=\"async\" width=\"1200\" height=\"600\" src=\"https:\/\/www.arno.es\/wp-content\/uploads\/2016\/11\/frente-de-cantera-B-3.jpg\" class=\"attachment-full size-full\" alt=\"\" srcset=\"https:\/\/www.arno.es\/wp-content\/uploads\/2016\/11\/frente-de-cantera-B-3-200x100.jpg 200w, https:\/\/www.arno.es\/wp-content\/uploads\/2016\/11\/frente-de-cantera-B-3-400x200.jpg 400w, https:\/\/www.arno.es\/wp-content\/uploads\/2016\/11\/frente-de-cantera-B-3-600x300.jpg 600w, https:\/\/www.arno.es\/wp-content\/uploads\/2016\/11\/frente-de-cantera-B-3-800x400.jpg 800w, https:\/\/www.arno.es\/wp-content\/uploads\/2016\/11\/frente-de-cantera-B-3.jpg 1200w\" sizes=\"(min-width: 2200px) 100vw, (min-width: 732px) 579px, (min-width: 640px) 732px, \" \/><\/div><\/div><\/div><div class=\"swiper-slide\"><div class=\"fusion-carousel-item-wrapper\"><div class=\"fusion-image-wrapper hover-type-none\"><img decoding=\"async\" width=\"1200\" height=\"600\" src=\"https:\/\/www.arno.es\/wp-content\/uploads\/2016\/11\/Vista-General-II.jpg\" class=\"attachment-full size-full\" alt=\"\" srcset=\"https:\/\/www.arno.es\/wp-content\/uploads\/2016\/11\/Vista-General-II-200x100.jpg 200w, https:\/\/www.arno.es\/wp-content\/uploads\/2016\/11\/Vista-General-II-400x200.jpg 400w, https:\/\/www.arno.es\/wp-content\/uploads\/2016\/11\/Vista-General-II-600x300.jpg 600w, https:\/\/www.arno.es\/wp-content\/uploads\/2016\/11\/Vista-General-II-800x400.jpg 800w, https:\/\/www.arno.es\/wp-content\/uploads\/2016\/11\/Vista-General-II.jpg 1200w\" sizes=\"(min-width: 2200px) 100vw, (min-width: 732px) 579px, (min-width: 640px) 732px, \" \/><\/div><\/div><\/div><div class=\"swiper-slide\"><div class=\"fusion-carousel-item-wrapper\"><div class=\"fusion-image-wrapper hover-type-none\"><img decoding=\"async\" width=\"1200\" height=\"600\" src=\"https:\/\/www.arno.es\/wp-content\/uploads\/2016\/11\/Vista-Gral.-Instalaci\u00f3n.jpg\" class=\"attachment-full size-full\" alt=\"\" srcset=\"https:\/\/www.arno.es\/wp-content\/uploads\/2016\/11\/Vista-Gral.-Instalaci\u00f3n-200x100.jpg 200w, https:\/\/www.arno.es\/wp-content\/uploads\/2016\/11\/Vista-Gral.-Instalaci\u00f3n-400x200.jpg 400w, https:\/\/www.arno.es\/wp-content\/uploads\/2016\/11\/Vista-Gral.-Instalaci\u00f3n-600x300.jpg 600w, https:\/\/www.arno.es\/wp-content\/uploads\/2016\/11\/Vista-Gral.-Instalaci\u00f3n-800x400.jpg 800w, https:\/\/www.arno.es\/wp-content\/uploads\/2016\/11\/Vista-Gral.-Instalaci\u00f3n.jpg 1200w\" sizes=\"(min-width: 2200px) 100vw, (min-width: 732px) 579px, (min-width: 640px) 732px, \" \/><\/div><\/div><\/div><\/div><div class=\"awb-swiper-button awb-swiper-button-prev\"><i class=\"awb-icon-angle-left\" aria-hidden=\"true\"><\/i><\/div><div class=\"awb-swiper-button awb-swiper-button-next\"><i class=\"awb-icon-angle-right\" aria-hidden=\"true\"><\/i><\/div><\/div><\/div><div class=\"fusion-text fusion-text-3\"><p>Les instal\u00b7lacions compten amb una planta de trituraci\u00f3, m\u00f2lta i classificaci\u00f3, les produccions s\u00f3n d&#8217;unes 400t\/h, de les quals el 30% aproximadament \u00e9s balast i la resta llasts per a capes de forma i gravetes per a la fabricaci\u00f3 d&#8217;aglomerat asf\u00e0ltic i formigons.<\/p>\n<p>Des d&#8217;aquesta pedrera s&#8217;ha subministrat balast per les L\u00ednies d&#8217;Alta Velocitat de Madrid-Barcelona, \u200b\u200bMadrid-Val\u00e8ncia, Valladolid-Pal\u00e8ncia-Lle\u00f3 i L\u00ednies de Xarxa Convencional. Compta amb un carregador ferroviari a l&#8217;Estaci\u00f3 de Sig\u00fcenza i un altre a Torralba del Moral.<\/p>\n<p>Tamb\u00e9 s&#8217;han subministrat gravetes per a importants obres en autovies, com la renovaci\u00f3 de ferm de l&#8217;A-2 des de la prov\u00edncia de Saragossa a Madrid, A-7 a Val\u00e8ncia, A-11 Medinaceli a S\u00f2ria, MU-30 a M\u00farcia i per circuits de velocitat com el Circuit de motociclisme de Xest o Albacete.<\/p>\n<\/div><div class=\"fusion-text fusion-text-4\"><h3>Certificats Pedreres d&#8217;Atienza<\/h3>\n<\/div><div class=\"fusion-text fusion-text-5\"><p>La pedrera est\u00e0 homologada per ADIF (Administrador d&#8217;Infraestructures Ferrovi\u00e0ries) del Ministeri de Foment per al subministrament de balast TIPUS 1 i compta amb el certificat de conformitat CE per a tots els \u00e0rids fabricats.<\/p>\n<\/div><\/div><\/div><\/div><\/div>\n","protected":false},"excerpt":{"rendered":"","protected":false},"author":11,"featured_media":17332,"menu_order":0,"comment_status":"open","ping_status":"closed","template":"","format":"standard","meta":{"footnotes":""},"portfolio_category":[71,73],"portfolio_skills":[],"portfolio_tags":[70],"class_list":["post-19013","avada_portfolio","type-avada_portfolio","status-publish","format-standard","has-post-thumbnail","hentry","portfolio_category-canteras","portfolio_category-materiales","portfolio_tags-aridos"],"yoast_head":"<!-- This site is optimized with the Yoast SEO plugin v27.4 - https:\/\/yoast.com\/product\/yoast-seo-wordpress\/ -->\n<title>Canteras de Atienza - Benito Arn\u00f3<\/title>\n<meta name=\"description\" content=\"Canteras de Atienza -\" \/>\n<meta name=\"robots\" content=\"index, follow, max-snippet:-1, max-image-preview:large, max-video-preview:-1\" \/>\n<link rel=\"canonical\" href=\"https:\/\/www.arno.es\/ca\/portfolio-items\/canteras-de-atienza\/\" \/>\n<meta property=\"og:locale\" content=\"ca_ES\" \/>\n<meta property=\"og:type\" content=\"article\" \/>\n<meta property=\"og:title\" content=\"Canteras de Atienza - Benito Arn\u00f3\" \/>\n<meta property=\"og:description\" content=\"Canteras de Atienza -\" \/>\n<meta property=\"og:url\" content=\"https:\/\/www.arno.es\/ca\/portfolio-items\/canteras-de-atienza\/\" \/>\n<meta property=\"og:site_name\" content=\"Benito Arn\u00f3\" \/>\n<meta property=\"article:publisher\" content=\"https:\/\/www.facebook.com\/BenitoArno\/\" \/>\n<meta property=\"article:modified_time\" content=\"2016-11-09T12:29:50+00:00\" \/>\n<meta property=\"og:image\" content=\"https:\/\/www.arno.es\/wp-content\/uploads\/2016\/11\/Vista-General-II.jpg\" \/>\n\t<meta property=\"og:image:width\" content=\"1200\" \/>\n\t<meta property=\"og:image:height\" content=\"600\" \/>\n\t<meta property=\"og:image:type\" content=\"image\/jpeg\" \/>\n<meta name=\"twitter:card\" content=\"summary_large_image\" \/>\n<meta name=\"twitter:site\" content=\"@benito_arno\" \/>\n<meta name=\"twitter:label1\" content=\"Temps estimat de lectura\" \/>\n\t<meta name=\"twitter:data1\" content=\"4 minuts\" \/>\n<script type=\"application\/ld+json\" class=\"yoast-schema-graph\">{\"@context\":\"https:\\\/\\\/schema.org\",\"@graph\":[{\"@type\":\"WebPage\",\"@id\":\"https:\\\/\\\/www.arno.es\\\/ca\\\/portfolio-items\\\/canteras-de-atienza\\\/\",\"url\":\"https:\\\/\\\/www.arno.es\\\/ca\\\/portfolio-items\\\/canteras-de-atienza\\\/\",\"name\":\"Canteras de Atienza - Benito Arn\u00f3\",\"isPartOf\":{\"@id\":\"https:\\\/\\\/www.arno.es\\\/ca\\\/#website\"},\"primaryImageOfPage\":{\"@id\":\"https:\\\/\\\/www.arno.es\\\/ca\\\/portfolio-items\\\/canteras-de-atienza\\\/#primaryimage\"},\"image\":{\"@id\":\"https:\\\/\\\/www.arno.es\\\/ca\\\/portfolio-items\\\/canteras-de-atienza\\\/#primaryimage\"},\"thumbnailUrl\":\"https:\\\/\\\/www.arno.es\\\/wp-content\\\/uploads\\\/2016\\\/11\\\/Vista-General-II.jpg\",\"datePublished\":\"2016-11-09T11:29:50+00:00\",\"dateModified\":\"2016-11-09T12:29:50+00:00\",\"description\":\"Canteras de Atienza -\",\"breadcrumb\":{\"@id\":\"https:\\\/\\\/www.arno.es\\\/ca\\\/portfolio-items\\\/canteras-de-atienza\\\/#breadcrumb\"},\"inLanguage\":\"ca\",\"potentialAction\":[{\"@type\":\"ReadAction\",\"target\":[\"https:\\\/\\\/www.arno.es\\\/ca\\\/portfolio-items\\\/canteras-de-atienza\\\/\"]}]},{\"@type\":\"ImageObject\",\"inLanguage\":\"ca\",\"@id\":\"https:\\\/\\\/www.arno.es\\\/ca\\\/portfolio-items\\\/canteras-de-atienza\\\/#primaryimage\",\"url\":\"https:\\\/\\\/www.arno.es\\\/wp-content\\\/uploads\\\/2016\\\/11\\\/Vista-General-II.jpg\",\"contentUrl\":\"https:\\\/\\\/www.arno.es\\\/wp-content\\\/uploads\\\/2016\\\/11\\\/Vista-General-II.jpg\",\"width\":1200,\"height\":600},{\"@type\":\"BreadcrumbList\",\"@id\":\"https:\\\/\\\/www.arno.es\\\/ca\\\/portfolio-items\\\/canteras-de-atienza\\\/#breadcrumb\",\"itemListElement\":[{\"@type\":\"ListItem\",\"position\":1,\"name\":\"Portada\",\"item\":\"https:\\\/\\\/www.arno.es\\\/ca\\\/\"},{\"@type\":\"ListItem\",\"position\":2,\"name\":\"Portfolio\",\"item\":\"https:\\\/\\\/www.arno.es\\\/ca\\\/portfolio-items\\\/\"},{\"@type\":\"ListItem\",\"position\":3,\"name\":\"Canteras de Atienza\"}]},{\"@type\":\"WebSite\",\"@id\":\"https:\\\/\\\/www.arno.es\\\/ca\\\/#website\",\"url\":\"https:\\\/\\\/www.arno.es\\\/ca\\\/\",\"name\":\"Benito Arn\u00f3\",\"description\":\"[:es]Construcci\u00f3n y servicios[:ca]Construcci\u00f3 i serveis[:]\",\"publisher\":{\"@id\":\"https:\\\/\\\/www.arno.es\\\/ca\\\/#organization\"},\"potentialAction\":[{\"@type\":\"SearchAction\",\"target\":{\"@type\":\"EntryPoint\",\"urlTemplate\":\"https:\\\/\\\/www.arno.es\\\/ca\\\/?s={search_term_string}\"},\"query-input\":{\"@type\":\"PropertyValueSpecification\",\"valueRequired\":true,\"valueName\":\"search_term_string\"}}],\"inLanguage\":\"ca\"},{\"@type\":\"Organization\",\"@id\":\"https:\\\/\\\/www.arno.es\\\/ca\\\/#organization\",\"name\":\"Benito Arn\u00f3 e Hijos\",\"url\":\"https:\\\/\\\/www.arno.es\\\/ca\\\/\",\"logo\":{\"@type\":\"ImageObject\",\"inLanguage\":\"ca\",\"@id\":\"https:\\\/\\\/www.arno.es\\\/ca\\\/#\\\/schema\\\/logo\\\/image\\\/\",\"url\":\"https:\\\/\\\/www.arno.es\\\/wp-content\\\/uploads\\\/2018\\\/10\\\/ARNO-Logo-web-1.png\",\"contentUrl\":\"https:\\\/\\\/www.arno.es\\\/wp-content\\\/uploads\\\/2018\\\/10\\\/ARNO-Logo-web-1.png\",\"width\":186,\"height\":75,\"caption\":\"Benito Arn\u00f3 e Hijos\"},\"image\":{\"@id\":\"https:\\\/\\\/www.arno.es\\\/ca\\\/#\\\/schema\\\/logo\\\/image\\\/\"},\"sameAs\":[\"https:\\\/\\\/www.facebook.com\\\/BenitoArno\\\/\",\"https:\\\/\\\/x.com\\\/benito_arno\",\"https:\\\/\\\/www.instagram.com\\\/benito_arno\\\/\",\"https:\\\/\\\/www.linkedin.com\\\/company\\\/benitoarno\",\"https:\\\/\\\/www.youtube.com\\\/c\\\/benitoarno\"]}]}<\/script>\n<!-- \/ Yoast SEO plugin. -->","yoast_head_json":{"title":"Canteras de Atienza - Benito Arn\u00f3","description":"Canteras de Atienza -","robots":{"index":"index","follow":"follow","max-snippet":"max-snippet:-1","max-image-preview":"max-image-preview:large","max-video-preview":"max-video-preview:-1"},"canonical":"https:\/\/www.arno.es\/ca\/portfolio-items\/canteras-de-atienza\/","og_locale":"ca_ES","og_type":"article","og_title":"Canteras de Atienza - Benito Arn\u00f3","og_description":"Canteras de Atienza -","og_url":"https:\/\/www.arno.es\/ca\/portfolio-items\/canteras-de-atienza\/","og_site_name":"Benito Arn\u00f3","article_publisher":"https:\/\/www.facebook.com\/BenitoArno\/","article_modified_time":"2016-11-09T12:29:50+00:00","og_image":[{"width":1200,"height":600,"url":"https:\/\/www.arno.es\/wp-content\/uploads\/2016\/11\/Vista-General-II.jpg","type":"image\/jpeg"}],"twitter_card":"summary_large_image","twitter_site":"@benito_arno","twitter_misc":{"Temps estimat de lectura":"4 minuts"},"schema":{"@context":"https:\/\/schema.org","@graph":[{"@type":"WebPage","@id":"https:\/\/www.arno.es\/ca\/portfolio-items\/canteras-de-atienza\/","url":"https:\/\/www.arno.es\/ca\/portfolio-items\/canteras-de-atienza\/","name":"Canteras de Atienza - Benito Arn\u00f3","isPartOf":{"@id":"https:\/\/www.arno.es\/ca\/#website"},"primaryImageOfPage":{"@id":"https:\/\/www.arno.es\/ca\/portfolio-items\/canteras-de-atienza\/#primaryimage"},"image":{"@id":"https:\/\/www.arno.es\/ca\/portfolio-items\/canteras-de-atienza\/#primaryimage"},"thumbnailUrl":"https:\/\/www.arno.es\/wp-content\/uploads\/2016\/11\/Vista-General-II.jpg","datePublished":"2016-11-09T11:29:50+00:00","dateModified":"2016-11-09T12:29:50+00:00","description":"Canteras de Atienza -","breadcrumb":{"@id":"https:\/\/www.arno.es\/ca\/portfolio-items\/canteras-de-atienza\/#breadcrumb"},"inLanguage":"ca","potentialAction":[{"@type":"ReadAction","target":["https:\/\/www.arno.es\/ca\/portfolio-items\/canteras-de-atienza\/"]}]},{"@type":"ImageObject","inLanguage":"ca","@id":"https:\/\/www.arno.es\/ca\/portfolio-items\/canteras-de-atienza\/#primaryimage","url":"https:\/\/www.arno.es\/wp-content\/uploads\/2016\/11\/Vista-General-II.jpg","contentUrl":"https:\/\/www.arno.es\/wp-content\/uploads\/2016\/11\/Vista-General-II.jpg","width":1200,"height":600},{"@type":"BreadcrumbList","@id":"https:\/\/www.arno.es\/ca\/portfolio-items\/canteras-de-atienza\/#breadcrumb","itemListElement":[{"@type":"ListItem","position":1,"name":"Portada","item":"https:\/\/www.arno.es\/ca\/"},{"@type":"ListItem","position":2,"name":"Portfolio","item":"https:\/\/www.arno.es\/ca\/portfolio-items\/"},{"@type":"ListItem","position":3,"name":"Canteras de Atienza"}]},{"@type":"WebSite","@id":"https:\/\/www.arno.es\/ca\/#website","url":"https:\/\/www.arno.es\/ca\/","name":"Benito Arn\u00f3","description":"[:es]Construcci\u00f3n y servicios[:ca]Construcci\u00f3 i serveis[:]","publisher":{"@id":"https:\/\/www.arno.es\/ca\/#organization"},"potentialAction":[{"@type":"SearchAction","target":{"@type":"EntryPoint","urlTemplate":"https:\/\/www.arno.es\/ca\/?s={search_term_string}"},"query-input":{"@type":"PropertyValueSpecification","valueRequired":true,"valueName":"search_term_string"}}],"inLanguage":"ca"},{"@type":"Organization","@id":"https:\/\/www.arno.es\/ca\/#organization","name":"Benito Arn\u00f3 e Hijos","url":"https:\/\/www.arno.es\/ca\/","logo":{"@type":"ImageObject","inLanguage":"ca","@id":"https:\/\/www.arno.es\/ca\/#\/schema\/logo\/image\/","url":"https:\/\/www.arno.es\/wp-content\/uploads\/2018\/10\/ARNO-Logo-web-1.png","contentUrl":"https:\/\/www.arno.es\/wp-content\/uploads\/2018\/10\/ARNO-Logo-web-1.png","width":186,"height":75,"caption":"Benito Arn\u00f3 e Hijos"},"image":{"@id":"https:\/\/www.arno.es\/ca\/#\/schema\/logo\/image\/"},"sameAs":["https:\/\/www.facebook.com\/BenitoArno\/","https:\/\/x.com\/benito_arno","https:\/\/www.instagram.com\/benito_arno\/","https:\/\/www.linkedin.com\/company\/benitoarno","https:\/\/www.youtube.com\/c\/benitoarno"]}]}},"_links":{"self":[{"href":"https:\/\/www.arno.es\/ca\/wp-json\/wp\/v2\/avada_portfolio\/19013","targetHints":{"allow":["GET"]}}],"collection":[{"href":"https:\/\/www.arno.es\/ca\/wp-json\/wp\/v2\/avada_portfolio"}],"about":[{"href":"https:\/\/www.arno.es\/ca\/wp-json\/wp\/v2\/types\/avada_portfolio"}],"author":[{"embeddable":true,"href":"https:\/\/www.arno.es\/ca\/wp-json\/wp\/v2\/users\/11"}],"replies":[{"embeddable":true,"href":"https:\/\/www.arno.es\/ca\/wp-json\/wp\/v2\/comments?post=19013"}],"version-history":[{"count":0,"href":"https:\/\/www.arno.es\/ca\/wp-json\/wp\/v2\/avada_portfolio\/19013\/revisions"}],"wp:featuredmedia":[{"embeddable":true,"href":"https:\/\/www.arno.es\/ca\/wp-json\/wp\/v2\/media\/17332"}],"wp:attachment":[{"href":"https:\/\/www.arno.es\/ca\/wp-json\/wp\/v2\/media?parent=19013"}],"wp:term":[{"taxonomy":"portfolio_category","embeddable":true,"href":"https:\/\/www.arno.es\/ca\/wp-json\/wp\/v2\/portfolio_category?post=19013"},{"taxonomy":"portfolio_skills","embeddable":true,"href":"https:\/\/www.arno.es\/ca\/wp-json\/wp\/v2\/portfolio_skills?post=19013"},{"taxonomy":"portfolio_tags","embeddable":true,"href":"https:\/\/www.arno.es\/ca\/wp-json\/wp\/v2\/portfolio_tags?post=19013"}],"curies":[{"name":"wp","href":"https:\/\/api.w.org\/{rel}","templated":true}]}}