{"id":19258,"date":"2017-02-10T10:24:26","date_gmt":"2017-02-10T09:24:26","guid":{"rendered":"https:\/\/www.arno.es\/portfolio-items\/almacen-industrial-y-oficinas-asg-tarrega-lleida\/"},"modified":"2017-02-10T10:24:26","modified_gmt":"2017-02-10T10:24:26","slug":"almacen-industrial-y-oficinas-asg-tarrega-lleida","status":"publish","type":"avada_portfolio","link":"https:\/\/www.arno.es\/ca\/portfolio-items\/almacen-industrial-y-oficinas-asg-tarrega-lleida\/","title":{"rendered":"Almac\u00e9n industrial y oficinas ASG (T\u00e1rrega, Lleida)"},"content":{"rendered":"<div class=\"fusion-fullwidth fullwidth-box fusion-builder-row-1 fusion-flex-container nonhundred-percent-fullwidth non-hundred-percent-height-scrolling\" style=\"--awb-border-radius-top-left:0px;--awb-border-radius-top-right:0px;--awb-border-radius-bottom-right:0px;--awb-border-radius-bottom-left:0px;--awb-padding-top:20px;--awb-padding-bottom:20px;--awb-flex-wrap:wrap;\" ><div class=\"fusion-builder-row fusion-row fusion-flex-align-items-flex-start fusion-flex-content-wrap\" style=\"max-width:calc( 1170px + 0px );margin-left: calc(-0px \/ 2 );margin-right: calc(-0px \/ 2 );\"><div class=\"fusion-layout-column fusion_builder_column fusion-builder-column-0 fusion_builder_column_1_1 1_1 fusion-flex-column\" style=\"--awb-bg-size:cover;--awb-width-large:100%;--awb-margin-top-large:0px;--awb-spacing-right-large:0px;--awb-margin-bottom-large:0px;--awb-spacing-left-large:0px;--awb-width-medium:100%;--awb-spacing-right-medium:0px;--awb-spacing-left-medium:0px;--awb-width-small:100%;--awb-spacing-right-small:0px;--awb-spacing-left-small:0px;\"><div class=\"fusion-column-wrapper fusion-flex-justify-content-flex-start fusion-content-layout-column\"><div class=\"fusion-text fusion-text-1\"><h2>Magatzem industrial i oficines ASG (T\u00e0rrega, Lleida)<\/h2>\n<p>&nbsp;<br \/>\n&nbsp;<\/p>\n<\/div><div class=\"fusion-text fusion-text-2\"><p>Construcci\u00f3 de l&#8217;edifici d&#8217;oficines d&#8217;ASG (Aig\u00fces Segarra-Garrigues) al pol\u00edgono La Canaleta II de T\u00e0rrega (Lleida). Execuci\u00f3 d&#8217;establiment industrial de magatzem i oficines per ASG S.A. mitjan\u00e7ant estructura i fa\u00e7ana prefabricada de formig\u00f3 armat.<br \/>\n<strong>Superf\u00edcie:<\/strong> 3.532,66 m2<br \/>\n<strong>Client:<\/strong>\u00a0Aig\u00fces Segarra-Garrigues\u00a0(ASG)<br \/>\n<strong>Pressupost:<\/strong>\u00a01,26 M\u20ac<br \/>\n<strong>Data:<\/strong> 2012-2012<\/p>\n<\/div><div class=\"fusion-image-carousel fusion-image-carousel-auto fusion-image-carousel-1 fusion-carousel-border\"><div class=\"awb-carousel awb-swiper awb-swiper-carousel awb-carousel--carousel awb-swiper-dots-position-bottom\" data-layout=\"carousel\" data-autoplay=\"no\" data-autoplayspeed=\"2500\" data-autoplaypause=\"no\" data-columns=\"2\" data-columnsmedium=\"1\" data-columnssmall=\"1\" data-itemmargin=\"13\" data-itemwidth=\"180\" data-touchscroll=\"no\" data-freemode=\"no\" data-imagesize=\"auto\" data-scrollitems=\"0\" data-centeredslides=\"no\" data-rotationangle=\"50\" data-depth=\"100\" data-speed=\"500\" data-shadow=\"no\" data-pagination=\"bullets\" style=\"--awb-columns:2;--awb-border-width:1px;--awb-border-color:#e9eaee;\"><div class=\"swiper-wrapper awb-image-carousel-wrapper fusion-flex-align-items-center\"><div class=\"swiper-slide\"><div class=\"fusion-carousel-item-wrapper\"><div class=\"fusion-image-wrapper hover-type-none\"><img decoding=\"async\" width=\"1000\" height=\"600\" src=\"https:\/\/www.arno.es\/wp-content\/uploads\/2017\/04\/Oficines-i-magatzems-ASG-Tarrega-Lleida-Arno-01.png\" class=\"attachment-full size-full\" alt=\"\" srcset=\"https:\/\/www.arno.es\/wp-content\/uploads\/2017\/04\/Oficines-i-magatzems-ASG-Tarrega-Lleida-Arno-01-200x120.png 200w, https:\/\/www.arno.es\/wp-content\/uploads\/2017\/04\/Oficines-i-magatzems-ASG-Tarrega-Lleida-Arno-01-400x240.png 400w, https:\/\/www.arno.es\/wp-content\/uploads\/2017\/04\/Oficines-i-magatzems-ASG-Tarrega-Lleida-Arno-01-600x360.png 600w, https:\/\/www.arno.es\/wp-content\/uploads\/2017\/04\/Oficines-i-magatzems-ASG-Tarrega-Lleida-Arno-01-800x480.png 800w, https:\/\/www.arno.es\/wp-content\/uploads\/2017\/04\/Oficines-i-magatzems-ASG-Tarrega-Lleida-Arno-01.png 1000w\" sizes=\"(min-width: 2200px) 100vw, (min-width: 732px) 579px, (min-width: 640px) 732px, \" \/><\/div><\/div><\/div><div class=\"swiper-slide\"><div class=\"fusion-carousel-item-wrapper\"><div class=\"fusion-image-wrapper hover-type-none\"><img decoding=\"async\" width=\"1000\" height=\"600\" src=\"https:\/\/www.arno.es\/wp-content\/uploads\/2017\/04\/Oficines-i-magatzems-ASG-Tarrega-Lleida-Arno-02.png\" class=\"attachment-full size-full\" alt=\"\" srcset=\"https:\/\/www.arno.es\/wp-content\/uploads\/2017\/04\/Oficines-i-magatzems-ASG-Tarrega-Lleida-Arno-02-200x120.png 200w, https:\/\/www.arno.es\/wp-content\/uploads\/2017\/04\/Oficines-i-magatzems-ASG-Tarrega-Lleida-Arno-02-400x240.png 400w, https:\/\/www.arno.es\/wp-content\/uploads\/2017\/04\/Oficines-i-magatzems-ASG-Tarrega-Lleida-Arno-02-600x360.png 600w, https:\/\/www.arno.es\/wp-content\/uploads\/2017\/04\/Oficines-i-magatzems-ASG-Tarrega-Lleida-Arno-02-800x480.png 800w, https:\/\/www.arno.es\/wp-content\/uploads\/2017\/04\/Oficines-i-magatzems-ASG-Tarrega-Lleida-Arno-02.png 1000w\" sizes=\"(min-width: 2200px) 100vw, (min-width: 732px) 579px, (min-width: 640px) 732px, \" \/><\/div><\/div><\/div><\/div><div class=\"awb-swiper-button awb-swiper-button-prev\"><i class=\"awb-icon-angle-left\" aria-hidden=\"true\"><\/i><\/div><div class=\"awb-swiper-button awb-swiper-button-next\"><i class=\"awb-icon-angle-right\" aria-hidden=\"true\"><\/i><\/div><\/div><\/div><\/div><\/div><\/div><\/div>\n","protected":false},"excerpt":{"rendered":"","protected":false},"author":11,"featured_media":17509,"menu_order":0,"comment_status":"open","ping_status":"closed","template":"","format":"standard","meta":{"footnotes":""},"portfolio_category":[5],"portfolio_skills":[],"portfolio_tags":[],"class_list":["post-19258","avada_portfolio","type-avada_portfolio","status-publish","format-standard","has-post-thumbnail","hentry","portfolio_category-edificacion"],"yoast_head":"<!-- This site is optimized with the Yoast SEO plugin v27.4 - https:\/\/yoast.com\/product\/yoast-seo-wordpress\/ -->\n<title>Almac\u00e9n industrial y oficinas ASG (T\u00e1rrega, Lleida) - Benito Arn\u00f3<\/title>\n<meta name=\"description\" content=\"Almac\u00e9n industrial y oficinas ASG (T\u00e1rrega, Lleida) -\" \/>\n<meta name=\"robots\" content=\"index, follow, max-snippet:-1, max-image-preview:large, max-video-preview:-1\" \/>\n<link rel=\"canonical\" href=\"https:\/\/www.arno.es\/ca\/portfolio-items\/almacen-industrial-y-oficinas-asg-tarrega-lleida\/\" \/>\n<meta property=\"og:locale\" content=\"ca_ES\" \/>\n<meta property=\"og:type\" content=\"article\" \/>\n<meta property=\"og:title\" content=\"Almac\u00e9n industrial y oficinas ASG (T\u00e1rrega, Lleida) - Benito Arn\u00f3\" \/>\n<meta property=\"og:description\" content=\"Almac\u00e9n industrial y oficinas ASG (T\u00e1rrega, Lleida) -\" \/>\n<meta property=\"og:url\" content=\"https:\/\/www.arno.es\/ca\/portfolio-items\/almacen-industrial-y-oficinas-asg-tarrega-lleida\/\" \/>\n<meta property=\"og:site_name\" content=\"Benito Arn\u00f3\" \/>\n<meta property=\"article:publisher\" content=\"https:\/\/www.facebook.com\/BenitoArno\/\" \/>\n<meta property=\"article:modified_time\" content=\"2017-02-10T10:24:26+00:00\" \/>\n<meta property=\"og:image\" content=\"https:\/\/www.arno.es\/wp-content\/uploads\/2017\/04\/Oficines-i-magatzems-ASG-Tarrega-Lleida-Arno-01.png\" \/>\n\t<meta property=\"og:image:width\" content=\"1000\" \/>\n\t<meta property=\"og:image:height\" content=\"600\" \/>\n\t<meta property=\"og:image:type\" content=\"image\/png\" \/>\n<meta name=\"twitter:card\" content=\"summary_large_image\" \/>\n<meta name=\"twitter:site\" content=\"@benito_arno\" \/>\n<meta name=\"twitter:label1\" content=\"Temps estimat de lectura\" \/>\n\t<meta name=\"twitter:data1\" content=\"1 minut\" \/>\n<script type=\"application\/ld+json\" class=\"yoast-schema-graph\">{\"@context\":\"https:\\\/\\\/schema.org\",\"@graph\":[{\"@type\":\"WebPage\",\"@id\":\"https:\\\/\\\/www.arno.es\\\/ca\\\/portfolio-items\\\/almacen-industrial-y-oficinas-asg-tarrega-lleida\\\/\",\"url\":\"https:\\\/\\\/www.arno.es\\\/ca\\\/portfolio-items\\\/almacen-industrial-y-oficinas-asg-tarrega-lleida\\\/\",\"name\":\"Almac\u00e9n industrial y oficinas ASG (T\u00e1rrega, Lleida) - Benito Arn\u00f3\",\"isPartOf\":{\"@id\":\"https:\\\/\\\/www.arno.es\\\/ca\\\/#website\"},\"primaryImageOfPage\":{\"@id\":\"https:\\\/\\\/www.arno.es\\\/ca\\\/portfolio-items\\\/almacen-industrial-y-oficinas-asg-tarrega-lleida\\\/#primaryimage\"},\"image\":{\"@id\":\"https:\\\/\\\/www.arno.es\\\/ca\\\/portfolio-items\\\/almacen-industrial-y-oficinas-asg-tarrega-lleida\\\/#primaryimage\"},\"thumbnailUrl\":\"https:\\\/\\\/www.arno.es\\\/wp-content\\\/uploads\\\/2017\\\/04\\\/Oficines-i-magatzems-ASG-Tarrega-Lleida-Arno-01.png\",\"datePublished\":\"2017-02-10T09:24:26+00:00\",\"dateModified\":\"2017-02-10T10:24:26+00:00\",\"description\":\"Almac\u00e9n industrial y oficinas ASG (T\u00e1rrega, Lleida) -\",\"breadcrumb\":{\"@id\":\"https:\\\/\\\/www.arno.es\\\/ca\\\/portfolio-items\\\/almacen-industrial-y-oficinas-asg-tarrega-lleida\\\/#breadcrumb\"},\"inLanguage\":\"ca\",\"potentialAction\":[{\"@type\":\"ReadAction\",\"target\":[\"https:\\\/\\\/www.arno.es\\\/ca\\\/portfolio-items\\\/almacen-industrial-y-oficinas-asg-tarrega-lleida\\\/\"]}]},{\"@type\":\"ImageObject\",\"inLanguage\":\"ca\",\"@id\":\"https:\\\/\\\/www.arno.es\\\/ca\\\/portfolio-items\\\/almacen-industrial-y-oficinas-asg-tarrega-lleida\\\/#primaryimage\",\"url\":\"https:\\\/\\\/www.arno.es\\\/wp-content\\\/uploads\\\/2017\\\/04\\\/Oficines-i-magatzems-ASG-Tarrega-Lleida-Arno-01.png\",\"contentUrl\":\"https:\\\/\\\/www.arno.es\\\/wp-content\\\/uploads\\\/2017\\\/04\\\/Oficines-i-magatzems-ASG-Tarrega-Lleida-Arno-01.png\",\"width\":1000,\"height\":600},{\"@type\":\"BreadcrumbList\",\"@id\":\"https:\\\/\\\/www.arno.es\\\/ca\\\/portfolio-items\\\/almacen-industrial-y-oficinas-asg-tarrega-lleida\\\/#breadcrumb\",\"itemListElement\":[{\"@type\":\"ListItem\",\"position\":1,\"name\":\"Portada\",\"item\":\"https:\\\/\\\/www.arno.es\\\/ca\\\/\"},{\"@type\":\"ListItem\",\"position\":2,\"name\":\"Portfolio\",\"item\":\"https:\\\/\\\/www.arno.es\\\/ca\\\/portfolio-items\\\/\"},{\"@type\":\"ListItem\",\"position\":3,\"name\":\"Almac\u00e9n industrial y oficinas ASG (T\u00e1rrega, Lleida)\"}]},{\"@type\":\"WebSite\",\"@id\":\"https:\\\/\\\/www.arno.es\\\/ca\\\/#website\",\"url\":\"https:\\\/\\\/www.arno.es\\\/ca\\\/\",\"name\":\"Benito Arn\u00f3\",\"description\":\"[:es]Construcci\u00f3n y servicios[:ca]Construcci\u00f3 i serveis[:]\",\"publisher\":{\"@id\":\"https:\\\/\\\/www.arno.es\\\/ca\\\/#organization\"},\"potentialAction\":[{\"@type\":\"SearchAction\",\"target\":{\"@type\":\"EntryPoint\",\"urlTemplate\":\"https:\\\/\\\/www.arno.es\\\/ca\\\/?s={search_term_string}\"},\"query-input\":{\"@type\":\"PropertyValueSpecification\",\"valueRequired\":true,\"valueName\":\"search_term_string\"}}],\"inLanguage\":\"ca\"},{\"@type\":\"Organization\",\"@id\":\"https:\\\/\\\/www.arno.es\\\/ca\\\/#organization\",\"name\":\"Benito Arn\u00f3 e Hijos\",\"url\":\"https:\\\/\\\/www.arno.es\\\/ca\\\/\",\"logo\":{\"@type\":\"ImageObject\",\"inLanguage\":\"ca\",\"@id\":\"https:\\\/\\\/www.arno.es\\\/ca\\\/#\\\/schema\\\/logo\\\/image\\\/\",\"url\":\"https:\\\/\\\/www.arno.es\\\/wp-content\\\/uploads\\\/2018\\\/10\\\/ARNO-Logo-web-1.png\",\"contentUrl\":\"https:\\\/\\\/www.arno.es\\\/wp-content\\\/uploads\\\/2018\\\/10\\\/ARNO-Logo-web-1.png\",\"width\":186,\"height\":75,\"caption\":\"Benito Arn\u00f3 e Hijos\"},\"image\":{\"@id\":\"https:\\\/\\\/www.arno.es\\\/ca\\\/#\\\/schema\\\/logo\\\/image\\\/\"},\"sameAs\":[\"https:\\\/\\\/www.facebook.com\\\/BenitoArno\\\/\",\"https:\\\/\\\/x.com\\\/benito_arno\",\"https:\\\/\\\/www.instagram.com\\\/benito_arno\\\/\",\"https:\\\/\\\/www.linkedin.com\\\/company\\\/benitoarno\",\"https:\\\/\\\/www.youtube.com\\\/c\\\/benitoarno\"]}]}<\/script>\n<!-- \/ Yoast SEO plugin. -->","yoast_head_json":{"title":"Almac\u00e9n industrial y oficinas ASG (T\u00e1rrega, Lleida) - Benito Arn\u00f3","description":"Almac\u00e9n industrial y oficinas ASG (T\u00e1rrega, Lleida) -","robots":{"index":"index","follow":"follow","max-snippet":"max-snippet:-1","max-image-preview":"max-image-preview:large","max-video-preview":"max-video-preview:-1"},"canonical":"https:\/\/www.arno.es\/ca\/portfolio-items\/almacen-industrial-y-oficinas-asg-tarrega-lleida\/","og_locale":"ca_ES","og_type":"article","og_title":"Almac\u00e9n industrial y oficinas ASG (T\u00e1rrega, Lleida) - Benito Arn\u00f3","og_description":"Almac\u00e9n industrial y oficinas ASG (T\u00e1rrega, Lleida) -","og_url":"https:\/\/www.arno.es\/ca\/portfolio-items\/almacen-industrial-y-oficinas-asg-tarrega-lleida\/","og_site_name":"Benito Arn\u00f3","article_publisher":"https:\/\/www.facebook.com\/BenitoArno\/","article_modified_time":"2017-02-10T10:24:26+00:00","og_image":[{"width":1000,"height":600,"url":"https:\/\/www.arno.es\/wp-content\/uploads\/2017\/04\/Oficines-i-magatzems-ASG-Tarrega-Lleida-Arno-01.png","type":"image\/png"}],"twitter_card":"summary_large_image","twitter_site":"@benito_arno","twitter_misc":{"Temps estimat de lectura":"1 minut"},"schema":{"@context":"https:\/\/schema.org","@graph":[{"@type":"WebPage","@id":"https:\/\/www.arno.es\/ca\/portfolio-items\/almacen-industrial-y-oficinas-asg-tarrega-lleida\/","url":"https:\/\/www.arno.es\/ca\/portfolio-items\/almacen-industrial-y-oficinas-asg-tarrega-lleida\/","name":"Almac\u00e9n industrial y oficinas ASG (T\u00e1rrega, Lleida) - Benito Arn\u00f3","isPartOf":{"@id":"https:\/\/www.arno.es\/ca\/#website"},"primaryImageOfPage":{"@id":"https:\/\/www.arno.es\/ca\/portfolio-items\/almacen-industrial-y-oficinas-asg-tarrega-lleida\/#primaryimage"},"image":{"@id":"https:\/\/www.arno.es\/ca\/portfolio-items\/almacen-industrial-y-oficinas-asg-tarrega-lleida\/#primaryimage"},"thumbnailUrl":"https:\/\/www.arno.es\/wp-content\/uploads\/2017\/04\/Oficines-i-magatzems-ASG-Tarrega-Lleida-Arno-01.png","datePublished":"2017-02-10T09:24:26+00:00","dateModified":"2017-02-10T10:24:26+00:00","description":"Almac\u00e9n industrial y oficinas ASG (T\u00e1rrega, Lleida) -","breadcrumb":{"@id":"https:\/\/www.arno.es\/ca\/portfolio-items\/almacen-industrial-y-oficinas-asg-tarrega-lleida\/#breadcrumb"},"inLanguage":"ca","potentialAction":[{"@type":"ReadAction","target":["https:\/\/www.arno.es\/ca\/portfolio-items\/almacen-industrial-y-oficinas-asg-tarrega-lleida\/"]}]},{"@type":"ImageObject","inLanguage":"ca","@id":"https:\/\/www.arno.es\/ca\/portfolio-items\/almacen-industrial-y-oficinas-asg-tarrega-lleida\/#primaryimage","url":"https:\/\/www.arno.es\/wp-content\/uploads\/2017\/04\/Oficines-i-magatzems-ASG-Tarrega-Lleida-Arno-01.png","contentUrl":"https:\/\/www.arno.es\/wp-content\/uploads\/2017\/04\/Oficines-i-magatzems-ASG-Tarrega-Lleida-Arno-01.png","width":1000,"height":600},{"@type":"BreadcrumbList","@id":"https:\/\/www.arno.es\/ca\/portfolio-items\/almacen-industrial-y-oficinas-asg-tarrega-lleida\/#breadcrumb","itemListElement":[{"@type":"ListItem","position":1,"name":"Portada","item":"https:\/\/www.arno.es\/ca\/"},{"@type":"ListItem","position":2,"name":"Portfolio","item":"https:\/\/www.arno.es\/ca\/portfolio-items\/"},{"@type":"ListItem","position":3,"name":"Almac\u00e9n industrial y oficinas ASG (T\u00e1rrega, Lleida)"}]},{"@type":"WebSite","@id":"https:\/\/www.arno.es\/ca\/#website","url":"https:\/\/www.arno.es\/ca\/","name":"Benito Arn\u00f3","description":"[:es]Construcci\u00f3n y servicios[:ca]Construcci\u00f3 i serveis[:]","publisher":{"@id":"https:\/\/www.arno.es\/ca\/#organization"},"potentialAction":[{"@type":"SearchAction","target":{"@type":"EntryPoint","urlTemplate":"https:\/\/www.arno.es\/ca\/?s={search_term_string}"},"query-input":{"@type":"PropertyValueSpecification","valueRequired":true,"valueName":"search_term_string"}}],"inLanguage":"ca"},{"@type":"Organization","@id":"https:\/\/www.arno.es\/ca\/#organization","name":"Benito Arn\u00f3 e Hijos","url":"https:\/\/www.arno.es\/ca\/","logo":{"@type":"ImageObject","inLanguage":"ca","@id":"https:\/\/www.arno.es\/ca\/#\/schema\/logo\/image\/","url":"https:\/\/www.arno.es\/wp-content\/uploads\/2018\/10\/ARNO-Logo-web-1.png","contentUrl":"https:\/\/www.arno.es\/wp-content\/uploads\/2018\/10\/ARNO-Logo-web-1.png","width":186,"height":75,"caption":"Benito Arn\u00f3 e Hijos"},"image":{"@id":"https:\/\/www.arno.es\/ca\/#\/schema\/logo\/image\/"},"sameAs":["https:\/\/www.facebook.com\/BenitoArno\/","https:\/\/x.com\/benito_arno","https:\/\/www.instagram.com\/benito_arno\/","https:\/\/www.linkedin.com\/company\/benitoarno","https:\/\/www.youtube.com\/c\/benitoarno"]}]}},"_links":{"self":[{"href":"https:\/\/www.arno.es\/ca\/wp-json\/wp\/v2\/avada_portfolio\/19258","targetHints":{"allow":["GET"]}}],"collection":[{"href":"https:\/\/www.arno.es\/ca\/wp-json\/wp\/v2\/avada_portfolio"}],"about":[{"href":"https:\/\/www.arno.es\/ca\/wp-json\/wp\/v2\/types\/avada_portfolio"}],"author":[{"embeddable":true,"href":"https:\/\/www.arno.es\/ca\/wp-json\/wp\/v2\/users\/11"}],"replies":[{"embeddable":true,"href":"https:\/\/www.arno.es\/ca\/wp-json\/wp\/v2\/comments?post=19258"}],"version-history":[{"count":0,"href":"https:\/\/www.arno.es\/ca\/wp-json\/wp\/v2\/avada_portfolio\/19258\/revisions"}],"wp:featuredmedia":[{"embeddable":true,"href":"https:\/\/www.arno.es\/ca\/wp-json\/wp\/v2\/media\/17509"}],"wp:attachment":[{"href":"https:\/\/www.arno.es\/ca\/wp-json\/wp\/v2\/media?parent=19258"}],"wp:term":[{"taxonomy":"portfolio_category","embeddable":true,"href":"https:\/\/www.arno.es\/ca\/wp-json\/wp\/v2\/portfolio_category?post=19258"},{"taxonomy":"portfolio_skills","embeddable":true,"href":"https:\/\/www.arno.es\/ca\/wp-json\/wp\/v2\/portfolio_skills?post=19258"},{"taxonomy":"portfolio_tags","embeddable":true,"href":"https:\/\/www.arno.es\/ca\/wp-json\/wp\/v2\/portfolio_tags?post=19258"}],"curies":[{"name":"wp","href":"https:\/\/api.w.org\/{rel}","templated":true}]}}