{"id":19370,"date":"2024-03-15T14:12:32","date_gmt":"2024-03-15T13:12:32","guid":{"rendered":"https:\/\/www.arno.es\/portfolio-items\/projecte-per-a-la-reutilitzacio-a-baixes-temperatures-de-barreges-bituminosos-a-les-centrals-de-lleida-i-tarragona\/"},"modified":"2024-03-15T14:12:32","modified_gmt":"2024-03-15T12:12:32","slug":"projecte-per-a-la-reutilitzacio-a-baixes-temperatures-de-barreges-bituminosos-a-les-centrals-de-lleida-i-tarragona","status":"publish","type":"avada_portfolio","link":"https:\/\/www.arno.es\/ca\/portfolio-items\/projecte-per-a-la-reutilitzacio-a-baixes-temperatures-de-barreges-bituminosos-a-les-centrals-de-lleida-i-tarragona\/","title":{"rendered":"Projecte per a la reutilitzaci\u00f3 a baixes temperatures de barreges bituminosos a les centrals de Lleida i Tarragona"},"content":{"rendered":"<p><div class=\"fusion-fullwidth fullwidth-box fusion-builder-row-1 fusion-flex-container nonhundred-percent-fullwidth non-hundred-percent-height-scrolling\" style=\"--awb-border-radius-top-left:0px;--awb-border-radius-top-right:0px;--awb-border-radius-bottom-right:0px;--awb-border-radius-bottom-left:0px;--awb-padding-top:20px;--awb-padding-bottom:20px;--awb-flex-wrap:wrap;\" ><div class=\"fusion-builder-row fusion-row fusion-flex-align-items-flex-start fusion-flex-content-wrap\" style=\"max-width:1216.8px;margin-left: calc(-4% \/ 2 );margin-right: calc(-4% \/ 2 );\"><div class=\"fusion-layout-column fusion_builder_column fusion-builder-column-0 fusion_builder_column_1_1 1_1 fusion-flex-column\" style=\"--awb-bg-size:cover;--awb-width-large:100%;--awb-margin-top-large:0px;--awb-spacing-right-large:1.92%;--awb-margin-bottom-large:0px;--awb-spacing-left-large:1.92%;--awb-width-medium:100%;--awb-spacing-right-medium:1.92%;--awb-spacing-left-medium:1.92%;--awb-width-small:100%;--awb-spacing-right-small:1.92%;--awb-spacing-left-small:1.92%;\"><div class=\"fusion-column-wrapper fusion-flex-justify-content-flex-start fusion-content-layout-column\"><div class=\"fusion-text fusion-text-1\"><h2>Projecte per a la reutilitzaci\u00f3 a baixes temperatures de barreges bituminosos a les centrals de Lleida i Tarragona<\/h2>\n<\/div><div class=\"fusion-text fusion-text-2\"><p>ARN\u00d3 continua el seu comprom\u00eds amb la modernitzaci\u00f3 de les centrals de fabricaci\u00f3, enfocant-se a millorar l&#8217;efici\u00e8ncia energ\u00e8tica, augmentar les taxes de reutilitzaci\u00f3 per a la producci\u00f3 de noves barreges bituminoses, reduir les temperatures de fabricaci\u00f3 i simplificar l&#8217;aprofitament de residus i subproductes. Recentment, el gener del 2024, s&#8217;ha finalitzat la instal\u00b7laci\u00f3 d&#8217;una segona l\u00ednia de reciclatge a la central AMMANN SB 280, ubicada a Alguaire (Lleida). A m\u00e9s, s&#8217;estan duent a terme feines per adaptar la central de Tarragona i per implementar noves instal\u00b7lacions destinades al tractament i protecci\u00f3 de RA (barreges bituminoses recuperades de paviments envellits).<\/p>\n<p>Aquestes accions formen part d\u201fun projecte finan\u00e7at amb un pressupost de 1.875.758 \u20ac, recolzat pel Programa de Suport al Transport Sostenible i Digital, en concurr\u00e8ncia competitiva, en el marc del Pla de Recuperaci\u00f3 i Resili\u00e8ncia de l\u201fEconomia, finan\u00e7at per la Uni\u00f3 Europea a trav\u00e9s dels fons Next Generation. Iniciat el gener del 2023, s&#8217;espera que el projecte conclogui el 2024.<\/p>\n<p>Gr\u00e0cies a les inversions realitzades fins ara, la central de Lleida ha aconseguit assolir taxes de reutilitzaci\u00f3 del 65%, amb la capacitat de processar fins a 180 t\/h de RA. Aix\u00f2 la posiciona com la major instal\u00b7laci\u00f3 de reutilitzaci\u00f3 de RA a Catalunya i una de les de m\u00e9s capacitat a tot Espanya.<\/p>\n<\/div><\/div><\/div><\/div><\/div><div class=\"fusion-fullwidth fullwidth-box fusion-builder-row-2 fusion-flex-container has-pattern-background has-mask-background nonhundred-percent-fullwidth non-hundred-percent-height-scrolling\" style=\"--awb-border-radius-top-left:0px;--awb-border-radius-top-right:0px;--awb-border-radius-bottom-right:0px;--awb-border-radius-bottom-left:0px;--awb-flex-wrap:wrap;\" ><div class=\"fusion-builder-row fusion-row fusion-flex-align-items-flex-start fusion-flex-content-wrap\" style=\"max-width:1216.8px;margin-left: calc(-4% \/ 2 );margin-right: calc(-4% \/ 2 );\"><div class=\"fusion-layout-column fusion_builder_column fusion-builder-column-1 fusion_builder_column_1_3 1_3 fusion-flex-column fusion-flex-align-self-center\" style=\"--awb-bg-size:cover;--awb-width-large:33.333333333333%;--awb-margin-top-large:0px;--awb-spacing-right-large:5.76%;--awb-margin-bottom-large:0px;--awb-spacing-left-large:5.76%;--awb-width-medium:33.333333333333%;--awb-order-medium:0;--awb-spacing-right-medium:5.76%;--awb-spacing-left-medium:5.76%;--awb-width-small:100%;--awb-order-small:0;--awb-spacing-right-small:1.92%;--awb-spacing-left-small:1.92%;\" data-scroll-devices=\"small-visibility,medium-visibility,large-visibility\"><div class=\"fusion-column-wrapper fusion-column-has-shadow fusion-flex-justify-content-center fusion-content-layout-column\"><div class=\"fusion-image-element \" style=\"--awb-caption-title-font-family:var(--h2_typography-font-family);--awb-caption-title-font-weight:var(--h2_typography-font-weight);--awb-caption-title-font-style:var(--h2_typography-font-style);--awb-caption-title-size:var(--h2_typography-font-size);--awb-caption-title-transform:var(--h2_typography-text-transform);--awb-caption-title-line-height:var(--h2_typography-line-height);--awb-caption-title-letter-spacing:var(--h2_typography-letter-spacing);\"><span class=\" fusion-imageframe imageframe-none imageframe-1 hover-type-none\"><img decoding=\"async\" width=\"300\" height=\"79\" title=\"ministerio\" src=\"https:\/\/www.arno.es\/wp-content\/uploads\/2024\/03\/ministerio-300x79.png\" alt class=\"img-responsive wp-image-19167\" srcset=\"https:\/\/www.arno.es\/wp-content\/uploads\/2024\/03\/ministerio-200x52.png 200w, https:\/\/www.arno.es\/wp-content\/uploads\/2024\/03\/ministerio-400x105.png 400w, https:\/\/www.arno.es\/wp-content\/uploads\/2024\/03\/ministerio.png 439w\" sizes=\"(max-width: 640px) 100vw, 400px\" \/><\/span><\/div><\/div><\/div><div class=\"fusion-layout-column fusion_builder_column fusion-builder-column-2 fusion_builder_column_1_3 1_3 fusion-flex-column fusion-flex-align-self-center\" style=\"--awb-bg-size:cover;--awb-width-large:33.333333333333%;--awb-margin-top-large:0px;--awb-spacing-right-large:5.76%;--awb-margin-bottom-large:0px;--awb-spacing-left-large:5.76%;--awb-width-medium:33.333333333333%;--awb-order-medium:0;--awb-spacing-right-medium:5.76%;--awb-spacing-left-medium:5.76%;--awb-width-small:100%;--awb-order-small:0;--awb-spacing-right-small:1.92%;--awb-spacing-left-small:1.92%;\" data-scroll-devices=\"small-visibility,medium-visibility,large-visibility\"><div class=\"fusion-column-wrapper fusion-column-has-shadow fusion-flex-justify-content-center fusion-content-layout-column\"><div class=\"fusion-image-element \" style=\"--awb-caption-title-font-family:var(--h2_typography-font-family);--awb-caption-title-font-weight:var(--h2_typography-font-weight);--awb-caption-title-font-style:var(--h2_typography-font-style);--awb-caption-title-size:var(--h2_typography-font-size);--awb-caption-title-transform:var(--h2_typography-text-transform);--awb-caption-title-line-height:var(--h2_typography-line-height);--awb-caption-title-letter-spacing:var(--h2_typography-letter-spacing);\"><span class=\" fusion-imageframe imageframe-none imageframe-2 hover-type-none\"><img decoding=\"async\" width=\"300\" height=\"98\" title=\"plan de recuperacion\" src=\"https:\/\/www.arno.es\/wp-content\/uploads\/2024\/03\/plan-de-recuperacion-300x98.png\" alt class=\"img-responsive wp-image-19168\" srcset=\"https:\/\/www.arno.es\/wp-content\/uploads\/2024\/03\/plan-de-recuperacion-200x65.png 200w, https:\/\/www.arno.es\/wp-content\/uploads\/2024\/03\/plan-de-recuperacion.png 393w\" sizes=\"(max-width: 640px) 100vw, 300px\" \/><\/span><\/div><\/div><\/div><div class=\"fusion-layout-column fusion_builder_column fusion-builder-column-3 fusion_builder_column_1_3 1_3 fusion-flex-column fusion-flex-align-self-center\" style=\"--awb-bg-size:cover;--awb-width-large:33.333333333333%;--awb-margin-top-large:0px;--awb-spacing-right-large:5.76%;--awb-margin-bottom-large:0px;--awb-spacing-left-large:5.76%;--awb-width-medium:33.333333333333%;--awb-order-medium:0;--awb-spacing-right-medium:5.76%;--awb-spacing-left-medium:5.76%;--awb-width-small:100%;--awb-order-small:0;--awb-spacing-right-small:1.92%;--awb-spacing-left-small:1.92%;\" data-scroll-devices=\"small-visibility,medium-visibility,large-visibility\"><div class=\"fusion-column-wrapper fusion-column-has-shadow fusion-flex-justify-content-center fusion-content-layout-column\"><div class=\"fusion-image-element \" style=\"--awb-caption-title-font-family:var(--h2_typography-font-family);--awb-caption-title-font-weight:var(--h2_typography-font-weight);--awb-caption-title-font-style:var(--h2_typography-font-style);--awb-caption-title-size:var(--h2_typography-font-size);--awb-caption-title-transform:var(--h2_typography-text-transform);--awb-caption-title-line-height:var(--h2_typography-line-height);--awb-caption-title-letter-spacing:var(--h2_typography-letter-spacing);\"><span class=\" fusion-imageframe imageframe-none imageframe-3 hover-type-none\"><img decoding=\"async\" width=\"300\" height=\"81\" title=\"next generaion union europea\" src=\"https:\/\/www.arno.es\/wp-content\/uploads\/2024\/03\/next-generaion-union-europea-300x81.png\" alt class=\"img-responsive wp-image-19169\" srcset=\"https:\/\/www.arno.es\/wp-content\/uploads\/2024\/03\/next-generaion-union-europea-200x54.png 200w, https:\/\/www.arno.es\/wp-content\/uploads\/2024\/03\/next-generaion-union-europea-400x109.png 400w, https:\/\/www.arno.es\/wp-content\/uploads\/2024\/03\/next-generaion-union-europea.png 431w\" sizes=\"(max-width: 640px) 100vw, 400px\" \/><\/span><\/div><\/div><\/div><\/div><\/div>\n<div class=\"fusion-fullwidth fullwidth-box fusion-builder-row-3 fusion-flex-container has-pattern-background has-mask-background nonhundred-percent-fullwidth non-hundred-percent-height-scrolling\" style=\"--awb-border-radius-top-left:0px;--awb-border-radius-top-right:0px;--awb-border-radius-bottom-right:0px;--awb-border-radius-bottom-left:0px;--awb-flex-wrap:wrap;\" ><div class=\"fusion-builder-row fusion-row fusion-flex-align-items-flex-start fusion-flex-content-wrap\" style=\"max-width:1216.8px;margin-left: calc(-4% \/ 2 );margin-right: calc(-4% \/ 2 );\"><div class=\"fusion-layout-column fusion_builder_column fusion-builder-column-4 fusion_builder_column_1_1 1_1 fusion-flex-column\" style=\"--awb-bg-size:cover;--awb-width-large:100%;--awb-margin-top-large:0px;--awb-spacing-right-large:1.92%;--awb-margin-bottom-large:0px;--awb-spacing-left-large:1.92%;--awb-width-medium:100%;--awb-order-medium:0;--awb-spacing-right-medium:1.92%;--awb-spacing-left-medium:1.92%;--awb-width-small:100%;--awb-order-small:0;--awb-spacing-right-small:1.92%;--awb-spacing-left-small:1.92%;\"><div class=\"fusion-column-wrapper fusion-column-has-shadow fusion-flex-justify-content-flex-start fusion-content-layout-column\"><div class=\"fusion-image-carousel fusion-image-carousel-fixed fusion-image-carousel-1 fusion-carousel-border\"><div class=\"awb-carousel awb-swiper awb-swiper-carousel awb-carousel--carousel awb-swiper-dots-position-bottom\" data-layout=\"carousel\" data-autoplay=\"no\" data-autoplayspeed=\"2500\" data-autoplaypause=\"no\" data-columns=\"5\" data-columnsmedium=\"1\" data-columnssmall=\"1\" data-itemmargin=\"13\" data-itemwidth=\"180\" data-touchscroll=\"no\" data-freemode=\"no\" data-imagesize=\"fixed\" data-scrollitems=\"0\" data-centeredslides=\"no\" data-rotationangle=\"50\" data-depth=\"100\" data-speed=\"500\" data-shadow=\"no\" data-pagination=\"bullets\" style=\"--awb-border-width:1px;--awb-border-color:#e9eaee;\"><div class=\"swiper-wrapper awb-image-carousel-wrapper fusion-flex-align-items-center\"><div class=\"swiper-slide\"><div class=\"fusion-carousel-item-wrapper\"><div class=\"fusion-image-wrapper hover-type-none\"><img decoding=\"async\" width=\"320\" height=\"202\" src=\"https:\/\/www.arno.es\/wp-content\/uploads\/2024\/03\/Captura-de-pantalla-2024-03-15-a-las-12.57.42-320x202.png\" class=\"attachment-blog-medium size-blog-medium\" alt=\"\" \/><\/div><\/div><\/div><div class=\"swiper-slide\"><div class=\"fusion-carousel-item-wrapper\"><div class=\"fusion-image-wrapper hover-type-none\"><img decoding=\"async\" width=\"320\" height=\"202\" src=\"https:\/\/www.arno.es\/wp-content\/uploads\/2024\/03\/Captura-de-pantalla-2024-03-15-a-las-12.57.57-320x202.png\" class=\"attachment-blog-medium size-blog-medium\" alt=\"\" \/><\/div><\/div><\/div><div class=\"swiper-slide\"><div class=\"fusion-carousel-item-wrapper\"><div class=\"fusion-image-wrapper hover-type-none\"><img decoding=\"async\" width=\"320\" height=\"202\" src=\"https:\/\/www.arno.es\/wp-content\/uploads\/2024\/03\/Captura-de-pantalla-2024-03-15-a-las-12.58.05-320x202.png\" class=\"attachment-blog-medium size-blog-medium\" alt=\"\" \/><\/div><\/div><\/div><div class=\"swiper-slide\"><div class=\"fusion-carousel-item-wrapper\"><div class=\"fusion-image-wrapper hover-type-none\"><img decoding=\"async\" width=\"320\" height=\"202\" src=\"https:\/\/www.arno.es\/wp-content\/uploads\/2024\/03\/Captura-de-pantalla-2024-03-15-a-las-12.58.15-320x202.png\" class=\"attachment-blog-medium size-blog-medium\" alt=\"\" \/><\/div><\/div><\/div><\/div><div class=\"awb-swiper-button awb-swiper-button-prev\"><i class=\"awb-icon-angle-left\" aria-hidden=\"true\"><\/i><\/div><div class=\"awb-swiper-button awb-swiper-button-next\"><i class=\"awb-icon-angle-right\" aria-hidden=\"true\"><\/i><\/div><\/div><\/div><\/div><\/div><\/div><\/div><\/p>\n","protected":false},"excerpt":{"rendered":"","protected":false},"author":11,"featured_media":19165,"menu_order":0,"comment_status":"open","ping_status":"closed","template":"","format":"standard","meta":{"footnotes":""},"portfolio_category":[73,50],"portfolio_skills":[],"portfolio_tags":[],"class_list":["post-19370","avada_portfolio","type-avada_portfolio","status-publish","format-standard","has-post-thumbnail","hentry","portfolio_category-materiales","portfolio_category-servicios"],"yoast_head":"<!-- This site is optimized with the Yoast SEO plugin v27.4 - https:\/\/yoast.com\/product\/yoast-seo-wordpress\/ -->\n<title>Projecte per a la reutilitzaci\u00f3 a baixes temperatures de barreges bituminosos a les centrals de Lleida i Tarragona - Benito Arn\u00f3<\/title>\n<meta name=\"description\" content=\"Projecte per a la reutilitzaci\u00f3 a baixes temperatures de barreges bituminosos a les centrals de Lleida i Tarragona -\" \/>\n<meta name=\"robots\" content=\"index, follow, max-snippet:-1, max-image-preview:large, max-video-preview:-1\" \/>\n<link rel=\"canonical\" href=\"https:\/\/www.arno.es\/ca\/portfolio-items\/projecte-per-a-la-reutilitzacio-a-baixes-temperatures-de-barreges-bituminosos-a-les-centrals-de-lleida-i-tarragona\/\" \/>\n<meta property=\"og:locale\" content=\"ca_ES\" \/>\n<meta property=\"og:type\" content=\"article\" \/>\n<meta property=\"og:title\" content=\"Projecte per a la reutilitzaci\u00f3 a baixes temperatures de barreges bituminosos a les centrals de Lleida i Tarragona - Benito Arn\u00f3\" \/>\n<meta property=\"og:description\" content=\"Projecte per a la reutilitzaci\u00f3 a baixes temperatures de barreges bituminosos a les centrals de Lleida i Tarragona -\" \/>\n<meta property=\"og:url\" content=\"https:\/\/www.arno.es\/ca\/portfolio-items\/projecte-per-a-la-reutilitzacio-a-baixes-temperatures-de-barreges-bituminosos-a-les-centrals-de-lleida-i-tarragona\/\" \/>\n<meta property=\"og:site_name\" content=\"Benito Arn\u00f3\" \/>\n<meta property=\"article:publisher\" content=\"https:\/\/www.facebook.com\/BenitoArno\/\" \/>\n<meta property=\"og:image\" content=\"https:\/\/www.arno.es\/wp-content\/uploads\/2024\/03\/Captura-de-pantalla-2024-03-15-a-las-12.57.42-1.png\" \/>\n\t<meta property=\"og:image:width\" content=\"1426\" \/>\n\t<meta property=\"og:image:height\" content=\"794\" \/>\n\t<meta property=\"og:image:type\" content=\"image\/png\" \/>\n<meta name=\"twitter:card\" content=\"summary_large_image\" \/>\n<meta name=\"twitter:site\" content=\"@benito_arno\" \/>\n<meta name=\"twitter:label1\" content=\"Temps estimat de lectura\" \/>\n\t<meta name=\"twitter:data1\" content=\"9 minuts\" \/>\n<script type=\"application\/ld+json\" class=\"yoast-schema-graph\">{\"@context\":\"https:\\\/\\\/schema.org\",\"@graph\":[{\"@type\":\"WebPage\",\"@id\":\"https:\\\/\\\/www.arno.es\\\/ca\\\/portfolio-items\\\/projecte-per-a-la-reutilitzacio-a-baixes-temperatures-de-barreges-bituminosos-a-les-centrals-de-lleida-i-tarragona\\\/\",\"url\":\"https:\\\/\\\/www.arno.es\\\/ca\\\/portfolio-items\\\/projecte-per-a-la-reutilitzacio-a-baixes-temperatures-de-barreges-bituminosos-a-les-centrals-de-lleida-i-tarragona\\\/\",\"name\":\"Projecte per a la reutilitzaci\u00f3 a baixes temperatures de barreges bituminosos a les centrals de Lleida i Tarragona - Benito Arn\u00f3\",\"isPartOf\":{\"@id\":\"https:\\\/\\\/www.arno.es\\\/ca\\\/#website\"},\"primaryImageOfPage\":{\"@id\":\"https:\\\/\\\/www.arno.es\\\/ca\\\/portfolio-items\\\/projecte-per-a-la-reutilitzacio-a-baixes-temperatures-de-barreges-bituminosos-a-les-centrals-de-lleida-i-tarragona\\\/#primaryimage\"},\"image\":{\"@id\":\"https:\\\/\\\/www.arno.es\\\/ca\\\/portfolio-items\\\/projecte-per-a-la-reutilitzacio-a-baixes-temperatures-de-barreges-bituminosos-a-les-centrals-de-lleida-i-tarragona\\\/#primaryimage\"},\"thumbnailUrl\":\"https:\\\/\\\/www.arno.es\\\/wp-content\\\/uploads\\\/2024\\\/03\\\/Captura-de-pantalla-2024-03-15-a-las-12.57.42-1.png\",\"datePublished\":\"2024-03-15T13:12:32+00:00\",\"description\":\"Projecte per a la reutilitzaci\u00f3 a baixes temperatures de barreges bituminosos a les centrals de Lleida i Tarragona -\",\"breadcrumb\":{\"@id\":\"https:\\\/\\\/www.arno.es\\\/ca\\\/portfolio-items\\\/projecte-per-a-la-reutilitzacio-a-baixes-temperatures-de-barreges-bituminosos-a-les-centrals-de-lleida-i-tarragona\\\/#breadcrumb\"},\"inLanguage\":\"ca\",\"potentialAction\":[{\"@type\":\"ReadAction\",\"target\":[\"https:\\\/\\\/www.arno.es\\\/ca\\\/portfolio-items\\\/projecte-per-a-la-reutilitzacio-a-baixes-temperatures-de-barreges-bituminosos-a-les-centrals-de-lleida-i-tarragona\\\/\"]}]},{\"@type\":\"ImageObject\",\"inLanguage\":\"ca\",\"@id\":\"https:\\\/\\\/www.arno.es\\\/ca\\\/portfolio-items\\\/projecte-per-a-la-reutilitzacio-a-baixes-temperatures-de-barreges-bituminosos-a-les-centrals-de-lleida-i-tarragona\\\/#primaryimage\",\"url\":\"https:\\\/\\\/www.arno.es\\\/wp-content\\\/uploads\\\/2024\\\/03\\\/Captura-de-pantalla-2024-03-15-a-las-12.57.42-1.png\",\"contentUrl\":\"https:\\\/\\\/www.arno.es\\\/wp-content\\\/uploads\\\/2024\\\/03\\\/Captura-de-pantalla-2024-03-15-a-las-12.57.42-1.png\",\"width\":1426,\"height\":794},{\"@type\":\"BreadcrumbList\",\"@id\":\"https:\\\/\\\/www.arno.es\\\/ca\\\/portfolio-items\\\/projecte-per-a-la-reutilitzacio-a-baixes-temperatures-de-barreges-bituminosos-a-les-centrals-de-lleida-i-tarragona\\\/#breadcrumb\",\"itemListElement\":[{\"@type\":\"ListItem\",\"position\":1,\"name\":\"Portada\",\"item\":\"https:\\\/\\\/www.arno.es\\\/ca\\\/\"},{\"@type\":\"ListItem\",\"position\":2,\"name\":\"Portfolio\",\"item\":\"https:\\\/\\\/www.arno.es\\\/ca\\\/portfolio-items\\\/\"},{\"@type\":\"ListItem\",\"position\":3,\"name\":\"Projecte per a la reutilitzaci\u00f3 a baixes temperatures de barreges bituminosos a les centrals de Lleida i Tarragona\"}]},{\"@type\":\"WebSite\",\"@id\":\"https:\\\/\\\/www.arno.es\\\/ca\\\/#website\",\"url\":\"https:\\\/\\\/www.arno.es\\\/ca\\\/\",\"name\":\"Benito Arn\u00f3\",\"description\":\"[:es]Construcci\u00f3n y servicios[:ca]Construcci\u00f3 i serveis[:]\",\"publisher\":{\"@id\":\"https:\\\/\\\/www.arno.es\\\/ca\\\/#organization\"},\"potentialAction\":[{\"@type\":\"SearchAction\",\"target\":{\"@type\":\"EntryPoint\",\"urlTemplate\":\"https:\\\/\\\/www.arno.es\\\/ca\\\/?s={search_term_string}\"},\"query-input\":{\"@type\":\"PropertyValueSpecification\",\"valueRequired\":true,\"valueName\":\"search_term_string\"}}],\"inLanguage\":\"ca\"},{\"@type\":\"Organization\",\"@id\":\"https:\\\/\\\/www.arno.es\\\/ca\\\/#organization\",\"name\":\"Benito Arn\u00f3 e Hijos\",\"url\":\"https:\\\/\\\/www.arno.es\\\/ca\\\/\",\"logo\":{\"@type\":\"ImageObject\",\"inLanguage\":\"ca\",\"@id\":\"https:\\\/\\\/www.arno.es\\\/ca\\\/#\\\/schema\\\/logo\\\/image\\\/\",\"url\":\"https:\\\/\\\/www.arno.es\\\/wp-content\\\/uploads\\\/2018\\\/10\\\/ARNO-Logo-web-1.png\",\"contentUrl\":\"https:\\\/\\\/www.arno.es\\\/wp-content\\\/uploads\\\/2018\\\/10\\\/ARNO-Logo-web-1.png\",\"width\":186,\"height\":75,\"caption\":\"Benito Arn\u00f3 e Hijos\"},\"image\":{\"@id\":\"https:\\\/\\\/www.arno.es\\\/ca\\\/#\\\/schema\\\/logo\\\/image\\\/\"},\"sameAs\":[\"https:\\\/\\\/www.facebook.com\\\/BenitoArno\\\/\",\"https:\\\/\\\/x.com\\\/benito_arno\",\"https:\\\/\\\/www.instagram.com\\\/benito_arno\\\/\",\"https:\\\/\\\/www.linkedin.com\\\/company\\\/benitoarno\",\"https:\\\/\\\/www.youtube.com\\\/c\\\/benitoarno\"]}]}<\/script>\n<!-- \/ Yoast SEO plugin. -->","yoast_head_json":{"title":"Projecte per a la reutilitzaci\u00f3 a baixes temperatures de barreges bituminosos a les centrals de Lleida i Tarragona - Benito Arn\u00f3","description":"Projecte per a la reutilitzaci\u00f3 a baixes temperatures de barreges bituminosos a les centrals de Lleida i Tarragona -","robots":{"index":"index","follow":"follow","max-snippet":"max-snippet:-1","max-image-preview":"max-image-preview:large","max-video-preview":"max-video-preview:-1"},"canonical":"https:\/\/www.arno.es\/ca\/portfolio-items\/projecte-per-a-la-reutilitzacio-a-baixes-temperatures-de-barreges-bituminosos-a-les-centrals-de-lleida-i-tarragona\/","og_locale":"ca_ES","og_type":"article","og_title":"Projecte per a la reutilitzaci\u00f3 a baixes temperatures de barreges bituminosos a les centrals de Lleida i Tarragona - Benito Arn\u00f3","og_description":"Projecte per a la reutilitzaci\u00f3 a baixes temperatures de barreges bituminosos a les centrals de Lleida i Tarragona -","og_url":"https:\/\/www.arno.es\/ca\/portfolio-items\/projecte-per-a-la-reutilitzacio-a-baixes-temperatures-de-barreges-bituminosos-a-les-centrals-de-lleida-i-tarragona\/","og_site_name":"Benito Arn\u00f3","article_publisher":"https:\/\/www.facebook.com\/BenitoArno\/","og_image":[{"width":1426,"height":794,"url":"https:\/\/www.arno.es\/wp-content\/uploads\/2024\/03\/Captura-de-pantalla-2024-03-15-a-las-12.57.42-1.png","type":"image\/png"}],"twitter_card":"summary_large_image","twitter_site":"@benito_arno","twitter_misc":{"Temps estimat de lectura":"9 minuts"},"schema":{"@context":"https:\/\/schema.org","@graph":[{"@type":"WebPage","@id":"https:\/\/www.arno.es\/ca\/portfolio-items\/projecte-per-a-la-reutilitzacio-a-baixes-temperatures-de-barreges-bituminosos-a-les-centrals-de-lleida-i-tarragona\/","url":"https:\/\/www.arno.es\/ca\/portfolio-items\/projecte-per-a-la-reutilitzacio-a-baixes-temperatures-de-barreges-bituminosos-a-les-centrals-de-lleida-i-tarragona\/","name":"Projecte per a la reutilitzaci\u00f3 a baixes temperatures de barreges bituminosos a les centrals de Lleida i Tarragona - Benito Arn\u00f3","isPartOf":{"@id":"https:\/\/www.arno.es\/ca\/#website"},"primaryImageOfPage":{"@id":"https:\/\/www.arno.es\/ca\/portfolio-items\/projecte-per-a-la-reutilitzacio-a-baixes-temperatures-de-barreges-bituminosos-a-les-centrals-de-lleida-i-tarragona\/#primaryimage"},"image":{"@id":"https:\/\/www.arno.es\/ca\/portfolio-items\/projecte-per-a-la-reutilitzacio-a-baixes-temperatures-de-barreges-bituminosos-a-les-centrals-de-lleida-i-tarragona\/#primaryimage"},"thumbnailUrl":"https:\/\/www.arno.es\/wp-content\/uploads\/2024\/03\/Captura-de-pantalla-2024-03-15-a-las-12.57.42-1.png","datePublished":"2024-03-15T13:12:32+00:00","description":"Projecte per a la reutilitzaci\u00f3 a baixes temperatures de barreges bituminosos a les centrals de Lleida i Tarragona -","breadcrumb":{"@id":"https:\/\/www.arno.es\/ca\/portfolio-items\/projecte-per-a-la-reutilitzacio-a-baixes-temperatures-de-barreges-bituminosos-a-les-centrals-de-lleida-i-tarragona\/#breadcrumb"},"inLanguage":"ca","potentialAction":[{"@type":"ReadAction","target":["https:\/\/www.arno.es\/ca\/portfolio-items\/projecte-per-a-la-reutilitzacio-a-baixes-temperatures-de-barreges-bituminosos-a-les-centrals-de-lleida-i-tarragona\/"]}]},{"@type":"ImageObject","inLanguage":"ca","@id":"https:\/\/www.arno.es\/ca\/portfolio-items\/projecte-per-a-la-reutilitzacio-a-baixes-temperatures-de-barreges-bituminosos-a-les-centrals-de-lleida-i-tarragona\/#primaryimage","url":"https:\/\/www.arno.es\/wp-content\/uploads\/2024\/03\/Captura-de-pantalla-2024-03-15-a-las-12.57.42-1.png","contentUrl":"https:\/\/www.arno.es\/wp-content\/uploads\/2024\/03\/Captura-de-pantalla-2024-03-15-a-las-12.57.42-1.png","width":1426,"height":794},{"@type":"BreadcrumbList","@id":"https:\/\/www.arno.es\/ca\/portfolio-items\/projecte-per-a-la-reutilitzacio-a-baixes-temperatures-de-barreges-bituminosos-a-les-centrals-de-lleida-i-tarragona\/#breadcrumb","itemListElement":[{"@type":"ListItem","position":1,"name":"Portada","item":"https:\/\/www.arno.es\/ca\/"},{"@type":"ListItem","position":2,"name":"Portfolio","item":"https:\/\/www.arno.es\/ca\/portfolio-items\/"},{"@type":"ListItem","position":3,"name":"Projecte per a la reutilitzaci\u00f3 a baixes temperatures de barreges bituminosos a les centrals de Lleida i Tarragona"}]},{"@type":"WebSite","@id":"https:\/\/www.arno.es\/ca\/#website","url":"https:\/\/www.arno.es\/ca\/","name":"Benito Arn\u00f3","description":"[:es]Construcci\u00f3n y servicios[:ca]Construcci\u00f3 i serveis[:]","publisher":{"@id":"https:\/\/www.arno.es\/ca\/#organization"},"potentialAction":[{"@type":"SearchAction","target":{"@type":"EntryPoint","urlTemplate":"https:\/\/www.arno.es\/ca\/?s={search_term_string}"},"query-input":{"@type":"PropertyValueSpecification","valueRequired":true,"valueName":"search_term_string"}}],"inLanguage":"ca"},{"@type":"Organization","@id":"https:\/\/www.arno.es\/ca\/#organization","name":"Benito Arn\u00f3 e Hijos","url":"https:\/\/www.arno.es\/ca\/","logo":{"@type":"ImageObject","inLanguage":"ca","@id":"https:\/\/www.arno.es\/ca\/#\/schema\/logo\/image\/","url":"https:\/\/www.arno.es\/wp-content\/uploads\/2018\/10\/ARNO-Logo-web-1.png","contentUrl":"https:\/\/www.arno.es\/wp-content\/uploads\/2018\/10\/ARNO-Logo-web-1.png","width":186,"height":75,"caption":"Benito Arn\u00f3 e Hijos"},"image":{"@id":"https:\/\/www.arno.es\/ca\/#\/schema\/logo\/image\/"},"sameAs":["https:\/\/www.facebook.com\/BenitoArno\/","https:\/\/x.com\/benito_arno","https:\/\/www.instagram.com\/benito_arno\/","https:\/\/www.linkedin.com\/company\/benitoarno","https:\/\/www.youtube.com\/c\/benitoarno"]}]}},"_links":{"self":[{"href":"https:\/\/www.arno.es\/ca\/wp-json\/wp\/v2\/avada_portfolio\/19370","targetHints":{"allow":["GET"]}}],"collection":[{"href":"https:\/\/www.arno.es\/ca\/wp-json\/wp\/v2\/avada_portfolio"}],"about":[{"href":"https:\/\/www.arno.es\/ca\/wp-json\/wp\/v2\/types\/avada_portfolio"}],"author":[{"embeddable":true,"href":"https:\/\/www.arno.es\/ca\/wp-json\/wp\/v2\/users\/11"}],"replies":[{"embeddable":true,"href":"https:\/\/www.arno.es\/ca\/wp-json\/wp\/v2\/comments?post=19370"}],"version-history":[{"count":0,"href":"https:\/\/www.arno.es\/ca\/wp-json\/wp\/v2\/avada_portfolio\/19370\/revisions"}],"wp:featuredmedia":[{"embeddable":true,"href":"https:\/\/www.arno.es\/ca\/wp-json\/wp\/v2\/media\/19165"}],"wp:attachment":[{"href":"https:\/\/www.arno.es\/ca\/wp-json\/wp\/v2\/media?parent=19370"}],"wp:term":[{"taxonomy":"portfolio_category","embeddable":true,"href":"https:\/\/www.arno.es\/ca\/wp-json\/wp\/v2\/portfolio_category?post=19370"},{"taxonomy":"portfolio_skills","embeddable":true,"href":"https:\/\/www.arno.es\/ca\/wp-json\/wp\/v2\/portfolio_skills?post=19370"},{"taxonomy":"portfolio_tags","embeddable":true,"href":"https:\/\/www.arno.es\/ca\/wp-json\/wp\/v2\/portfolio_tags?post=19370"}],"curies":[{"name":"wp","href":"https:\/\/api.w.org\/{rel}","templated":true}]}}