{"id":19380,"date":"2015-12-04T02:09:03","date_gmt":"2015-12-04T01:09:03","guid":{"rendered":"https:\/\/www.arno.es\/projectes\/"},"modified":"2015-12-04T02:09:03","modified_gmt":"2015-12-04T02:09:03","slug":"projectes","status":"publish","type":"page","link":"https:\/\/www.arno.es\/ca\/projectes\/","title":{"rendered":"Projectes"},"content":{"rendered":"<p><div class=\"fusion-fullwidth fullwidth-box fusion-builder-row-1 fusion-flex-container nonhundred-percent-fullwidth non-hundred-percent-height-scrolling\" style=\"--awb-background-position:left top;--awb-border-radius-top-left:0px;--awb-border-radius-top-right:0px;--awb-border-radius-bottom-right:0px;--awb-border-radius-bottom-left:0px;--awb-padding-top:2%;--awb-padding-bottom:2%;--awb-background-color:#ffa300;--awb-border-sizes-top:0px;--awb-border-sizes-bottom:0px;--awb-flex-wrap:wrap;\" ><div class=\"fusion-builder-row fusion-row fusion-flex-align-items-flex-start fusion-flex-content-wrap\" style=\"max-width:calc( 1170px + 0px );margin-left: calc(-0px \/ 2 );margin-right: calc(-0px \/ 2 );\"><div class=\"fusion-layout-column fusion_builder_column fusion-builder-column-0 fusion_builder_column_1_1 1_1 fusion-flex-column\" style=\"--awb-bg-size:cover;--awb-width-large:100%;--awb-margin-top-large:0px;--awb-spacing-right-large:0px;--awb-margin-bottom-large:0px;--awb-spacing-left-large:0px;--awb-width-medium:100%;--awb-spacing-right-medium:0px;--awb-spacing-left-medium:0px;--awb-width-small:100%;--awb-spacing-right-small:0px;--awb-spacing-left-small:0px;\"><div class=\"fusion-column-wrapper fusion-flex-justify-content-flex-start fusion-content-layout-column\"><div class=\"fusion-text fusion-text-1\"><h2 style=\"text-align: center;\"><span style=\"color: #ffffff;\">Treballs recents<br \/>\n<\/span><\/h2>\n<\/div><\/div><\/div><\/div><\/div><div class=\"fusion-fullwidth fullwidth-box fusion-builder-row-2 fusion-flex-container nonhundred-percent-fullwidth non-hundred-percent-height-scrolling\" style=\"--awb-background-position:left top;--awb-border-radius-top-left:0px;--awb-border-radius-top-right:0px;--awb-border-radius-bottom-right:0px;--awb-border-radius-bottom-left:0px;--awb-padding-top:2%;--awb-padding-bottom:2%;--awb-margin-bottom:2%;--awb-background-color:#ffffff;--awb-border-sizes-top:0px;--awb-border-sizes-bottom:0px;--awb-flex-wrap:wrap;\" ><div class=\"fusion-builder-row fusion-row fusion-flex-align-items-flex-start fusion-flex-content-wrap\" style=\"max-width:calc( 1170px + 0px );margin-left: calc(-0px \/ 2 );margin-right: calc(-0px \/ 2 );\"><div class=\"fusion-layout-column fusion_builder_column fusion-builder-column-1 fusion_builder_column_1_1 1_1 fusion-flex-column\" style=\"--awb-padding-top:2%;--awb-bg-size:cover;--awb-width-large:100%;--awb-margin-top-large:0px;--awb-spacing-right-large:0px;--awb-margin-bottom-large:0px;--awb-spacing-left-large:0px;--awb-width-medium:100%;--awb-spacing-right-medium:0px;--awb-spacing-left-medium:0px;--awb-width-small:100%;--awb-spacing-right-small:0px;--awb-spacing-left-small:0px;\"><div class=\"fusion-column-wrapper fusion-flex-justify-content-flex-start fusion-content-layout-column\"><div class=\"fusion-recent-works fusion-portfolio-element fusion-portfolio fusion-portfolio-1 fusion-portfolio-grid fusion-portfolio-paging-infinite fusion-portfolio-three fusion-portfolio-no_text fusion-portfolio-rollover\" data-id=\"-rw-1\" data-columns=\"three\"><div><ul class=\"fusion-filters\" role=\"menu\" aria-label=\"Portfolio Filters\"><li role=\"presentation\" class=\"fusion-filter fusion-filter-all fusion-active\"><a href=\"#\" data-filter=\"*\" role=\"menuitem\">All<\/a><\/li><li role=\"presentation\" class=\"fusion-filter fusion-hidden\"><a href=\"#\" data-filter=\".commercial\" role=\"menuitem\">Commercial<\/a><\/li><li role=\"presentation\" class=\"fusion-filter fusion-hidden\"><a href=\"#\" data-filter=\".obra-civil\" role=\"menuitem\">Obra Civil<\/a><\/li><li role=\"presentation\" class=\"fusion-filter fusion-hidden\"><a href=\"#\" data-filter=\".obres-aeroportuaries\" role=\"menuitem\">Obres aeroportu\u00e0ries<\/a><\/li><li role=\"presentation\" class=\"fusion-filter fusion-hidden\"><a href=\"#\" data-filter=\".residential\" role=\"menuitem\">Residential<\/a><\/li><\/ul><\/div><style type=\"text\/css\">.fusion-portfolio-1 .fusion-portfolio-wrapper .fusion-col-spacing{padding:15px;}<\/style><div class=\"fusion-portfolio-wrapper\" id=\"fusion-portfolio-1\" data-picturesize=\"auto\" data-pages=\"13\" style=\"margin:-15px;\"><article id=\"portfolio-1-post-19370\" class=\"fusion-portfolio-post materiales servicios fusion-col-spacing post-19370\"><div class=\"fusion-portfolio-content-wrapper\" style=\"border:none;\"><span class=\"entry-title rich-snippet-hidden\">Projecte per a la reutilitzaci\u00f3 a baixes temperatures de barreges bituminosos a les centrals de Lleida i Tarragona<\/span><span class=\"vcard rich-snippet-hidden\"><span class=\"fn\"><a href=\"https:\/\/www.arno.es\/ca\/author\/informatica\/\" title=\"Entrades de informatica\" rel=\"author\">informatica<\/a><\/span><\/span><span class=\"updated rich-snippet-hidden\">2024-03-15T14:12:32+01:00<\/span><div  class=\"fusion-image-wrapper\" aria-haspopup=\"true\">\n\t\t\t\t<img decoding=\"async\" width=\"1426\" height=\"794\" src=\"https:\/\/www.arno.es\/wp-content\/uploads\/2024\/03\/Captura-de-pantalla-2024-03-15-a-las-12.57.42-1.png\" class=\"attachment-full size-full wp-post-image\" alt=\"\" srcset=\"https:\/\/www.arno.es\/wp-content\/uploads\/2024\/03\/Captura-de-pantalla-2024-03-15-a-las-12.57.42-1-200x111.png 200w, https:\/\/www.arno.es\/wp-content\/uploads\/2024\/03\/Captura-de-pantalla-2024-03-15-a-las-12.57.42-1-400x223.png 400w, https:\/\/www.arno.es\/wp-content\/uploads\/2024\/03\/Captura-de-pantalla-2024-03-15-a-las-12.57.42-1-600x334.png 600w, https:\/\/www.arno.es\/wp-content\/uploads\/2024\/03\/Captura-de-pantalla-2024-03-15-a-las-12.57.42-1-800x445.png 800w, https:\/\/www.arno.es\/wp-content\/uploads\/2024\/03\/Captura-de-pantalla-2024-03-15-a-las-12.57.42-1-1200x668.png 1200w, https:\/\/www.arno.es\/wp-content\/uploads\/2024\/03\/Captura-de-pantalla-2024-03-15-a-las-12.57.42-1.png 1426w\" sizes=\"(min-width: 2200px) 100vw, (min-width: 824px) 370px, (min-width: 732px) 555px, (min-width: 640px) 732px, \" \/><div class=\"fusion-rollover\">\n\t<div class=\"fusion-rollover-content\">\n\n\t\t\t\t\t\t\t\t\t\t\t\t\t\t<a class=\"fusion-rollover-link\" href=\"https:\/\/www.arno.es\/ca\/portfolio-items\/projecte-per-a-la-reutilitzacio-a-baixes-temperatures-de-barreges-bituminosos-a-les-centrals-de-lleida-i-tarragona\/\">Projecte per a la reutilitzaci\u00f3 a baixes temperatures de barreges bituminosos a les centrals de Lleida i Tarragona<\/a>\n\t\t\t\n\t\t\t\t\t\t\t\t\t\t\t\t\t\t\n\t\t\t\t\t\t\t\t\n\t\t\t\t\t\t\t\t\t\t\t\t\t<div class=\"fusion-rollover-sep\"><\/div>\n\t\t\t\t\n\t\t\t\t\t\t\t\t\t\t\t\t\t\t\t\t\t\t<a class=\"fusion-rollover-gallery\" href=\"https:\/\/www.arno.es\/wp-content\/uploads\/2024\/03\/Captura-de-pantalla-2024-03-15-a-las-12.57.42-1.png\" data-options=\"\" data-id=\"19370\" data-rel=\"iLightbox[gallery-rw-1]\" data-title=\"Captura de pantalla 2024-03-15 a las 12.57.42\" data-caption=\"\">\n\t\t\t\t\t\tGallery\t\t\t\t\t<\/a>\n\t\t\t\t\t\t\t\t\t\t\t\t\t\t\n\t\t\n\t\t\t\t\t\t\t\t\t\t\t\t<h4 class=\"fusion-rollover-title\">\n\t\t\t\t\t<a class=\"fusion-rollover-title-link\" href=\"https:\/\/www.arno.es\/ca\/portfolio-items\/projecte-per-a-la-reutilitzacio-a-baixes-temperatures-de-barreges-bituminosos-a-les-centrals-de-lleida-i-tarragona\/\">\n\t\t\t\t\t\tProjecte per a la reutilitzaci\u00f3 a baixes temperatures de barreges bituminosos a les centrals de Lleida i Tarragona\t\t\t\t\t<\/a>\n\t\t\t\t<\/h4>\n\t\t\t\n\t\t\t\t\t\t\t\t\t\t<div class=\"fusion-rollover-categories\"><a href=\"https:\/\/www.arno.es\/portfolio_category\/materiales\/\" rel=\"tag\">Materiales<\/a>, <a href=\"https:\/\/www.arno.es\/portfolio_category\/servicios\/\" rel=\"tag\">Servicios<\/a><\/div>\t\t\t\t\t\n\t\t\n\t\t\t\t\t\t<a class=\"fusion-link-wrapper\" href=\"https:\/\/www.arno.es\/ca\/portfolio-items\/projecte-per-a-la-reutilitzacio-a-baixes-temperatures-de-barreges-bituminosos-a-les-centrals-de-lleida-i-tarragona\/\" aria-label=\"Projecte per a la reutilitzaci\u00f3 a baixes temperatures de barreges bituminosos a les centrals de Lleida i Tarragona\"><\/a>\n\t<\/div>\n<\/div>\n<\/div>\n<\/div><\/article><article id=\"portfolio-1-post-19368\" class=\"fusion-portfolio-post servicios fusion-col-spacing post-19368\"><div class=\"fusion-portfolio-content-wrapper\" style=\"border:none;\"><span class=\"entry-title rich-snippet-hidden\">Conservaci\u00f3 de carreteres trams de carretera del Parc de Tremp<\/span><span class=\"vcard rich-snippet-hidden\"><span class=\"fn\"><a href=\"https:\/\/www.arno.es\/ca\/author\/informatica\/\" title=\"Entrades de informatica\" rel=\"author\">informatica<\/a><\/span><\/span><span class=\"updated rich-snippet-hidden\">2021-04-23T12:50:34+02:00<\/span><div  class=\"fusion-image-wrapper\" aria-haspopup=\"true\">\n\t\t\t\t<img decoding=\"async\" width=\"1200\" height=\"600\" src=\"https:\/\/www.arno.es\/wp-content\/uploads\/2021\/04\/conservacio.jpg\" class=\"attachment-full size-full wp-post-image\" alt=\"\" srcset=\"https:\/\/www.arno.es\/wp-content\/uploads\/2021\/04\/conservacio-200x100.jpg 200w, https:\/\/www.arno.es\/wp-content\/uploads\/2021\/04\/conservacio-400x200.jpg 400w, https:\/\/www.arno.es\/wp-content\/uploads\/2021\/04\/conservacio-600x300.jpg 600w, https:\/\/www.arno.es\/wp-content\/uploads\/2021\/04\/conservacio-800x400.jpg 800w, https:\/\/www.arno.es\/wp-content\/uploads\/2021\/04\/conservacio.jpg 1200w\" sizes=\"(min-width: 2200px) 100vw, (min-width: 824px) 370px, (min-width: 732px) 555px, (min-width: 640px) 732px, \" \/><div class=\"fusion-rollover\">\n\t<div class=\"fusion-rollover-content\">\n\n\t\t\t\t\t\t\t\t\t\t\t\t\t\t<a class=\"fusion-rollover-link\" href=\"https:\/\/www.arno.es\/ca\/portfolio-items\/conservacio-de-carreteres-trams-de-carretera-del-parc-de-tremp\/\">Conservaci\u00f3 de carreteres trams de carretera del Parc de Tremp<\/a>\n\t\t\t\n\t\t\t\t\t\t\t\t\t\t\t\t\t\t\n\t\t\t\t\t\t\t\t\n\t\t\t\t\t\t\t\t\t\t\t\t\t<div class=\"fusion-rollover-sep\"><\/div>\n\t\t\t\t\n\t\t\t\t\t\t\t\t\t\t\t\t\t\t\t\t\t\t<a class=\"fusion-rollover-gallery\" href=\"https:\/\/www.arno.es\/wp-content\/uploads\/2021\/04\/conservacio.jpg\" data-options=\"\" data-id=\"19368\" data-rel=\"iLightbox[gallery-rw-1]\" data-title=\"conservacio\" data-caption=\"\">\n\t\t\t\t\t\tGallery\t\t\t\t\t<\/a>\n\t\t\t\t\t\t\t\t\t\t\t\t\t\t\n\t\t\n\t\t\t\t\t\t\t\t\t\t\t\t<h4 class=\"fusion-rollover-title\">\n\t\t\t\t\t<a class=\"fusion-rollover-title-link\" href=\"https:\/\/www.arno.es\/ca\/portfolio-items\/conservacio-de-carreteres-trams-de-carretera-del-parc-de-tremp\/\">\n\t\t\t\t\t\tConservaci\u00f3 de carreteres trams de carretera del Parc de Tremp\t\t\t\t\t<\/a>\n\t\t\t\t<\/h4>\n\t\t\t\n\t\t\t\t\t\t\t\t\t\t<div class=\"fusion-rollover-categories\"><a href=\"https:\/\/www.arno.es\/portfolio_category\/servicios\/\" rel=\"tag\">Servicios<\/a><\/div>\t\t\t\t\t\n\t\t\n\t\t\t\t\t\t<a class=\"fusion-link-wrapper\" href=\"https:\/\/www.arno.es\/ca\/portfolio-items\/conservacio-de-carreteres-trams-de-carretera-del-parc-de-tremp\/\" aria-label=\"Conservaci\u00f3 de carreteres trams de carretera del Parc de Tremp\"><\/a>\n\t<\/div>\n<\/div>\n<\/div>\n<\/div><\/article><article id=\"portfolio-1-post-19366\" class=\"fusion-portfolio-post servicios fusion-col-spacing post-19366\"><div class=\"fusion-portfolio-content-wrapper\" style=\"border:none;\"><span class=\"entry-title rich-snippet-hidden\">Conservaci\u00f3 de carreteres obra civil als trams de carretera del Parc de Ponts<\/span><span class=\"vcard rich-snippet-hidden\"><span class=\"fn\"><a href=\"https:\/\/www.arno.es\/ca\/author\/informatica\/\" title=\"Entrades de informatica\" rel=\"author\">informatica<\/a><\/span><\/span><span class=\"updated rich-snippet-hidden\">2021-04-23T12:39:47+02:00<\/span><div  class=\"fusion-image-wrapper\" aria-haspopup=\"true\">\n\t\t\t\t<img decoding=\"async\" width=\"1200\" height=\"600\" src=\"https:\/\/www.arno.es\/wp-content\/uploads\/2021\/04\/conservacio.jpg\" class=\"attachment-full size-full wp-post-image\" alt=\"\" srcset=\"https:\/\/www.arno.es\/wp-content\/uploads\/2021\/04\/conservacio-200x100.jpg 200w, https:\/\/www.arno.es\/wp-content\/uploads\/2021\/04\/conservacio-400x200.jpg 400w, https:\/\/www.arno.es\/wp-content\/uploads\/2021\/04\/conservacio-600x300.jpg 600w, https:\/\/www.arno.es\/wp-content\/uploads\/2021\/04\/conservacio-800x400.jpg 800w, https:\/\/www.arno.es\/wp-content\/uploads\/2021\/04\/conservacio.jpg 1200w\" sizes=\"(min-width: 2200px) 100vw, (min-width: 824px) 370px, (min-width: 732px) 555px, (min-width: 640px) 732px, \" \/><div class=\"fusion-rollover\">\n\t<div class=\"fusion-rollover-content\">\n\n\t\t\t\t\t\t\t\t\t\t\t\t\t\t<a class=\"fusion-rollover-link\" href=\"https:\/\/www.arno.es\/ca\/portfolio-items\/conservacio-de-carreteres-obra-civil-als-trams-de-carretera-del-parc-de-ponts\/\">Conservaci\u00f3 de carreteres obra civil als trams de carretera del Parc de Ponts<\/a>\n\t\t\t\n\t\t\t\t\t\t\t\t\t\t\t\t\t\t\n\t\t\t\t\t\t\t\t\n\t\t\t\t\t\t\t\t\t\t\t\t\t<div class=\"fusion-rollover-sep\"><\/div>\n\t\t\t\t\n\t\t\t\t\t\t\t\t\t\t\t\t\t\t\t\t\t\t<a class=\"fusion-rollover-gallery\" href=\"https:\/\/www.arno.es\/wp-content\/uploads\/2021\/04\/conservacio.jpg\" data-options=\"\" data-id=\"19366\" data-rel=\"iLightbox[gallery-rw-1]\" data-title=\"conservacio\" data-caption=\"\">\n\t\t\t\t\t\tGallery\t\t\t\t\t<\/a>\n\t\t\t\t\t\t\t\t\t\t\t\t\t\t\n\t\t\n\t\t\t\t\t\t\t\t\t\t\t\t<h4 class=\"fusion-rollover-title\">\n\t\t\t\t\t<a class=\"fusion-rollover-title-link\" href=\"https:\/\/www.arno.es\/ca\/portfolio-items\/conservacio-de-carreteres-obra-civil-als-trams-de-carretera-del-parc-de-ponts\/\">\n\t\t\t\t\t\tConservaci\u00f3 de carreteres obra civil als trams de carretera del Parc de Ponts\t\t\t\t\t<\/a>\n\t\t\t\t<\/h4>\n\t\t\t\n\t\t\t\t\t\t\t\t\t\t<div class=\"fusion-rollover-categories\"><a href=\"https:\/\/www.arno.es\/portfolio_category\/servicios\/\" rel=\"tag\">Servicios<\/a><\/div>\t\t\t\t\t\n\t\t\n\t\t\t\t\t\t<a class=\"fusion-link-wrapper\" href=\"https:\/\/www.arno.es\/ca\/portfolio-items\/conservacio-de-carreteres-obra-civil-als-trams-de-carretera-del-parc-de-ponts\/\" aria-label=\"Conservaci\u00f3 de carreteres obra civil als trams de carretera del Parc de Ponts\"><\/a>\n\t<\/div>\n<\/div>\n<\/div>\n<\/div><\/article><article id=\"portfolio-1-post-19364\" class=\"fusion-portfolio-post fusion-col-spacing post-19364\"><div class=\"fusion-portfolio-content-wrapper\" style=\"border:none;\"><span class=\"entry-title rich-snippet-hidden\">Lloguer apartament<\/span><span class=\"vcard rich-snippet-hidden\"><span class=\"fn\"><a href=\"https:\/\/www.arno.es\/ca\/author\/informatica\/\" title=\"Entrades de informatica\" rel=\"author\">informatica<\/a><\/span><\/span><span class=\"updated rich-snippet-hidden\">2020-09-08T12:49:50+02:00<\/span><div  class=\"fusion-image-wrapper\" aria-haspopup=\"true\">\n\t\t\t\t<img decoding=\"async\" width=\"1200\" height=\"800\" src=\"https:\/\/www.arno.es\/wp-content\/uploads\/2020\/09\/Lloguer-apartament-c-palau-3-escala-3-sala.jpg\" class=\"attachment-full size-full wp-post-image\" alt=\"\" srcset=\"https:\/\/www.arno.es\/wp-content\/uploads\/2020\/09\/Lloguer-apartament-c-palau-3-escala-3-sala-200x133.jpg 200w, https:\/\/www.arno.es\/wp-content\/uploads\/2020\/09\/Lloguer-apartament-c-palau-3-escala-3-sala-400x267.jpg 400w, https:\/\/www.arno.es\/wp-content\/uploads\/2020\/09\/Lloguer-apartament-c-palau-3-escala-3-sala-600x400.jpg 600w, https:\/\/www.arno.es\/wp-content\/uploads\/2020\/09\/Lloguer-apartament-c-palau-3-escala-3-sala-800x533.jpg 800w, https:\/\/www.arno.es\/wp-content\/uploads\/2020\/09\/Lloguer-apartament-c-palau-3-escala-3-sala.jpg 1200w\" sizes=\"(min-width: 2200px) 100vw, (min-width: 824px) 370px, (min-width: 732px) 555px, (min-width: 640px) 732px, \" \/><div class=\"fusion-rollover\">\n\t<div class=\"fusion-rollover-content\">\n\n\t\t\t\t\t\t\t\t\t\t\t\t\t\t<a class=\"fusion-rollover-link\" href=\"https:\/\/www.arno.es\/ca\/portfolio-items\/lloguer-apartament\/\">Lloguer apartament<\/a>\n\t\t\t\n\t\t\t\t\t\t\t\t\t\t\t\t\t\t\n\t\t\t\t\t\t\t\t\n\t\t\t\t\t\t\t\t\t\t\t\t\t<div class=\"fusion-rollover-sep\"><\/div>\n\t\t\t\t\n\t\t\t\t\t\t\t\t\t\t\t\t\t\t\t\t\t\t<a class=\"fusion-rollover-gallery\" href=\"https:\/\/www.arno.es\/wp-content\/uploads\/2020\/09\/Lloguer-apartament-c-palau-3-escala-3-sala.jpg\" data-options=\"\" data-id=\"19364\" data-rel=\"iLightbox[gallery-rw-1]\" data-title=\"Lloguer-apartament-c-palau 3-escala 3-sala\" data-caption=\"\">\n\t\t\t\t\t\tGallery\t\t\t\t\t<\/a>\n\t\t\t\t\t\t\t\t\t\t\t\t\t\t\n\t\t\n\t\t\t\t\t\t\t\t\t\t\t\t<h4 class=\"fusion-rollover-title\">\n\t\t\t\t\t<a class=\"fusion-rollover-title-link\" href=\"https:\/\/www.arno.es\/ca\/portfolio-items\/lloguer-apartament\/\">\n\t\t\t\t\t\tLloguer apartament\t\t\t\t\t<\/a>\n\t\t\t\t<\/h4>\n\t\t\t\n\t\t\t\t\t\t\t\t\t\t\t\t\t\t\t\n\t\t\n\t\t\t\t\t\t<a class=\"fusion-link-wrapper\" href=\"https:\/\/www.arno.es\/ca\/portfolio-items\/lloguer-apartament\/\" aria-label=\"Lloguer apartament\"><\/a>\n\t<\/div>\n<\/div>\n<\/div>\n<\/div><\/article><article id=\"portfolio-1-post-19362\" class=\"fusion-portfolio-post fusion-col-spacing post-19362\"><div class=\"fusion-portfolio-content-wrapper\" style=\"border:none;\"><span class=\"entry-title rich-snippet-hidden\">Apartament en Centre Hist\u00f2ric-Rambla Ferran-Estaci\u00f3 (Lleida)<\/span><span class=\"vcard rich-snippet-hidden\"><span class=\"fn\"><a href=\"https:\/\/www.arno.es\/ca\/author\/informatica\/\" title=\"Entrades de informatica\" rel=\"author\">informatica<\/a><\/span><\/span><span class=\"updated rich-snippet-hidden\">2020-09-08T11:27:46+02:00<\/span><div  class=\"fusion-image-wrapper\" aria-haspopup=\"true\">\n\t\t\t\t<img decoding=\"async\" width=\"1200\" height=\"800\" src=\"https:\/\/www.arno.es\/wp-content\/uploads\/2020\/09\/c-palau-3-esc-2-sala.jpg\" class=\"attachment-full size-full wp-post-image\" alt=\"\" srcset=\"https:\/\/www.arno.es\/wp-content\/uploads\/2020\/09\/c-palau-3-esc-2-sala-200x133.jpg 200w, https:\/\/www.arno.es\/wp-content\/uploads\/2020\/09\/c-palau-3-esc-2-sala-400x267.jpg 400w, https:\/\/www.arno.es\/wp-content\/uploads\/2020\/09\/c-palau-3-esc-2-sala-600x400.jpg 600w, https:\/\/www.arno.es\/wp-content\/uploads\/2020\/09\/c-palau-3-esc-2-sala-800x533.jpg 800w, https:\/\/www.arno.es\/wp-content\/uploads\/2020\/09\/c-palau-3-esc-2-sala.jpg 1200w\" sizes=\"(min-width: 2200px) 100vw, (min-width: 824px) 370px, (min-width: 732px) 555px, (min-width: 640px) 732px, \" \/><div class=\"fusion-rollover\">\n\t<div class=\"fusion-rollover-content\">\n\n\t\t\t\t\t\t\t\t\t\t\t\t\t\t<a class=\"fusion-rollover-link\" href=\"https:\/\/www.arno.es\/ca\/portfolio-items\/apartament-en-centre-historic-rambla-ferran-estacio-lleida\/\">Apartament en Centre Hist\u00f2ric-Rambla Ferran-Estaci\u00f3 (Lleida)<\/a>\n\t\t\t\n\t\t\t\t\t\t\t\t\t\t\t\t\t\t\n\t\t\t\t\t\t\t\t\n\t\t\t\t\t\t\t\t\t\t\t\t\t<div class=\"fusion-rollover-sep\"><\/div>\n\t\t\t\t\n\t\t\t\t\t\t\t\t\t\t\t\t\t\t\t\t\t\t<a class=\"fusion-rollover-gallery\" href=\"https:\/\/www.arno.es\/wp-content\/uploads\/2020\/09\/c-palau-3-esc-2-sala.jpg\" data-options=\"\" data-id=\"19362\" data-rel=\"iLightbox[gallery-rw-1]\" data-title=\"c palau 3-esc 2-sala\" data-caption=\"\">\n\t\t\t\t\t\tGallery\t\t\t\t\t<\/a>\n\t\t\t\t\t\t\t\t\t\t\t\t\t\t\n\t\t\n\t\t\t\t\t\t\t\t\t\t\t\t<h4 class=\"fusion-rollover-title\">\n\t\t\t\t\t<a class=\"fusion-rollover-title-link\" href=\"https:\/\/www.arno.es\/ca\/portfolio-items\/apartament-en-centre-historic-rambla-ferran-estacio-lleida\/\">\n\t\t\t\t\t\tApartament en Centre Hist\u00f2ric-Rambla Ferran-Estaci\u00f3 (Lleida)\t\t\t\t\t<\/a>\n\t\t\t\t<\/h4>\n\t\t\t\n\t\t\t\t\t\t\t\t\t\t\t\t\t\t\t\n\t\t\n\t\t\t\t\t\t<a class=\"fusion-link-wrapper\" href=\"https:\/\/www.arno.es\/ca\/portfolio-items\/apartament-en-centre-historic-rambla-ferran-estacio-lleida\/\" aria-label=\"Apartament en Centre Hist\u00f2ric-Rambla Ferran-Estaci\u00f3 (Lleida)\"><\/a>\n\t<\/div>\n<\/div>\n<\/div>\n<\/div><\/article><article id=\"portfolio-1-post-19360\" class=\"fusion-portfolio-post fusion-col-spacing post-19360\"><div class=\"fusion-portfolio-content-wrapper\" style=\"border:none;\"><span class=\"entry-title rich-snippet-hidden\">RAISA<\/span><span class=\"vcard rich-snippet-hidden\"><span class=\"fn\"><a href=\"https:\/\/www.arno.es\/ca\/author\/informatica\/\" title=\"Entrades de informatica\" rel=\"author\">informatica<\/a><\/span><\/span><span class=\"updated rich-snippet-hidden\">2020-03-03T13:32:00+01:00<\/span><div  class=\"fusion-image-wrapper\" aria-haspopup=\"true\">\n\t\t\t\t<img decoding=\"async\" width=\"1200\" height=\"400\" src=\"https:\/\/www.arno.es\/wp-content\/uploads\/2019\/10\/Raisa-research-on-anti-icing-solutions-for-asphalt-pavements-arno-blog.png\" class=\"attachment-full size-full wp-post-image\" alt=\"\" srcset=\"https:\/\/www.arno.es\/wp-content\/uploads\/2019\/10\/Raisa-research-on-anti-icing-solutions-for-asphalt-pavements-arno-blog-200x67.png 200w, https:\/\/www.arno.es\/wp-content\/uploads\/2019\/10\/Raisa-research-on-anti-icing-solutions-for-asphalt-pavements-arno-blog-400x133.png 400w, https:\/\/www.arno.es\/wp-content\/uploads\/2019\/10\/Raisa-research-on-anti-icing-solutions-for-asphalt-pavements-arno-blog-600x200.png 600w, https:\/\/www.arno.es\/wp-content\/uploads\/2019\/10\/Raisa-research-on-anti-icing-solutions-for-asphalt-pavements-arno-blog-800x267.png 800w, https:\/\/www.arno.es\/wp-content\/uploads\/2019\/10\/Raisa-research-on-anti-icing-solutions-for-asphalt-pavements-arno-blog.png 1200w\" sizes=\"(min-width: 2200px) 100vw, (min-width: 824px) 370px, (min-width: 732px) 555px, (min-width: 640px) 732px, \" \/><div class=\"fusion-rollover\">\n\t<div class=\"fusion-rollover-content\">\n\n\t\t\t\t\t\t\t\t\t\t\t\t\t\t<a class=\"fusion-rollover-link\" href=\"https:\/\/www.arno.es\/ca\/portfolio-items\/raisa\/\">RAISA<\/a>\n\t\t\t\n\t\t\t\t\t\t\t\t\t\t\t\t\t\t\n\t\t\t\t\t\t\t\t\n\t\t\t\t\t\t\t\t\t\t\t\t\t<div class=\"fusion-rollover-sep\"><\/div>\n\t\t\t\t\n\t\t\t\t\t\t\t\t\t\t\t\t\t\t\t\t\t\t<a class=\"fusion-rollover-gallery\" href=\"https:\/\/www.arno.es\/wp-content\/uploads\/2019\/10\/Raisa-research-on-anti-icing-solutions-for-asphalt-pavements-arno-blog.png\" data-options=\"\" data-id=\"19360\" data-rel=\"iLightbox[gallery-rw-1]\" data-title=\"Raisa-research on anti icing solutions for asphalt pavements-arno-blog\" data-caption=\"\">\n\t\t\t\t\t\tGallery\t\t\t\t\t<\/a>\n\t\t\t\t\t\t\t\t\t\t\t\t\t\t\n\t\t\n\t\t\t\t\t\t\t\t\t\t\t\t<h4 class=\"fusion-rollover-title\">\n\t\t\t\t\t<a class=\"fusion-rollover-title-link\" href=\"https:\/\/www.arno.es\/ca\/portfolio-items\/raisa\/\">\n\t\t\t\t\t\tRAISA\t\t\t\t\t<\/a>\n\t\t\t\t<\/h4>\n\t\t\t\n\t\t\t\t\t\t\t\t\t\t\t\t\t\t\t\n\t\t\n\t\t\t\t\t\t<a class=\"fusion-link-wrapper\" href=\"https:\/\/www.arno.es\/ca\/portfolio-items\/raisa\/\" aria-label=\"RAISA\"><\/a>\n\t<\/div>\n<\/div>\n<\/div>\n<\/div><\/article><article id=\"portfolio-1-post-19358\" class=\"fusion-portfolio-post fusion-col-spacing post-19358\"><div class=\"fusion-portfolio-content-wrapper\" style=\"border:none;\"><span class=\"entry-title rich-snippet-hidden\">Connexi\u00f3 N-230 amb A-2228: Baldellou-Castillonroy<\/span><span class=\"vcard rich-snippet-hidden\"><span class=\"fn\"><a href=\"https:\/\/www.arno.es\/ca\/author\/informatica\/\" title=\"Entrades de informatica\" rel=\"author\">informatica<\/a><\/span><\/span><span class=\"updated rich-snippet-hidden\">2020-01-09T12:58:51+01:00<\/span><div  class=\"fusion-image-wrapper\" aria-haspopup=\"true\">\n\t\t\t\t<img decoding=\"async\" width=\"1200\" height=\"600\" src=\"https:\/\/www.arno.es\/wp-content\/uploads\/2019\/11\/20191126-obra-finalizada-baldellou-castillonroy-arno-cap-web.jpg\" class=\"attachment-full size-full wp-post-image\" alt=\"\" srcset=\"https:\/\/www.arno.es\/wp-content\/uploads\/2019\/11\/20191126-obra-finalizada-baldellou-castillonroy-arno-cap-web-200x100.jpg 200w, https:\/\/www.arno.es\/wp-content\/uploads\/2019\/11\/20191126-obra-finalizada-baldellou-castillonroy-arno-cap-web-400x200.jpg 400w, https:\/\/www.arno.es\/wp-content\/uploads\/2019\/11\/20191126-obra-finalizada-baldellou-castillonroy-arno-cap-web-600x300.jpg 600w, https:\/\/www.arno.es\/wp-content\/uploads\/2019\/11\/20191126-obra-finalizada-baldellou-castillonroy-arno-cap-web-800x400.jpg 800w, https:\/\/www.arno.es\/wp-content\/uploads\/2019\/11\/20191126-obra-finalizada-baldellou-castillonroy-arno-cap-web.jpg 1200w\" sizes=\"(min-width: 2200px) 100vw, (min-width: 824px) 370px, (min-width: 732px) 555px, (min-width: 640px) 732px, \" \/><div class=\"fusion-rollover\">\n\t<div class=\"fusion-rollover-content\">\n\n\t\t\t\t\t\t\t\t\t\t\t\t\t\t<a class=\"fusion-rollover-link\" href=\"https:\/\/www.arno.es\/ca\/portfolio-items\/connexio-n-230-amb-a-2228-baldellou-castillonroy\/\">Connexi\u00f3 N-230 amb A-2228: Baldellou-Castillonroy<\/a>\n\t\t\t\n\t\t\t\t\t\t\t\t\t\t\t\t\t\t\n\t\t\t\t\t\t\t\t\n\t\t\t\t\t\t\t\t\t\t\t\t\t<div class=\"fusion-rollover-sep\"><\/div>\n\t\t\t\t\n\t\t\t\t\t\t\t\t\t\t\t\t\t\t\t\t\t\t<a class=\"fusion-rollover-gallery\" href=\"https:\/\/www.arno.es\/wp-content\/uploads\/2019\/11\/20191126-obra-finalizada-baldellou-castillonroy-arno-cap-web.jpg\" data-options=\"\" data-id=\"19358\" data-rel=\"iLightbox[gallery-rw-1]\" data-title=\"20191126-obra finalizada-baldellou-castillonroy-arno-cap-web\" data-caption=\"\">\n\t\t\t\t\t\tGallery\t\t\t\t\t<\/a>\n\t\t\t\t\t\t\t\t\t\t\t\t\t\t\n\t\t\n\t\t\t\t\t\t\t\t\t\t\t\t<h4 class=\"fusion-rollover-title\">\n\t\t\t\t\t<a class=\"fusion-rollover-title-link\" href=\"https:\/\/www.arno.es\/ca\/portfolio-items\/connexio-n-230-amb-a-2228-baldellou-castillonroy\/\">\n\t\t\t\t\t\tConnexi\u00f3 N-230 amb A-2228: Baldellou-Castillonroy\t\t\t\t\t<\/a>\n\t\t\t\t<\/h4>\n\t\t\t\n\t\t\t\t\t\t\t\t\t\t\t\t\t\t\t\n\t\t\n\t\t\t\t\t\t<a class=\"fusion-link-wrapper\" href=\"https:\/\/www.arno.es\/ca\/portfolio-items\/connexio-n-230-amb-a-2228-baldellou-castillonroy\/\" aria-label=\"Connexi\u00f3 N-230 amb A-2228: Baldellou-Castillonroy\"><\/a>\n\t<\/div>\n<\/div>\n<\/div>\n<\/div><\/article><article id=\"portfolio-1-post-19356\" class=\"fusion-portfolio-post fusion-col-spacing post-19356\"><div class=\"fusion-portfolio-content-wrapper\" style=\"border:none;\"><span class=\"entry-title rich-snippet-hidden\">Club N\u00e0utics Cambrils<\/span><span class=\"vcard rich-snippet-hidden\"><span class=\"fn\"><a href=\"https:\/\/www.arno.es\/ca\/author\/informatica\/\" title=\"Entrades de informatica\" rel=\"author\">informatica<\/a><\/span><\/span><span class=\"updated rich-snippet-hidden\">2020-01-09T12:46:44+01:00<\/span><div  class=\"fusion-image-wrapper\" aria-haspopup=\"true\">\n\t\t\t\t<img decoding=\"async\" width=\"1200\" height=\"600\" src=\"https:\/\/www.arno.es\/wp-content\/uploads\/2020\/01\/20200109-cap-web-club-nautic-cambrils-arno.png\" class=\"attachment-full size-full wp-post-image\" alt=\"\" srcset=\"https:\/\/www.arno.es\/wp-content\/uploads\/2020\/01\/20200109-cap-web-club-nautic-cambrils-arno-200x100.png 200w, https:\/\/www.arno.es\/wp-content\/uploads\/2020\/01\/20200109-cap-web-club-nautic-cambrils-arno-400x200.png 400w, https:\/\/www.arno.es\/wp-content\/uploads\/2020\/01\/20200109-cap-web-club-nautic-cambrils-arno-600x300.png 600w, https:\/\/www.arno.es\/wp-content\/uploads\/2020\/01\/20200109-cap-web-club-nautic-cambrils-arno-800x400.png 800w, https:\/\/www.arno.es\/wp-content\/uploads\/2020\/01\/20200109-cap-web-club-nautic-cambrils-arno.png 1200w\" sizes=\"(min-width: 2200px) 100vw, (min-width: 824px) 370px, (min-width: 732px) 555px, (min-width: 640px) 732px, \" \/><div class=\"fusion-rollover\">\n\t<div class=\"fusion-rollover-content\">\n\n\t\t\t\t\t\t\t\t\t\t\t\t\t\t<a class=\"fusion-rollover-link\" href=\"https:\/\/www.arno.es\/ca\/portfolio-items\/club-nautics-cambrils\/\">Club N\u00e0utics Cambrils<\/a>\n\t\t\t\n\t\t\t\t\t\t\t\t\t\t\t\t\t\t\n\t\t\t\t\t\t\t\t\n\t\t\t\t\t\t\t\t\t\t\t\t\t<div class=\"fusion-rollover-sep\"><\/div>\n\t\t\t\t\n\t\t\t\t\t\t\t\t\t\t\t\t\t\t\t\t\t\t<a class=\"fusion-rollover-gallery\" href=\"https:\/\/www.arno.es\/wp-content\/uploads\/2020\/01\/20200109-cap-web-club-nautic-cambrils-arno.png\" data-options=\"\" data-id=\"19356\" data-rel=\"iLightbox[gallery-rw-1]\" data-title=\"20200109-cap web club nautic cambrils-arno\" data-caption=\"\">\n\t\t\t\t\t\tGallery\t\t\t\t\t<\/a>\n\t\t\t\t\t\t\t\t\t\t\t\t\t\t\n\t\t\n\t\t\t\t\t\t\t\t\t\t\t\t<h4 class=\"fusion-rollover-title\">\n\t\t\t\t\t<a class=\"fusion-rollover-title-link\" href=\"https:\/\/www.arno.es\/ca\/portfolio-items\/club-nautics-cambrils\/\">\n\t\t\t\t\t\tClub N\u00e0utics Cambrils\t\t\t\t\t<\/a>\n\t\t\t\t<\/h4>\n\t\t\t\n\t\t\t\t\t\t\t\t\t\t\t\t\t\t\t\n\t\t\n\t\t\t\t\t\t<a class=\"fusion-link-wrapper\" href=\"https:\/\/www.arno.es\/ca\/portfolio-items\/club-nautics-cambrils\/\" aria-label=\"Club N\u00e0utics Cambrils\"><\/a>\n\t<\/div>\n<\/div>\n<\/div>\n<\/div><\/article><article id=\"portfolio-1-post-19354\" class=\"fusion-portfolio-post fusion-col-spacing post-19354\"><div class=\"fusion-portfolio-content-wrapper\" style=\"border:none;\"><span class=\"entry-title rich-snippet-hidden\">Remodelaci\u00f3 pl. Jardins d&#8217;Alf\u00e0bia, Barcelona<\/span><span class=\"vcard rich-snippet-hidden\"><span class=\"fn\"><a href=\"https:\/\/www.arno.es\/ca\/author\/informatica\/\" title=\"Entrades de informatica\" rel=\"author\">informatica<\/a><\/span><\/span><span class=\"updated rich-snippet-hidden\">2019-04-03T10:27:21+02:00<\/span><div  class=\"fusion-image-wrapper\" aria-haspopup=\"true\">\n\t\t\t\t<img decoding=\"async\" width=\"1200\" height=\"800\" src=\"https:\/\/www.arno.es\/wp-content\/uploads\/2019\/06\/Jardins-d-Alfabia-Barcelona-Arno-13.jpg\" class=\"attachment-full size-full wp-post-image\" alt=\"\" srcset=\"https:\/\/www.arno.es\/wp-content\/uploads\/2019\/06\/Jardins-d-Alfabia-Barcelona-Arno-13-200x133.jpg 200w, https:\/\/www.arno.es\/wp-content\/uploads\/2019\/06\/Jardins-d-Alfabia-Barcelona-Arno-13-400x267.jpg 400w, https:\/\/www.arno.es\/wp-content\/uploads\/2019\/06\/Jardins-d-Alfabia-Barcelona-Arno-13-600x400.jpg 600w, https:\/\/www.arno.es\/wp-content\/uploads\/2019\/06\/Jardins-d-Alfabia-Barcelona-Arno-13-800x533.jpg 800w, https:\/\/www.arno.es\/wp-content\/uploads\/2019\/06\/Jardins-d-Alfabia-Barcelona-Arno-13.jpg 1200w\" sizes=\"(min-width: 2200px) 100vw, (min-width: 824px) 370px, (min-width: 732px) 555px, (min-width: 640px) 732px, \" \/><div class=\"fusion-rollover\">\n\t<div class=\"fusion-rollover-content\">\n\n\t\t\t\t\t\t\t\t\t\t\t\t\t\t<a class=\"fusion-rollover-link\" href=\"https:\/\/www.arno.es\/ca\/portfolio-items\/remodelacio-pl-jardins-dalfabia-barcelona\/\">Remodelaci\u00f3 pl. Jardins d&#8217;Alf\u00e0bia, Barcelona<\/a>\n\t\t\t\n\t\t\t\t\t\t\t\t\t\t\t\t\t\t\n\t\t\t\t\t\t\t\t\n\t\t\t\t\t\t\t\t\t\t\t\t\t<div class=\"fusion-rollover-sep\"><\/div>\n\t\t\t\t\n\t\t\t\t\t\t\t\t\t\t\t\t\t\t\t\t\t\t<a class=\"fusion-rollover-gallery\" href=\"https:\/\/www.arno.es\/wp-content\/uploads\/2019\/06\/Jardins-d-Alfabia-Barcelona-Arno-13.jpg\" data-options=\"\" data-id=\"19354\" data-rel=\"iLightbox[gallery-rw-1]\" data-title=\"Jardins d Alfabia Barcelona-Arno (13)\" data-caption=\"\">\n\t\t\t\t\t\tGallery\t\t\t\t\t<\/a>\n\t\t\t\t\t\t\t\t\t\t\t\t\t\t\n\t\t\n\t\t\t\t\t\t\t\t\t\t\t\t<h4 class=\"fusion-rollover-title\">\n\t\t\t\t\t<a class=\"fusion-rollover-title-link\" href=\"https:\/\/www.arno.es\/ca\/portfolio-items\/remodelacio-pl-jardins-dalfabia-barcelona\/\">\n\t\t\t\t\t\tRemodelaci\u00f3 pl. Jardins d&#8217;Alf\u00e0bia, Barcelona\t\t\t\t\t<\/a>\n\t\t\t\t<\/h4>\n\t\t\t\n\t\t\t\t\t\t\t\t\t\t\t\t\t\t\t\n\t\t\n\t\t\t\t\t\t<a class=\"fusion-link-wrapper\" href=\"https:\/\/www.arno.es\/ca\/portfolio-items\/remodelacio-pl-jardins-dalfabia-barcelona\/\" aria-label=\"Remodelaci\u00f3 pl. Jardins d&#8217;Alf\u00e0bia, Barcelona\"><\/a>\n\t<\/div>\n<\/div>\n<\/div>\n<\/div><\/article><\/div><div class=\"fusion-infinite-scroll-trigger\"><\/div><div class=\"pagination infinite-scroll clearfix\" style=\"display:none;\"><span class=\"current\">1<\/span><a href=\"https:\/\/www.arno.es\/ca\/wp-json\/wp\/v2\/pages\/19380\/page\/2\/\" class=\"inactive\">2<\/a><a class=\"pagination-next\" rel=\"next\" href=\"https:\/\/www.arno.es\/ca\/wp-json\/wp\/v2\/pages\/19380\/page\/2\/\"><span class=\"page-text\">Seg\u00fcent<\/span><span class=\"page-next\"><\/span><\/a><\/div><div class=\"fusion-clearfix\"><\/div><\/div><\/div><\/div><\/div><\/div><\/p>\n","protected":false},"excerpt":{"rendered":"","protected":false},"author":11,"featured_media":0,"parent":0,"menu_order":0,"comment_status":"closed","ping_status":"closed","template":"100-width.php","meta":{"footnotes":""},"class_list":["post-19380","page","type-page","status-publish","hentry"],"yoast_head":"<!-- This site is optimized with the Yoast SEO plugin v27.4 - https:\/\/yoast.com\/product\/yoast-seo-wordpress\/ -->\n<title>Projectes - Benito Arn\u00f3<\/title>\n<meta name=\"description\" content=\"Projectes -\" \/>\n<meta name=\"robots\" content=\"index, follow, max-snippet:-1, max-image-preview:large, max-video-preview:-1\" \/>\n<link rel=\"canonical\" href=\"https:\/\/www.arno.es\/ca\/projectes\/\" \/>\n<meta property=\"og:locale\" content=\"ca_ES\" \/>\n<meta property=\"og:type\" content=\"article\" \/>\n<meta property=\"og:title\" content=\"Projectes - Benito Arn\u00f3\" \/>\n<meta property=\"og:description\" content=\"Projectes -\" \/>\n<meta property=\"og:url\" content=\"https:\/\/www.arno.es\/ca\/projectes\/\" \/>\n<meta property=\"og:site_name\" content=\"Benito Arn\u00f3\" \/>\n<meta property=\"article:publisher\" content=\"https:\/\/www.facebook.com\/BenitoArno\/\" \/>\n<meta property=\"article:modified_time\" content=\"2015-12-04T02:09:03+00:00\" \/>\n<meta name=\"twitter:card\" content=\"summary_large_image\" \/>\n<meta name=\"twitter:site\" content=\"@benito_arno\" \/>\n<meta name=\"twitter:label1\" content=\"Temps estimat de lectura\" \/>\n\t<meta name=\"twitter:data1\" content=\"3 minuts\" \/>\n<script type=\"application\/ld+json\" class=\"yoast-schema-graph\">{\"@context\":\"https:\\\/\\\/schema.org\",\"@graph\":[{\"@type\":\"WebPage\",\"@id\":\"https:\\\/\\\/www.arno.es\\\/ca\\\/projectes\\\/\",\"url\":\"https:\\\/\\\/www.arno.es\\\/ca\\\/projectes\\\/\",\"name\":\"Projectes - Benito Arn\u00f3\",\"isPartOf\":{\"@id\":\"https:\\\/\\\/www.arno.es\\\/ca\\\/#website\"},\"datePublished\":\"2015-12-04T01:09:03+00:00\",\"dateModified\":\"2015-12-04T02:09:03+00:00\",\"description\":\"Projectes -\",\"breadcrumb\":{\"@id\":\"https:\\\/\\\/www.arno.es\\\/ca\\\/projectes\\\/#breadcrumb\"},\"inLanguage\":\"ca\",\"potentialAction\":[{\"@type\":\"ReadAction\",\"target\":[\"https:\\\/\\\/www.arno.es\\\/ca\\\/projectes\\\/\"]}]},{\"@type\":\"BreadcrumbList\",\"@id\":\"https:\\\/\\\/www.arno.es\\\/ca\\\/projectes\\\/#breadcrumb\",\"itemListElement\":[{\"@type\":\"ListItem\",\"position\":1,\"name\":\"Portada\",\"item\":\"https:\\\/\\\/www.arno.es\\\/ca\\\/\"},{\"@type\":\"ListItem\",\"position\":2,\"name\":\"Projectes\"}]},{\"@type\":\"WebSite\",\"@id\":\"https:\\\/\\\/www.arno.es\\\/ca\\\/#website\",\"url\":\"https:\\\/\\\/www.arno.es\\\/ca\\\/\",\"name\":\"Benito Arn\u00f3\",\"description\":\"[:es]Construcci\u00f3n y servicios[:ca]Construcci\u00f3 i serveis[:]\",\"publisher\":{\"@id\":\"https:\\\/\\\/www.arno.es\\\/ca\\\/#organization\"},\"potentialAction\":[{\"@type\":\"SearchAction\",\"target\":{\"@type\":\"EntryPoint\",\"urlTemplate\":\"https:\\\/\\\/www.arno.es\\\/ca\\\/?s={search_term_string}\"},\"query-input\":{\"@type\":\"PropertyValueSpecification\",\"valueRequired\":true,\"valueName\":\"search_term_string\"}}],\"inLanguage\":\"ca\"},{\"@type\":\"Organization\",\"@id\":\"https:\\\/\\\/www.arno.es\\\/ca\\\/#organization\",\"name\":\"Benito Arn\u00f3 e Hijos\",\"url\":\"https:\\\/\\\/www.arno.es\\\/ca\\\/\",\"logo\":{\"@type\":\"ImageObject\",\"inLanguage\":\"ca\",\"@id\":\"https:\\\/\\\/www.arno.es\\\/ca\\\/#\\\/schema\\\/logo\\\/image\\\/\",\"url\":\"https:\\\/\\\/www.arno.es\\\/wp-content\\\/uploads\\\/2018\\\/10\\\/ARNO-Logo-web-1.png\",\"contentUrl\":\"https:\\\/\\\/www.arno.es\\\/wp-content\\\/uploads\\\/2018\\\/10\\\/ARNO-Logo-web-1.png\",\"width\":186,\"height\":75,\"caption\":\"Benito Arn\u00f3 e Hijos\"},\"image\":{\"@id\":\"https:\\\/\\\/www.arno.es\\\/ca\\\/#\\\/schema\\\/logo\\\/image\\\/\"},\"sameAs\":[\"https:\\\/\\\/www.facebook.com\\\/BenitoArno\\\/\",\"https:\\\/\\\/x.com\\\/benito_arno\",\"https:\\\/\\\/www.instagram.com\\\/benito_arno\\\/\",\"https:\\\/\\\/www.linkedin.com\\\/company\\\/benitoarno\",\"https:\\\/\\\/www.youtube.com\\\/c\\\/benitoarno\"]}]}<\/script>\n<!-- \/ Yoast SEO plugin. -->","yoast_head_json":{"title":"Projectes - Benito Arn\u00f3","description":"Projectes -","robots":{"index":"index","follow":"follow","max-snippet":"max-snippet:-1","max-image-preview":"max-image-preview:large","max-video-preview":"max-video-preview:-1"},"canonical":"https:\/\/www.arno.es\/ca\/projectes\/","og_locale":"ca_ES","og_type":"article","og_title":"Projectes - Benito Arn\u00f3","og_description":"Projectes -","og_url":"https:\/\/www.arno.es\/ca\/projectes\/","og_site_name":"Benito Arn\u00f3","article_publisher":"https:\/\/www.facebook.com\/BenitoArno\/","article_modified_time":"2015-12-04T02:09:03+00:00","twitter_card":"summary_large_image","twitter_site":"@benito_arno","twitter_misc":{"Temps estimat de lectura":"3 minuts"},"schema":{"@context":"https:\/\/schema.org","@graph":[{"@type":"WebPage","@id":"https:\/\/www.arno.es\/ca\/projectes\/","url":"https:\/\/www.arno.es\/ca\/projectes\/","name":"Projectes - Benito Arn\u00f3","isPartOf":{"@id":"https:\/\/www.arno.es\/ca\/#website"},"datePublished":"2015-12-04T01:09:03+00:00","dateModified":"2015-12-04T02:09:03+00:00","description":"Projectes -","breadcrumb":{"@id":"https:\/\/www.arno.es\/ca\/projectes\/#breadcrumb"},"inLanguage":"ca","potentialAction":[{"@type":"ReadAction","target":["https:\/\/www.arno.es\/ca\/projectes\/"]}]},{"@type":"BreadcrumbList","@id":"https:\/\/www.arno.es\/ca\/projectes\/#breadcrumb","itemListElement":[{"@type":"ListItem","position":1,"name":"Portada","item":"https:\/\/www.arno.es\/ca\/"},{"@type":"ListItem","position":2,"name":"Projectes"}]},{"@type":"WebSite","@id":"https:\/\/www.arno.es\/ca\/#website","url":"https:\/\/www.arno.es\/ca\/","name":"Benito Arn\u00f3","description":"[:es]Construcci\u00f3n y servicios[:ca]Construcci\u00f3 i serveis[:]","publisher":{"@id":"https:\/\/www.arno.es\/ca\/#organization"},"potentialAction":[{"@type":"SearchAction","target":{"@type":"EntryPoint","urlTemplate":"https:\/\/www.arno.es\/ca\/?s={search_term_string}"},"query-input":{"@type":"PropertyValueSpecification","valueRequired":true,"valueName":"search_term_string"}}],"inLanguage":"ca"},{"@type":"Organization","@id":"https:\/\/www.arno.es\/ca\/#organization","name":"Benito Arn\u00f3 e Hijos","url":"https:\/\/www.arno.es\/ca\/","logo":{"@type":"ImageObject","inLanguage":"ca","@id":"https:\/\/www.arno.es\/ca\/#\/schema\/logo\/image\/","url":"https:\/\/www.arno.es\/wp-content\/uploads\/2018\/10\/ARNO-Logo-web-1.png","contentUrl":"https:\/\/www.arno.es\/wp-content\/uploads\/2018\/10\/ARNO-Logo-web-1.png","width":186,"height":75,"caption":"Benito Arn\u00f3 e Hijos"},"image":{"@id":"https:\/\/www.arno.es\/ca\/#\/schema\/logo\/image\/"},"sameAs":["https:\/\/www.facebook.com\/BenitoArno\/","https:\/\/x.com\/benito_arno","https:\/\/www.instagram.com\/benito_arno\/","https:\/\/www.linkedin.com\/company\/benitoarno","https:\/\/www.youtube.com\/c\/benitoarno"]}]}},"_links":{"self":[{"href":"https:\/\/www.arno.es\/ca\/wp-json\/wp\/v2\/pages\/19380","targetHints":{"allow":["GET"]}}],"collection":[{"href":"https:\/\/www.arno.es\/ca\/wp-json\/wp\/v2\/pages"}],"about":[{"href":"https:\/\/www.arno.es\/ca\/wp-json\/wp\/v2\/types\/page"}],"author":[{"embeddable":true,"href":"https:\/\/www.arno.es\/ca\/wp-json\/wp\/v2\/users\/11"}],"replies":[{"embeddable":true,"href":"https:\/\/www.arno.es\/ca\/wp-json\/wp\/v2\/comments?post=19380"}],"version-history":[{"count":0,"href":"https:\/\/www.arno.es\/ca\/wp-json\/wp\/v2\/pages\/19380\/revisions"}],"wp:attachment":[{"href":"https:\/\/www.arno.es\/ca\/wp-json\/wp\/v2\/media?parent=19380"}],"curies":[{"name":"wp","href":"https:\/\/api.w.org\/{rel}","templated":true}]}}