{"id":19388,"date":"2016-12-15T12:29:57","date_gmt":"2016-12-15T11:29:57","guid":{"rendered":"https:\/\/www.arno.es\/materials\/"},"modified":"2025-11-27T18:09:21","modified_gmt":"2025-11-27T17:09:21","slug":"materials","status":"publish","type":"page","link":"https:\/\/www.arno.es\/ca\/materials\/","title":{"rendered":"Materials"},"content":{"rendered":"<p><div class=\"fusion-fullwidth fullwidth-box fusion-builder-row-1 fusion-flex-container nonhundred-percent-fullwidth non-hundred-percent-height-scrolling\" style=\"--awb-background-position:left top;--awb-border-sizes-top:0px;--awb-border-sizes-bottom:0px;--awb-border-sizes-left:0px;--awb-border-sizes-right:0px;--awb-border-radius-top-left:0px;--awb-border-radius-top-right:0px;--awb-border-radius-bottom-right:0px;--awb-border-radius-bottom-left:0px;--awb-padding-top:2%;--awb-padding-bottom:2%;--awb-background-color:#ffa300;--awb-flex-wrap:wrap;\" ><div class=\"fusion-builder-row fusion-row fusion-flex-align-items-flex-start fusion-flex-content-wrap\" style=\"max-width:1216.8px;margin-left: calc(-4% \/ 2 );margin-right: calc(-4% \/ 2 );\"><div class=\"fusion-layout-column fusion_builder_column fusion-builder-column-0 fusion_builder_column_1_1 1_1 fusion-flex-column\" style=\"--awb-bg-size:cover;--awb-width-large:100%;--awb-margin-top-large:0px;--awb-spacing-right-large:1.92%;--awb-margin-bottom-large:0px;--awb-spacing-left-large:1.92%;--awb-width-medium:100%;--awb-spacing-right-medium:1.92%;--awb-spacing-left-medium:1.92%;--awb-width-small:100%;--awb-spacing-right-small:1.92%;--awb-spacing-left-small:1.92%;\"><div class=\"fusion-column-wrapper fusion-flex-justify-content-flex-start fusion-content-layout-column\"><div class=\"fusion-text fusion-text-1\"><h3 style=\"text-align: center;\" data-fontsize=\"24\" data-lineheight=\"36\">Fabricaci\u00f3 de materials per la construcci\u00f3<\/h3>\n<div id=\"ritekit-alerts\"><\/div>\n<div id=\"ritekit-alerts\"><\/div>\n<div id=\"ritekit-alerts\"><\/div>\n<div id=\"ritekit-alerts\"><\/div>\n<div id=\"ritekit-alerts\"><\/div>\n<\/div><\/div><\/div><\/div><\/div><div class=\"fusion-fullwidth fullwidth-box fusion-builder-row-2 fusion-flex-container nonhundred-percent-fullwidth non-hundred-percent-height-scrolling\" style=\"--awb-background-position:left top;--awb-border-sizes-top:0px;--awb-border-sizes-bottom:0px;--awb-border-sizes-left:0px;--awb-border-sizes-right:0px;--awb-border-radius-top-left:0px;--awb-border-radius-top-right:0px;--awb-border-radius-bottom-right:0px;--awb-border-radius-bottom-left:0px;--awb-padding-top:3%;--awb-padding-bottom:2%;--awb-background-color:#ffffff;--awb-flex-wrap:wrap;\" ><div class=\"fusion-builder-row fusion-row fusion-flex-align-items-flex-start fusion-flex-content-wrap\" style=\"max-width:1216.8px;margin-left: calc(-4% \/ 2 );margin-right: calc(-4% \/ 2 );\"><div class=\"fusion-layout-column fusion_builder_column fusion-builder-column-1 fusion_builder_column_1_1 1_1 fusion-flex-column\" style=\"--awb-bg-size:cover;--awb-width-large:100%;--awb-margin-top-large:50px;--awb-spacing-right-large:1.92%;--awb-margin-bottom-large:25px;--awb-spacing-left-large:1.92%;--awb-width-medium:100%;--awb-spacing-right-medium:1.92%;--awb-spacing-left-medium:1.92%;--awb-width-small:100%;--awb-spacing-right-small:1.92%;--awb-spacing-left-small:1.92%;\"><div class=\"fusion-column-wrapper fusion-flex-justify-content-flex-start fusion-content-layout-column\"><div class=\"fusion-tabs fusion-tabs-1 clean vertical-tabs icon-position-left mobile-mode-accordion\" style=\"--awb-title-border-radius-top-left:0px;--awb-title-border-radius-top-right:0px;--awb-title-border-radius-bottom-right:0px;--awb-title-border-radius-bottom-left:0px;--awb-alignment:start;--awb-inactive-color:#f5f5f5;--awb-background-color:#ffa300;--awb-border-color:rgba(245,245,245,0);--awb-active-border-color:#ffa300;\"><div class=\"nav\"><ul class=\"nav-tabs\" role=\"tablist\"><li class=\"active\" role=\"presentation\"><a class=\"tab-link\" data-toggle=\"tab\" role=\"tab\" aria-controls=\"tab-afd3833144d6f22b98f\" aria-selected=\"true\" id=\"fusion-tab-\u00c0rids\" href=\"#tab-afd3833144d6f22b98f\"><h4 class=\"fusion-tab-heading\">\u00c0rids<\/h4><\/a><\/li><li role=\"presentation\"><a class=\"tab-link\" data-toggle=\"tab\" role=\"tab\" aria-controls=\"tab-0223a53e2a4f5f7b5a4\" aria-selected=\"false\" tabindex=\"-1\" id=\"fusion-tab-mesclesiemulsionsasf\u00e0ltiques\" href=\"#tab-0223a53e2a4f5f7b5a4\"><h4 class=\"fusion-tab-heading\">Mescles i emulsions asf\u00e0ltiques <\/h4><\/a><\/li><li role=\"presentation\"><a class=\"tab-link\" data-toggle=\"tab\" role=\"tab\" aria-controls=\"tab-45b7e25dfec0122c466\" aria-selected=\"false\" tabindex=\"-1\" id=\"fusion-tab-formigons\" href=\"#tab-45b7e25dfec0122c466\"><h4 class=\"fusion-tab-heading\">Formigons<\/h4><\/a><\/li><\/ul><\/div><div class=\"tab-content\"><div class=\"nav fusion-mobile-tab-nav\"><ul class=\"nav-tabs\" role=\"tablist\"><li class=\"active\" role=\"presentation\"><a class=\"tab-link\" data-toggle=\"tab\" role=\"tab\" aria-controls=\"tab-afd3833144d6f22b98f\" aria-selected=\"true\" id=\"mobile-fusion-tab-\u00c0rids\" href=\"#tab-afd3833144d6f22b98f\"><h4 class=\"fusion-tab-heading\">\u00c0rids<\/h4><\/a><\/li><\/ul><\/div><div class=\"tab-pane fade fusion-clearfix in active\" role=\"tabpanel\" tabindex=\"0\" aria-labelledby=\"fusion-tab-\u00c0rids\" id=\"tab-afd3833144d6f22b98f\">\n<h2 style=\"font-weight: 300; margin-top: -20px;\">\u00c0rids<\/h2>\n<p data-fontsize=\"16\" data-lineheight=\"24\">Arn\u00f3 compta amb pedreres, graveres i plantes distribu\u00efdes per la geografia espanyola, pel subministrament d&#8217;\u00e0rids destinats a diverses aplicacions.<\/p>\n<p data-fontsize=\"16\" data-lineheight=\"24\">L&#8217;empresa compta amb graveres d&#8217;\u00e0rids sil\u00edcios, pedreres de roca calc\u00e0rea i de roques \u00edgnies i metam\u00f2rfiques. Entre aquestes \u00faltimes destaquem la pedrera of\u00edtica de La Soriana, a la prov\u00edncia d&#8217;Osca, les pedreres d&#8217;andesita d&#8217;Atienza, a la prov\u00edncia de Guadalajara, i la pedrera milon\u00edtica El Aljibe, a la prov\u00edncia de Toledo. Aquestes tres pedreres disposen del distintiu de qualitat d&#8217;ADIF per a la fabricaci\u00f3 del balast.<\/p>\n<p data-fontsize=\"16\" data-lineheight=\"24\">Tots els \u00e0rids produ\u00efts disposen del marcat CE.<\/p>\n<\/div><div class=\"nav fusion-mobile-tab-nav\"><ul class=\"nav-tabs\" role=\"tablist\"><li role=\"presentation\"><a class=\"tab-link\" data-toggle=\"tab\" role=\"tab\" aria-controls=\"tab-0223a53e2a4f5f7b5a4\" aria-selected=\"false\" tabindex=\"-1\" id=\"mobile-fusion-tab-mesclesiemulsionsasf\u00e0ltiques\" href=\"#tab-0223a53e2a4f5f7b5a4\"><h4 class=\"fusion-tab-heading\">Mescles i emulsions asf\u00e0ltiques <\/h4><\/a><\/li><\/ul><\/div><div class=\"tab-pane fade fusion-clearfix\" role=\"tabpanel\" tabindex=\"0\" aria-labelledby=\"fusion-tab-mesclesiemulsionsasf\u00e0ltiques\" id=\"tab-0223a53e2a4f5f7b5a4\">\n<h2 style=\"font-weight: 300; margin-top: -20px;\">Mescles i emulsions asf\u00e0ltiques<\/h2>\n<p data-fontsize=\"16\" data-lineheight=\"24\">Produ\u00efm mescles i emulsions asf\u00e0ltiques pel subministrament a tercers i per les nostres pr\u00f2pies obres. Disposem de diverses plantes a diferents llocs de l&#8217;Estat.<\/p>\n<div id=\"ritekit-alerts\">Les barreges produ\u00efdes a les diferents plantes, disposen del certificat de conformitat CE de control de producci\u00f3 a f\u00e0brica.<\/div>\n<\/div><div class=\"nav fusion-mobile-tab-nav\"><ul class=\"nav-tabs\" role=\"tablist\"><li role=\"presentation\"><a class=\"tab-link\" data-toggle=\"tab\" role=\"tab\" aria-controls=\"tab-45b7e25dfec0122c466\" aria-selected=\"false\" tabindex=\"-1\" id=\"mobile-fusion-tab-formigons\" href=\"#tab-45b7e25dfec0122c466\"><h4 class=\"fusion-tab-heading\">Formigons<\/h4><\/a><\/li><\/ul><\/div><div class=\"tab-pane fade fusion-clearfix\" role=\"tabpanel\" tabindex=\"0\" aria-labelledby=\"fusion-tab-formigons\" id=\"tab-45b7e25dfec0122c466\">\n<h2 style=\"font-weight: 300; margin-top: -20px;\">Formigons<\/h2>\n<p>La producci\u00f3 de formigons \u00e9s per al subministrament a tercers i per a les nostres pr\u00f2pies obres.<\/p>\n<p>Es disposa del certificat de conformitat del control de producci\u00f3 dels formigons fabricats a central (Reial Decret 163\/2019).<\/p>\n<p>S\u2019informa als nostres clients de la exist\u00e8ncia d\u2019un protocol informatiu del control del volum subministrat.<\/p>\n<\/div><\/div><\/div><\/div><\/div><\/div><\/div><div class=\"fusion-fullwidth fullwidth-box fusion-builder-row-3 fusion-flex-container nonhundred-percent-fullwidth non-hundred-percent-height-scrolling\" style=\"--awb-background-position:left top;--awb-border-sizes-top:0px;--awb-border-sizes-bottom:0px;--awb-border-sizes-left:0px;--awb-border-sizes-right:0px;--awb-border-radius-top-left:0px;--awb-border-radius-top-right:0px;--awb-border-radius-bottom-right:0px;--awb-border-radius-bottom-left:0px;--awb-padding-top:2%;--awb-padding-bottom:2%;--awb-flex-wrap:wrap;\" ><div class=\"fusion-builder-row fusion-row fusion-flex-align-items-flex-start fusion-flex-content-wrap\" style=\"max-width:1216.8px;margin-left: calc(-4% \/ 2 );margin-right: calc(-4% \/ 2 );\"><div class=\"fusion-layout-column fusion_builder_column fusion-builder-column-2 fusion_builder_column_1_1 1_1 fusion-flex-column\" style=\"--awb-padding-right:15%;--awb-padding-left:15%;--awb-bg-size:cover;--awb-width-large:100%;--awb-margin-top-large:0px;--awb-spacing-right-large:1.92%;--awb-margin-bottom-large:0px;--awb-spacing-left-large:1.92%;--awb-width-medium:100%;--awb-spacing-right-medium:1.92%;--awb-spacing-left-medium:1.92%;--awb-width-small:100%;--awb-spacing-right-small:1.92%;--awb-spacing-left-small:1.92%;\"><div class=\"fusion-column-wrapper fusion-flex-justify-content-flex-start fusion-content-layout-column\"><div class=\"fusion-text fusion-text-2\"><h2 style=\"font-weight: 300; text-align: center;\">Canteres i plantes<\/h2>\n<div id=\"ritekit-alerts\"><\/div>\n<div id=\"ritekit-alerts\"><\/div>\n<\/div><div class=\"fusion-separator\" style=\"align-self: center;margin-left: auto;margin-right: auto;margin-top:0px;margin-bottom:30px;width:100%;max-width:206px;\"><div class=\"fusion-separator-border sep-single sep-solid\" style=\"--awb-height:20px;--awb-amount:20px;--awb-sep-color:#ffa300;border-color:#ffa300;border-top-width:2px;\"><\/div><\/div><div class=\"fusion-text fusion-text-3\"><p data-fontsize=\"24\" data-lineheight=\"36\">En el sector de la fabricaci\u00f3 d\u2019\u00e0rids, Arn\u00f3\u00a0compta amb pedreres, graveres i plantes distribu\u00efdes per la geografia espanyola.<\/p>\n<p data-fontsize=\"24\" data-lineheight=\"36\">Tenim\u00a0graveres d\u2019\u00e0rids silicis, canteres de roca calc\u00e0ria i de roques \u00edgnies i metam\u00f2rfiques. Entre aquestes \u00faltimes destaquem la pedrera of\u00edtica de La Soriana, a la prov\u00edncia d\u2019Osca, les pedreres d\u2019andesita d\u2019Atienza, a la prov\u00edncia de Guadalajara, i la pedrera milon\u00edtica d\u2019El Aljibe, a la prov\u00edncia de Toledo.<\/p>\n<\/div><div class=\"fusion-separator fusion-full-width-sep\" style=\"align-self: center;margin-left: auto;margin-right: auto;margin-top:30px;width:100%;\"><\/div><\/div><\/div><div class=\"fusion-layout-column fusion_builder_column fusion-builder-column-3 fusion_builder_column_1_1 1_1 fusion-flex-column\" style=\"--awb-bg-size:cover;--awb-width-large:100%;--awb-margin-top-large:0px;--awb-spacing-right-large:1.92%;--awb-margin-bottom-large:0px;--awb-spacing-left-large:1.92%;--awb-width-medium:100%;--awb-spacing-right-medium:1.92%;--awb-spacing-left-medium:1.92%;--awb-width-small:100%;--awb-spacing-right-small:1.92%;--awb-spacing-left-small:1.92%;\"><div class=\"fusion-column-wrapper fusion-flex-justify-content-flex-start fusion-content-layout-column\"><\/div><\/div><\/div><\/div><div class=\"fusion-fullwidth fullwidth-box fusion-builder-row-4 fusion-flex-container nonhundred-percent-fullwidth non-hundred-percent-height-scrolling\" style=\"--awb-border-sizes-top:0px;--awb-border-sizes-bottom:0px;--awb-border-sizes-left:0px;--awb-border-sizes-right:0px;--awb-border-radius-top-left:0px;--awb-border-radius-top-right:0px;--awb-border-radius-bottom-right:0px;--awb-border-radius-bottom-left:0px;--awb-background-color:#75787b;--awb-flex-wrap:wrap;\" ><div class=\"fusion-builder-row fusion-row fusion-flex-align-items-flex-start fusion-flex-content-wrap\" style=\"max-width:1216.8px;margin-left: calc(-4% \/ 2 );margin-right: calc(-4% \/ 2 );\"><div class=\"fusion-layout-column fusion_builder_column fusion-builder-column-4 fusion_builder_column_1_1 1_1 fusion-flex-column\" style=\"--awb-bg-size:cover;--awb-width-large:100%;--awb-margin-top-large:0px;--awb-spacing-right-large:1.92%;--awb-margin-bottom-large:0px;--awb-spacing-left-large:1.92%;--awb-width-medium:100%;--awb-spacing-right-medium:1.92%;--awb-spacing-left-medium:1.92%;--awb-width-small:100%;--awb-spacing-right-small:1.92%;--awb-spacing-left-small:1.92%;\"><div class=\"fusion-column-wrapper fusion-flex-justify-content-flex-start fusion-content-layout-column\"><div class=\"fusion-section-separator section-separator curved fusion-section-separator-1\" style=\"--awb-spacer-height:99px;--awb-svg-margin-left:1.92%;--awb-svg-margin-right:1.92%;--awb-svg-margin-left-medium:1.92%;--awb-svg-margin-right-medium:1.92%;--awb-svg-margin-left-small:1.92%;--awb-svg-margin-right-small:1.92%;--awb-divider-height:99px;--awb-spacer-padding-top:inherit;--awb-sep-padding:0;--awb-svg-padding:0;\"><div class=\"fusion-section-separator-svg\"><svg class=\"fusion-curved-candy\" xmlns=\"http:\/\/www.w3.org\/2000\/svg\" version=\"1.1\" width=\"100%\" height=\"100\" viewBox=\"0 0 100 100\" preserveAspectRatio=\"none\" fill=\"rgba(255,255,255,1)\"><path d=\"M0 0 C 20 100 50 100 100 0 Z\"><\/path><\/svg><\/div><div class=\"fusion-section-separator-spacer\"><div class=\"fusion-section-separator-spacer-height\"><\/div><\/div><\/div><\/div><\/div><div class=\"fusion-layout-column fusion_builder_column fusion-builder-column-5 fusion_builder_column_1_1 1_1 fusion-flex-column fusion-flex-align-self-flex-start fusion-column-no-min-height\" style=\"--awb-bg-size:cover;--awb-width-large:100%;--awb-margin-top-large:55px;--awb-spacing-right-large:1.92%;--awb-margin-bottom-large:55px;--awb-spacing-left-large:1.92%;--awb-width-medium:100%;--awb-spacing-right-medium:1.92%;--awb-spacing-left-medium:1.92%;--awb-width-small:100%;--awb-spacing-right-small:1.92%;--awb-spacing-left-small:1.92%;\"><div class=\"fusion-column-wrapper fusion-flex-justify-content-flex-start fusion-content-layout-column\"><div class=\"fusion-text fusion-text-4\"><h4 data-fontsize=\"24\" data-lineheight=\"36\"><\/h4>\n<h4 data-fontsize=\"24\" data-lineheight=\"36\"><img decoding=\"async\" class=\"alignleft wp-image-16551 size-fusion-400\" src=\"https:\/\/www.arno.es\/wp-content\/uploads\/2020\/10\/2020-segells-aenor-400x91.png\" alt=\"\" width=\"400\" height=\"91\" srcset=\"https:\/\/www.arno.es\/wp-content\/uploads\/2020\/10\/2020-segells-aenor-200x45.png 200w, https:\/\/www.arno.es\/wp-content\/uploads\/2020\/10\/2020-segells-aenor-300x68.png 300w, https:\/\/www.arno.es\/wp-content\/uploads\/2020\/10\/2020-segells-aenor-400x91.png 400w, https:\/\/www.arno.es\/wp-content\/uploads\/2020\/10\/2020-segells-aenor-600x136.png 600w, https:\/\/www.arno.es\/wp-content\/uploads\/2020\/10\/2020-segells-aenor-768x175.png 768w, https:\/\/www.arno.es\/wp-content\/uploads\/2020\/10\/2020-segells-aenor-800x182.png 800w, https:\/\/www.arno.es\/wp-content\/uploads\/2020\/10\/2020-segells-aenor-1024x233.png 1024w, https:\/\/www.arno.es\/wp-content\/uploads\/2020\/10\/2020-segells-aenor-1200x273.png 1200w, https:\/\/www.arno.es\/wp-content\/uploads\/2020\/10\/2020-segells-aenor-1536x349.png 1536w\" sizes=\"(max-width: 400px) 100vw, 400px\" \/><\/h4>\n<h4 data-fontsize=\"24\" data-lineheight=\"36\"><span style=\"color: #ffffff;\">En totes les nostres activitats s\u2019apliquen els m\u00e9s rigorosos est\u00e0ndards de qualitat, respecte al medi ambient i prevenci\u00f3 de riscos, enfrontant amb la m\u00e0xima professionalitat i responsabilitat els compromisos i oferint el millor servei al client final i a la societat en general.<\/span><\/h4>\n<\/div><\/div><\/div><\/div><\/div><div class=\"fusion-fullwidth fullwidth-box fusion-builder-row-5 fusion-flex-container nonhundred-percent-fullwidth non-hundred-percent-height-scrolling\" style=\"--awb-background-position:left top;--awb-border-sizes-top:0px;--awb-border-sizes-bottom:0px;--awb-border-sizes-left:0px;--awb-border-sizes-right:0px;--awb-border-radius-top-left:0px;--awb-border-radius-top-right:0px;--awb-border-radius-bottom-right:0px;--awb-border-radius-bottom-left:0px;--awb-padding-top:90px;--awb-padding-bottom:100px;--awb-background-color:#f5f5f5;--awb-flex-wrap:wrap;\" ><div class=\"fusion-builder-row fusion-row fusion-flex-align-items-flex-start fusion-flex-content-wrap\" style=\"max-width:1216.8px;margin-left: calc(-4% \/ 2 );margin-right: calc(-4% \/ 2 );\"><div class=\"fusion-layout-column fusion_builder_column fusion-builder-column-6 fusion_builder_column_1_1 1_1 fusion-flex-column\" style=\"--awb-padding-right:15%;--awb-padding-left:15%;--awb-bg-size:cover;--awb-width-large:100%;--awb-margin-top-large:0px;--awb-spacing-right-large:1.92%;--awb-margin-bottom-large:0px;--awb-spacing-left-large:1.92%;--awb-width-medium:100%;--awb-spacing-right-medium:1.92%;--awb-spacing-left-medium:1.92%;--awb-width-small:100%;--awb-spacing-right-small:1.92%;--awb-spacing-left-small:1.92%;\"><div class=\"fusion-column-wrapper fusion-flex-justify-content-flex-start fusion-content-layout-column\"><div class=\"fusion-text fusion-text-5\"><h2 style=\"font-weight: 300; text-align: center;\">Actualitat<\/h2>\n<div id=\"ritekit-alerts\"><\/div>\n<\/div><div class=\"fusion-separator\" style=\"align-self: center;margin-left: auto;margin-right: auto;margin-top:0px;margin-bottom:30px;width:100%;max-width:206px;\"><div class=\"fusion-separator-border sep-single sep-solid\" style=\"--awb-height:20px;--awb-amount:20px;--awb-sep-color:#ffa300;border-color:#ffa300;border-top-width:2px;\"><\/div><\/div><div class=\"fusion-separator fusion-full-width-sep\" style=\"align-self: center;margin-left: auto;margin-right: auto;margin-top:30px;width:100%;\"><\/div><\/div><\/div><div class=\"fusion-layout-column fusion_builder_column fusion-builder-column-7 fusion_builder_column_1_1 1_1 fusion-flex-column\" style=\"--awb-bg-size:cover;--awb-width-large:100%;--awb-margin-top-large:0px;--awb-spacing-right-large:1.92%;--awb-margin-bottom-large:50px;--awb-spacing-left-large:1.92%;--awb-width-medium:100%;--awb-spacing-right-medium:1.92%;--awb-spacing-left-medium:1.92%;--awb-width-small:100%;--awb-spacing-right-small:1.92%;--awb-spacing-left-small:1.92%;\"><div class=\"fusion-column-wrapper fusion-flex-justify-content-flex-start fusion-content-layout-column\"><div class=\"fusion-blog-shortcode fusion-blog-shortcode-1 fusion-blog-archive fusion-blog-layout-grid-wrapper fusion-blog-no\"><style type=\"text\/css\">.fusion-blog-shortcode-1 .fusion-blog-layout-grid .fusion-post-grid{padding:20px;}.fusion-blog-shortcode-1 .fusion-posts-container{margin-left: -20px !important; margin-right:-20px !important;}<\/style><div class=\"fusion-posts-container fusion-posts-container-no fusion-blog-rollover fusion-blog-layout-grid fusion-blog-layout-grid-3 isotope\" data-pages=\"85\" data-grid-col-space=\"40\" style=\"margin: -20px -20px 0;min-height:500px;\"><article id=\"blog-1-post-19821\" class=\"fusion-post-grid post-19821 post type-post status-publish format-standard has-post-thumbnail hentry category-sin-categoria\">\n<div class=\"fusion-post-wrapper\" style=\"background-color:rgba(255,255,255,1);border:1px solid #f5f5f5;border-bottom-width:3px;\">\n\n\t\t\t<div class=\"fusion-flexslider flexslider fusion-flexslider-loading fusion-post-slideshow\" style=\"border-color:#f5f5f5;\">\n\t\t<ul class=\"slides\">\n\t\t\t\n\t\t\t\t\t\t\t\t\t\t\t\t\t\t<li><div  class=\"fusion-image-wrapper\" aria-haspopup=\"true\">\n\t\t\t\t<img decoding=\"async\" width=\"1024\" height=\"768\" src=\"https:\/\/www.arno.es\/wp-content\/uploads\/2025\/11\/Residencia-El-Mirador-de-Gra\u0300cia.png\" class=\"attachment-full size-full wp-post-image\" alt=\"Residencia El Mirador de Gr\u00e0cia\" \/><div class=\"fusion-rollover\">\n\t<div class=\"fusion-rollover-content\">\n\n\t\t\t\t\t\t\t\t\t\t\t\t\t\t<a class=\"fusion-rollover-link\" href=\"https:\/\/www.arno.es\/ca\/residencia-el-mirador-de-gracia-un-espacio-pensado-para-las-personas\/\">Residencia \u201cEl Mirador de Gr\u00e0cia\u201d: un espacio pensado para las personas<\/a>\n\t\t\t\n\t\t\t\t\t\t\t\t\t\t\t\t\t\t\n\t\t\t\t\t\t\t\t\n\t\t\t\t\t\t\t\t\t\t\t\t\t<div class=\"fusion-rollover-sep\"><\/div>\n\t\t\t\t\n\t\t\t\t\t\t\t\t\t\t\t\t\t\t\t\t\t\t<a class=\"fusion-rollover-gallery\" href=\"https:\/\/www.arno.es\/wp-content\/uploads\/2025\/11\/Residencia-El-Mirador-de-Gra\u0300cia.png\" data-options=\"\" data-id=\"19821\" data-rel=\"iLightbox[gallery]\" data-title=\"Residencia El Mirador de Gra\u0300cia\" data-caption=\"\">\n\t\t\t\t\t\tGallery\t\t\t\t\t<\/a>\n\t\t\t\t\t\t\t\t\t\t\t\t\t\t\n\t\t\n\t\t\t\t\t\t\t\t\t\t\t\t<h4 class=\"fusion-rollover-title\">\n\t\t\t\t\t<a class=\"fusion-rollover-title-link\" href=\"https:\/\/www.arno.es\/ca\/residencia-el-mirador-de-gracia-un-espacio-pensado-para-las-personas\/\">\n\t\t\t\t\t\tResidencia \u201cEl Mirador de Gr\u00e0cia\u201d: un espacio pensado para las personas\t\t\t\t\t<\/a>\n\t\t\t\t<\/h4>\n\t\t\t\n\t\t\t\t\t\t\t\t\t\t<div class=\"fusion-rollover-categories\"><a href=\"https:\/\/www.arno.es\/ca\/category\/sin-categoria\/\" rel=\"tag\">Sin categor\u00eda<\/a><\/div>\t\t\t\t\t\n\t\t\n\t\t\t\t\t\t<a class=\"fusion-link-wrapper\" href=\"https:\/\/www.arno.es\/ca\/residencia-el-mirador-de-gracia-un-espacio-pensado-para-las-personas\/\" aria-label=\"Residencia \u201cEl Mirador de Gr\u00e0cia\u201d: un espacio pensado para las personas\"><\/a>\n\t<\/div>\n<\/div>\n<\/div>\n<\/li>\n\t\t\t\n\t\t\t\n\t\t\t\t\t\t\t\t\t\t\t\t\t\t\t\t\t\t\t\t\t\t\t\t\t\t\t\t\t\t\t\t\t\t\t\t\t\t\t\t\t\t\t\t\t\t\t\t\t\t\t\t\t\t\t\t\t\t\t\t\t\t\t\t\t\t\t\t<\/ul>\n\t<\/div>\n\t<div class=\"fusion-post-content-wrapper\" style=\"padding:3% 3% 3% 3%;\"><div class=\"fusion-post-content post-content\"><h2 class=\"blog-shortcode-post-title entry-title\"><a href=\"https:\/\/www.arno.es\/ca\/residencia-el-mirador-de-gracia-un-espacio-pensado-para-las-personas\/\">Residencia \u201cEl Mirador de Gr\u00e0cia\u201d: un espacio pensado para las personas<\/a><\/h2><p class=\"fusion-single-line-meta\"><span class=\"vcard\" style=\"display: none;\"><span class=\"fn\"><a href=\"https:\/\/www.arno.es\/ca\/author\/informatica\/\" title=\"Entrades de informatica\" rel=\"author\">informatica<\/a><\/span><\/span><span class=\"updated\" style=\"display:none;\">2025-11-19T11:18:16+01:00<\/span><span>novembre 19th, 2025<\/span><span class=\"fusion-inline-sep\">|<\/span><\/p><div class=\"fusion-content-sep sep-single sep-solid\"><\/div><div class=\"fusion-post-content-container\"><p>La Residencia El Mirador de Gr\u00e0cia es un proyecto dise\u00f1ado para ofrecer un entorno acogedor, accesible y funcional en pleno coraz\u00f3n de Barcelona. Un equipamiento esencial que combina bienestar, arquitectura y calidad urbana. En Arn\u00f3,<\/p><\/div><\/div><\/div><div class=\"fusion-clearfix\"><\/div><\/div>\n<\/article>\n<article id=\"blog-1-post-19816\" class=\"fusion-post-grid post-19816 post type-post status-publish format-standard has-post-thumbnail hentry category-sin-categoria\">\n<div class=\"fusion-post-wrapper\" style=\"background-color:rgba(255,255,255,1);border:1px solid #f5f5f5;border-bottom-width:3px;\">\n\n\t\t\t<div class=\"fusion-flexslider flexslider fusion-flexslider-loading fusion-post-slideshow\" style=\"border-color:#f5f5f5;\">\n\t\t<ul class=\"slides\">\n\t\t\t\n\t\t\t\t\t\t\t\t\t\t\t\t\t\t<li><div  class=\"fusion-image-wrapper\" aria-haspopup=\"true\">\n\t\t\t\t<img decoding=\"async\" width=\"1024\" height=\"768\" src=\"https:\/\/www.arno.es\/wp-content\/uploads\/2025\/11\/Plac\u0327a-Llopis.png\" class=\"attachment-full size-full wp-post-image\" alt=\"Pla\u00e7a Llopis\" \/><div class=\"fusion-rollover\">\n\t<div class=\"fusion-rollover-content\">\n\n\t\t\t\t\t\t\t\t\t\t\t\t\t\t<a class=\"fusion-rollover-link\" href=\"https:\/\/www.arno.es\/ca\/remodelacion-de-la-placa-llopis-un-nuevo-espacio-para-el-barrio\/\">Remodelaci\u00f3n de la Pla\u00e7a Llopis: un nuevo espacio para el barrio<\/a>\n\t\t\t\n\t\t\t\t\t\t\t\t\t\t\t\t\t\t\n\t\t\t\t\t\t\t\t\n\t\t\t\t\t\t\t\t\t\t\t\t\t<div class=\"fusion-rollover-sep\"><\/div>\n\t\t\t\t\n\t\t\t\t\t\t\t\t\t\t\t\t\t\t\t\t\t\t<a class=\"fusion-rollover-gallery\" href=\"https:\/\/www.arno.es\/wp-content\/uploads\/2025\/11\/Plac\u0327a-Llopis.png\" data-options=\"\" data-id=\"19816\" data-rel=\"iLightbox[gallery]\" data-title=\"Plac\u0327a Llopis\" data-caption=\"\">\n\t\t\t\t\t\tGallery\t\t\t\t\t<\/a>\n\t\t\t\t\t\t\t\t\t\t\t\t\t\t\n\t\t\n\t\t\t\t\t\t\t\t\t\t\t\t<h4 class=\"fusion-rollover-title\">\n\t\t\t\t\t<a class=\"fusion-rollover-title-link\" href=\"https:\/\/www.arno.es\/ca\/remodelacion-de-la-placa-llopis-un-nuevo-espacio-para-el-barrio\/\">\n\t\t\t\t\t\tRemodelaci\u00f3n de la Pla\u00e7a Llopis: un nuevo espacio para el barrio\t\t\t\t\t<\/a>\n\t\t\t\t<\/h4>\n\t\t\t\n\t\t\t\t\t\t\t\t\t\t<div class=\"fusion-rollover-categories\"><a href=\"https:\/\/www.arno.es\/ca\/category\/sin-categoria\/\" rel=\"tag\">Sin categor\u00eda<\/a><\/div>\t\t\t\t\t\n\t\t\n\t\t\t\t\t\t<a class=\"fusion-link-wrapper\" href=\"https:\/\/www.arno.es\/ca\/remodelacion-de-la-placa-llopis-un-nuevo-espacio-para-el-barrio\/\" aria-label=\"Remodelaci\u00f3n de la Pla\u00e7a Llopis: un nuevo espacio para el barrio\"><\/a>\n\t<\/div>\n<\/div>\n<\/div>\n<\/li>\n\t\t\t\n\t\t\t\n\t\t\t\t\t\t\t\t\t\t\t\t\t\t\t\t\t\t\t\t\t\t\t\t\t\t\t\t\t\t\t\t\t\t\t\t\t\t\t\t\t\t\t\t\t\t\t\t\t\t\t\t\t\t\t\t\t\t\t\t\t\t\t\t\t\t\t\t<\/ul>\n\t<\/div>\n\t<div class=\"fusion-post-content-wrapper\" style=\"padding:3% 3% 3% 3%;\"><div class=\"fusion-post-content post-content\"><h2 class=\"blog-shortcode-post-title entry-title\"><a href=\"https:\/\/www.arno.es\/ca\/remodelacion-de-la-placa-llopis-un-nuevo-espacio-para-el-barrio\/\">Remodelaci\u00f3n de la Pla\u00e7a Llopis: un nuevo espacio para el barrio<\/a><\/h2><p class=\"fusion-single-line-meta\"><span class=\"vcard\" style=\"display: none;\"><span class=\"fn\"><a href=\"https:\/\/www.arno.es\/ca\/author\/informatica\/\" title=\"Entrades de informatica\" rel=\"author\">informatica<\/a><\/span><\/span><span class=\"updated\" style=\"display:none;\">2025-11-19T11:13:52+01:00<\/span><span>novembre 19th, 2025<\/span><span class=\"fusion-inline-sep\">|<\/span><\/p><div class=\"fusion-content-sep sep-single sep-solid\"><\/div><div class=\"fusion-post-content-container\"><p>En Arn\u00f3 continuamos contribuyendo a la mejora del espacio p\u00fablico con actuaciones que transforman el d\u00eda a d\u00eda de la ciudadan\u00eda. Un ejemplo reciente es la remodelaci\u00f3n de la Pla\u00e7a Llopis. La intervenci\u00f3n ha permitido<\/p><\/div><\/div><\/div><div class=\"fusion-clearfix\"><\/div><\/div>\n<\/article>\n<article id=\"blog-1-post-19808\" class=\"fusion-post-grid post-19808 post type-post status-publish format-standard has-post-thumbnail hentry category-sin-categoria\">\n<div class=\"fusion-post-wrapper\" style=\"background-color:rgba(255,255,255,1);border:1px solid #f5f5f5;border-bottom-width:3px;\">\n\n\t\t\t<div class=\"fusion-flexslider flexslider fusion-flexslider-loading fusion-post-slideshow\" style=\"border-color:#f5f5f5;\">\n\t\t<ul class=\"slides\">\n\t\t\t\n\t\t\t\t\t\t\t\t\t\t\t\t\t\t<li><div  class=\"fusion-image-wrapper\" aria-haspopup=\"true\">\n\t\t\t\t<img decoding=\"async\" width=\"1024\" height=\"768\" src=\"https:\/\/www.arno.es\/wp-content\/uploads\/2025\/11\/1-3.png\" class=\"attachment-full size-full wp-post-image\" alt=\"Reurbanizaci\u00f3n del Passeig Mar\u00edtim de la Mar Bella\" \/><div class=\"fusion-rollover\">\n\t<div class=\"fusion-rollover-content\">\n\n\t\t\t\t\t\t\t\t\t\t\t\t\t\t<a class=\"fusion-rollover-link\" href=\"https:\/\/www.arno.es\/ca\/reurbanizacion-del-passeig-maritim-de-la-mar-bella-ambito-1-en-barcelona\/\">Reurbanizaci\u00f3n del Passeig Mar\u00edtim de la Mar Bella (\u00c1mbito 1), en Barcelona<\/a>\n\t\t\t\n\t\t\t\t\t\t\t\t\t\t\t\t\t\t\n\t\t\t\t\t\t\t\t\n\t\t\t\t\t\t\t\t\t\t\t\t\t<div class=\"fusion-rollover-sep\"><\/div>\n\t\t\t\t\n\t\t\t\t\t\t\t\t\t\t\t\t\t\t\t\t\t\t<a class=\"fusion-rollover-gallery\" href=\"https:\/\/www.arno.es\/wp-content\/uploads\/2025\/11\/1-3.png\" data-options=\"\" data-id=\"19808\" data-rel=\"iLightbox[gallery]\" data-title=\"1 (3)\" data-caption=\"\">\n\t\t\t\t\t\tGallery\t\t\t\t\t<\/a>\n\t\t\t\t\t\t\t\t\t\t\t\t\t\t\n\t\t\n\t\t\t\t\t\t\t\t\t\t\t\t<h4 class=\"fusion-rollover-title\">\n\t\t\t\t\t<a class=\"fusion-rollover-title-link\" href=\"https:\/\/www.arno.es\/ca\/reurbanizacion-del-passeig-maritim-de-la-mar-bella-ambito-1-en-barcelona\/\">\n\t\t\t\t\t\tReurbanizaci\u00f3n del Passeig Mar\u00edtim de la Mar Bella (\u00c1mbito 1), en Barcelona\t\t\t\t\t<\/a>\n\t\t\t\t<\/h4>\n\t\t\t\n\t\t\t\t\t\t\t\t\t\t<div class=\"fusion-rollover-categories\"><a href=\"https:\/\/www.arno.es\/ca\/category\/sin-categoria\/\" rel=\"tag\">Sin categor\u00eda<\/a><\/div>\t\t\t\t\t\n\t\t\n\t\t\t\t\t\t<a class=\"fusion-link-wrapper\" href=\"https:\/\/www.arno.es\/ca\/reurbanizacion-del-passeig-maritim-de-la-mar-bella-ambito-1-en-barcelona\/\" aria-label=\"Reurbanizaci\u00f3n del Passeig Mar\u00edtim de la Mar Bella (\u00c1mbito 1), en Barcelona\"><\/a>\n\t<\/div>\n<\/div>\n<\/div>\n<\/li>\n\t\t\t\n\t\t\t\n\t\t\t\t\t\t\t\t\t\t\t\t\t\t\t\t\t\t\t\t\t\t\t\t\t\t\t\t\t\t\t\t\t\t\t\t\t\t\t\t\t\t\t\t\t\t\t\t\t\t\t\t\t\t\t\t\t\t\t\t\t\t\t\t\t\t\t\t<\/ul>\n\t<\/div>\n\t<div class=\"fusion-post-content-wrapper\" style=\"padding:3% 3% 3% 3%;\"><div class=\"fusion-post-content post-content\"><h2 class=\"blog-shortcode-post-title entry-title\"><a href=\"https:\/\/www.arno.es\/ca\/reurbanizacion-del-passeig-maritim-de-la-mar-bella-ambito-1-en-barcelona\/\">Reurbanizaci\u00f3n del Passeig Mar\u00edtim de la Mar Bella (\u00c1mbito 1), en Barcelona<\/a><\/h2><p class=\"fusion-single-line-meta\"><span class=\"vcard\" style=\"display: none;\"><span class=\"fn\"><a href=\"https:\/\/www.arno.es\/ca\/author\/informatica\/\" title=\"Entrades de informatica\" rel=\"author\">informatica<\/a><\/span><\/span><span class=\"updated\" style=\"display:none;\">2025-11-19T10:05:28+01:00<\/span><span>novembre 19th, 2025<\/span><span class=\"fusion-inline-sep\">|<\/span><\/p><div class=\"fusion-content-sep sep-single sep-solid\"><\/div><div class=\"fusion-post-content-container\"><p> En Arn\u00f3 seguimos impulsando proyectos que mejoran el entorno urbano y la calidad de vida de las personas. Uno de ellos es la reurbanizaci\u00f3n del Passeig Mar\u00edtim de la Mar Bella (\u00c1mbito 1), en<\/p><\/div><\/div><\/div><div class=\"fusion-clearfix\"><\/div><\/div>\n<\/article>\n<div class=\"fusion-clearfix\"><\/div><\/div><\/div><\/div><\/div><div class=\"fusion-layout-column fusion_builder_column fusion-builder-column-8 fusion_builder_column_1_3 1_3 fusion-flex-column fusion-no-small-visibility\" style=\"--awb-bg-size:cover;--awb-width-large:33.333333333333%;--awb-margin-top-large:0px;--awb-spacing-right-large:2.88%;--awb-margin-bottom-large:0px;--awb-spacing-left-large:5.76%;--awb-width-medium:33.333333333333%;--awb-spacing-right-medium:2.88%;--awb-spacing-left-medium:5.76%;--awb-width-small:100%;--awb-spacing-right-small:1.92%;--awb-spacing-left-small:1.92%;\"><div class=\"fusion-column-wrapper fusion-flex-justify-content-flex-start fusion-content-layout-column\"><div class=\"fusion-separator fusion-full-width-sep\" style=\"align-self: center;margin-left: auto;margin-right: auto;margin-top:20px;width:100%;max-width:100%;\"><div class=\"fusion-separator-border sep-single sep-solid\" style=\"--awb-height:20px;--awb-amount:20px;--awb-sep-color:#ffffff;border-color:#ffffff;border-top-width:2px;\"><\/div><\/div><\/div><\/div><div class=\"fusion-layout-column fusion_builder_column fusion-builder-column-9 fusion_builder_column_1_3 1_3 fusion-flex-column\" style=\"--awb-bg-size:cover;--awb-width-large:33.333333333333%;--awb-margin-top-large:0px;--awb-spacing-right-large:2.88%;--awb-margin-bottom-large:0px;--awb-spacing-left-large:2.88%;--awb-width-medium:33.333333333333%;--awb-spacing-right-medium:2.88%;--awb-spacing-left-medium:2.88%;--awb-width-small:100%;--awb-spacing-right-small:1.92%;--awb-spacing-left-small:1.92%;\"><div class=\"fusion-column-wrapper fusion-flex-justify-content-flex-start fusion-content-layout-column\"><div style=\"text-align:center;\"><a class=\"fusion-button button-flat button-large button-custom fusion-button-default button-1 fusion-button-span-yes fusion-button-default-type\" style=\"--button_accent_color:#333333;--button_border_color:#333333;--button_accent_hover_color:#333333;--button_border_hover_color:#333333;--button-border-radius-top-left:0;--button-border-radius-top-right:0;--button-border-radius-bottom-right:0;--button-border-radius-bottom-left:0;--button_gradient_top_color:#f5f5f5;--button_gradient_bottom_color:#f5f5f5;--button_gradient_top_color_hover:#ffa300;--button_gradient_bottom_color_hover:#ffa300;\" target=\"_self\" href=\"http:\/\/arno.autoritas.net\/ca\/actualitat\/\"><span class=\"fusion-button-text awb-button__text awb-button__text--default\">VEURE TOTS ELS ARTICLES<\/span><\/a><\/div><\/div><\/div><div class=\"fusion-layout-column fusion_builder_column fusion-builder-column-10 fusion_builder_column_1_3 1_3 fusion-flex-column fusion-no-small-visibility\" style=\"--awb-bg-size:cover;--awb-width-large:33.333333333333%;--awb-margin-top-large:0px;--awb-spacing-right-large:5.76%;--awb-margin-bottom-large:0px;--awb-spacing-left-large:2.88%;--awb-width-medium:33.333333333333%;--awb-spacing-right-medium:5.76%;--awb-spacing-left-medium:2.88%;--awb-width-small:100%;--awb-spacing-right-small:1.92%;--awb-spacing-left-small:1.92%;\"><div class=\"fusion-column-wrapper fusion-flex-justify-content-flex-start fusion-content-layout-column\"><div class=\"fusion-separator fusion-full-width-sep\" style=\"align-self: center;margin-left: auto;margin-right: auto;margin-top:20px;width:100%;max-width:100%;\"><div class=\"fusion-separator-border sep-single sep-solid\" style=\"--awb-height:20px;--awb-amount:20px;--awb-sep-color:#ffffff;border-color:#ffffff;border-top-width:2px;\"><\/div><\/div><\/div><\/div><\/div><\/div><div class=\"fusion-bg-parallax\" data-bg-align=\"center center\" data-direction=\"up\" data-mute=\"false\" data-opacity=\"100\" data-velocity=\"-0.3\" data-mobile-enabled=\"false\" data-break_parents=\"0\" data-bg-image=\"https:\/\/www.arno.es\/wp-content\/uploads\/2018\/11\/fondo-innovacion-y-desarrollo-web.jpg\" data-bg-repeat=\"false\" ><\/div><div class=\"fusion-fullwidth fullwidth-box fusion-builder-row-6 fusion-flex-container fusion-parallax-up nonhundred-percent-fullwidth non-hundred-percent-height-scrolling\" style=\"--awb-border-sizes-top:0px;--awb-border-sizes-bottom:0px;--awb-border-sizes-left:0px;--awb-border-sizes-right:0px;--awb-border-radius-top-left:0px;--awb-border-radius-top-right:0px;--awb-border-radius-bottom-right:0px;--awb-border-radius-bottom-left:0px;--awb-background-image:url(&quot;https:\/\/www.arno.es\/wp-content\/uploads\/2018\/11\/fondo-innovacion-y-desarrollo-web.jpg&quot;);--awb-background-size:cover;--awb-flex-wrap:wrap;\" ><div class=\"fusion-builder-row fusion-row fusion-flex-align-items-flex-start fusion-flex-content-wrap\" style=\"max-width:1216.8px;margin-left: calc(-4% \/ 2 );margin-right: calc(-4% \/ 2 );\"><div class=\"fusion-layout-column fusion_builder_column fusion-builder-column-11 fusion_builder_column_1_1 1_1 fusion-flex-column\" style=\"--awb-bg-size:cover;--awb-width-large:100%;--awb-margin-top-large:0px;--awb-spacing-right-large:1.92%;--awb-margin-bottom-large:70px;--awb-spacing-left-large:1.92%;--awb-width-medium:100%;--awb-spacing-right-medium:1.92%;--awb-spacing-left-medium:1.92%;--awb-width-small:100%;--awb-spacing-right-small:1.92%;--awb-spacing-left-small:1.92%;\"><div class=\"fusion-column-wrapper fusion-flex-justify-content-flex-start fusion-content-layout-column\"><div class=\"fusion-section-separator section-separator curved fusion-section-separator-2\" style=\"--awb-spacer-height:99px;--awb-svg-margin-left:1.92%;--awb-svg-margin-right:1.92%;--awb-svg-margin-left-medium:1.92%;--awb-svg-margin-right-medium:1.92%;--awb-svg-margin-left-small:1.92%;--awb-svg-margin-right-small:1.92%;--awb-divider-height:99px;--awb-spacer-padding-top:inherit;--awb-sep-padding:0;--awb-svg-padding:0;\"><div class=\"fusion-section-separator-svg\"><svg class=\"fusion-curved-candy\" xmlns=\"http:\/\/www.w3.org\/2000\/svg\" version=\"1.1\" width=\"100%\" height=\"100\" viewBox=\"0 0 100 100\" preserveAspectRatio=\"none\" fill=\"rgba(245,245,245,1)\"><path d=\"M0 0 C 20 100 50 100 100 0 Z\"><\/path><\/svg><\/div><div class=\"fusion-section-separator-spacer\"><div class=\"fusion-section-separator-spacer-height\"><\/div><\/div><\/div><\/div><\/div><div class=\"fusion-layout-column fusion_builder_column fusion-builder-column-12 fusion_builder_column_1_6 1_6 fusion-flex-column\" style=\"--awb-padding-right:0%;--awb-padding-left:0%;--awb-bg-size:cover;--awb-width-large:16.666666666667%;--awb-margin-top-large:0px;--awb-spacing-right-large:11.52%;--awb-margin-bottom-large:0px;--awb-spacing-left-large:11.52%;--awb-width-medium:16.666666666667%;--awb-spacing-right-medium:11.52%;--awb-spacing-left-medium:11.52%;--awb-width-small:100%;--awb-spacing-right-small:1.92%;--awb-spacing-left-small:1.92%;\"><div class=\"fusion-column-wrapper fusion-flex-justify-content-flex-start fusion-content-layout-column\"><\/div><\/div><div class=\"fusion-layout-column fusion_builder_column fusion-builder-column-13 fusion_builder_column_2_3 2_3 fusion-flex-column\" style=\"--awb-padding-right:10%;--awb-padding-bottom:30px;--awb-padding-left:0%;--awb-bg-size:cover;--awb-width-large:66.666666666667%;--awb-margin-top-large:0px;--awb-spacing-right-large:2.88%;--awb-margin-bottom-large:0px;--awb-spacing-left-large:2.88%;--awb-width-medium:66.666666666667%;--awb-spacing-right-medium:2.88%;--awb-spacing-left-medium:2.88%;--awb-width-small:100%;--awb-spacing-right-small:1.92%;--awb-spacing-left-small:1.92%;\"><div class=\"fusion-column-wrapper fusion-flex-justify-content-flex-start fusion-content-layout-column\"><div class=\"fusion-text fusion-text-6\"><h2 style=\"font-weight: 300; text-align: center; color: #ffffff;\">R+D+i<\/h2>\n<div id=\"ritekit-alerts\"><\/div>\n<\/div><div class=\"fusion-separator\" style=\"align-self: center;margin-left: auto;margin-right: auto;margin-top:0px;margin-bottom:30px;width:100%;max-width:206px;\"><div class=\"fusion-separator-border sep-single sep-solid\" style=\"--awb-height:20px;--awb-amount:20px;--awb-sep-color:#fed03d;border-color:#fed03d;border-top-width:2px;\"><\/div><\/div><div class=\"fusion-testimonials clean awb-speech-bubble-show fusion-testimonials-1\" style=\"--awb-textcolor:#ffffff;--awb-backgroundcolor:rgba(255,255,255,0);--awb-testimonial-border-style:solid;--awb-testimonial-border-color:var(--awb-color3);--awb-border-top-left-radius:0px;--awb-border-top-right-radius:0px;--awb-border-bottom-left-radius:0px;--awb-border-bottom-right-radius:0px;--testimonial-border-width-top:0px;--testimonial-border-width-right:0px;--testimonial-border-width-bottom:0px;--testimonial-border-width-left:0px;\" data-random=\"0\" data-speed=\"4000\"><div class=\"reviews\"><div class=\"review active-testimonial avatar-above avatar-image\"><div class=\"testimonial-thumbnail\"><img decoding=\"async\" class=\"testimonial-image\" src=\"https:\/\/www.arno.es\/wp-content\/uploads\/2016\/11\/ICON-010-RDi-blanc-arno-150x150.png\" width=\"150\" height=\"150\" style=\"--awb-border-radius:50%;\" \/><\/div><blockquote class=\"has-transparent-color\"><div class=\"awb-quote\"><div class=\"awb-quote-content\">\n<p data-fontsize=\"24\" data-lineheight=\"36\"><span style=\"color: #ffffff;\">Entenem la investigaci\u00f3, el desenvolupament tecnol\u00f2gic i la innovaci\u00f3 com un factor b\u00e0sic per mantenir la competitivitat empresarial i el desenvolupament econ\u00f2mic.<\/span><\/p>\n<div id=\"ritekit-alerts\"><\/div>\n<\/div><\/div><\/blockquote><div class=\"author\"><span class=\"company-name\"><strong>RECERCA, DESENVOLUPAMENT TECNOL\u00d2GIC I INNOVACI\u00d3<\/strong><\/span><\/div><\/div><\/div><\/div><\/div><\/div><div class=\"fusion-layout-column fusion_builder_column fusion-builder-column-14 fusion_builder_column_1_6 1_6 fusion-flex-column\" style=\"--awb-padding-right:0%;--awb-padding-left:0%;--awb-bg-size:cover;--awb-width-large:16.666666666667%;--awb-margin-top-large:0px;--awb-spacing-right-large:11.52%;--awb-margin-bottom-large:0px;--awb-spacing-left-large:11.52%;--awb-width-medium:16.666666666667%;--awb-spacing-right-medium:11.52%;--awb-spacing-left-medium:11.52%;--awb-width-small:100%;--awb-spacing-right-small:1.92%;--awb-spacing-left-small:1.92%;\"><div class=\"fusion-column-wrapper fusion-flex-justify-content-flex-start fusion-content-layout-column\"><\/div><\/div><\/div><\/div><\/p>\n","protected":false},"excerpt":{"rendered":"","protected":false},"author":11,"featured_media":0,"parent":0,"menu_order":0,"comment_status":"closed","ping_status":"closed","template":"100-width.php","meta":{"footnotes":""},"class_list":["post-19388","page","type-page","status-publish","hentry"],"yoast_head":"<!-- This site is optimized with the Yoast SEO plugin v27.4 - https:\/\/yoast.com\/product\/yoast-seo-wordpress\/ -->\n<title>Materials - Benito Arn\u00f3<\/title>\n<meta name=\"description\" content=\"Materials -\" \/>\n<meta name=\"robots\" content=\"index, follow, max-snippet:-1, max-image-preview:large, max-video-preview:-1\" \/>\n<link rel=\"canonical\" href=\"https:\/\/www.arno.es\/ca\/materials\/\" \/>\n<meta property=\"og:locale\" content=\"ca_ES\" \/>\n<meta property=\"og:type\" content=\"article\" \/>\n<meta property=\"og:title\" content=\"Materials - Benito Arn\u00f3\" \/>\n<meta property=\"og:description\" content=\"Materials -\" \/>\n<meta property=\"og:url\" content=\"https:\/\/www.arno.es\/ca\/materials\/\" \/>\n<meta property=\"og:site_name\" content=\"Benito Arn\u00f3\" \/>\n<meta property=\"article:publisher\" content=\"https:\/\/www.facebook.com\/BenitoArno\/\" \/>\n<meta property=\"article:modified_time\" content=\"2025-11-27T17:09:21+00:00\" \/>\n<meta property=\"og:image\" content=\"https:\/\/www.arno.es\/wp-content\/uploads\/2020\/10\/2020-segells-aenor.png\" \/>\n\t<meta property=\"og:image:width\" content=\"4657\" \/>\n\t<meta property=\"og:image:height\" content=\"1059\" \/>\n\t<meta property=\"og:image:type\" content=\"image\/png\" \/>\n<meta name=\"twitter:card\" content=\"summary_large_image\" \/>\n<meta name=\"twitter:site\" content=\"@benito_arno\" \/>\n<meta name=\"twitter:label1\" content=\"Temps estimat de lectura\" \/>\n\t<meta name=\"twitter:data1\" content=\"4 minuts\" \/>\n<script type=\"application\/ld+json\" class=\"yoast-schema-graph\">{\"@context\":\"https:\\\/\\\/schema.org\",\"@graph\":[{\"@type\":\"WebPage\",\"@id\":\"https:\\\/\\\/www.arno.es\\\/ca\\\/materials\\\/\",\"url\":\"https:\\\/\\\/www.arno.es\\\/ca\\\/materials\\\/\",\"name\":\"Materials - Benito Arn\u00f3\",\"isPartOf\":{\"@id\":\"https:\\\/\\\/www.arno.es\\\/ca\\\/#website\"},\"primaryImageOfPage\":{\"@id\":\"https:\\\/\\\/www.arno.es\\\/ca\\\/materials\\\/#primaryimage\"},\"image\":{\"@id\":\"https:\\\/\\\/www.arno.es\\\/ca\\\/materials\\\/#primaryimage\"},\"thumbnailUrl\":\"https:\\\/\\\/www.arno.es\\\/wp-content\\\/uploads\\\/2020\\\/10\\\/2020-segells-aenor-400x91.png\",\"datePublished\":\"2016-12-15T11:29:57+00:00\",\"dateModified\":\"2025-11-27T17:09:21+00:00\",\"description\":\"Materials -\",\"breadcrumb\":{\"@id\":\"https:\\\/\\\/www.arno.es\\\/ca\\\/materials\\\/#breadcrumb\"},\"inLanguage\":\"ca\",\"potentialAction\":[{\"@type\":\"ReadAction\",\"target\":[\"https:\\\/\\\/www.arno.es\\\/ca\\\/materials\\\/\"]}]},{\"@type\":\"ImageObject\",\"inLanguage\":\"ca\",\"@id\":\"https:\\\/\\\/www.arno.es\\\/ca\\\/materials\\\/#primaryimage\",\"url\":\"https:\\\/\\\/www.arno.es\\\/wp-content\\\/uploads\\\/2020\\\/10\\\/2020-segells-aenor-400x91.png\",\"contentUrl\":\"https:\\\/\\\/www.arno.es\\\/wp-content\\\/uploads\\\/2020\\\/10\\\/2020-segells-aenor-400x91.png\"},{\"@type\":\"BreadcrumbList\",\"@id\":\"https:\\\/\\\/www.arno.es\\\/ca\\\/materials\\\/#breadcrumb\",\"itemListElement\":[{\"@type\":\"ListItem\",\"position\":1,\"name\":\"Portada\",\"item\":\"https:\\\/\\\/www.arno.es\\\/ca\\\/\"},{\"@type\":\"ListItem\",\"position\":2,\"name\":\"Materials\"}]},{\"@type\":\"WebSite\",\"@id\":\"https:\\\/\\\/www.arno.es\\\/ca\\\/#website\",\"url\":\"https:\\\/\\\/www.arno.es\\\/ca\\\/\",\"name\":\"Benito Arn\u00f3\",\"description\":\"[:es]Construcci\u00f3n y servicios[:ca]Construcci\u00f3 i serveis[:]\",\"publisher\":{\"@id\":\"https:\\\/\\\/www.arno.es\\\/ca\\\/#organization\"},\"potentialAction\":[{\"@type\":\"SearchAction\",\"target\":{\"@type\":\"EntryPoint\",\"urlTemplate\":\"https:\\\/\\\/www.arno.es\\\/ca\\\/?s={search_term_string}\"},\"query-input\":{\"@type\":\"PropertyValueSpecification\",\"valueRequired\":true,\"valueName\":\"search_term_string\"}}],\"inLanguage\":\"ca\"},{\"@type\":\"Organization\",\"@id\":\"https:\\\/\\\/www.arno.es\\\/ca\\\/#organization\",\"name\":\"Benito Arn\u00f3 e Hijos\",\"url\":\"https:\\\/\\\/www.arno.es\\\/ca\\\/\",\"logo\":{\"@type\":\"ImageObject\",\"inLanguage\":\"ca\",\"@id\":\"https:\\\/\\\/www.arno.es\\\/ca\\\/#\\\/schema\\\/logo\\\/image\\\/\",\"url\":\"https:\\\/\\\/www.arno.es\\\/wp-content\\\/uploads\\\/2018\\\/10\\\/ARNO-Logo-web-1.png\",\"contentUrl\":\"https:\\\/\\\/www.arno.es\\\/wp-content\\\/uploads\\\/2018\\\/10\\\/ARNO-Logo-web-1.png\",\"width\":186,\"height\":75,\"caption\":\"Benito Arn\u00f3 e Hijos\"},\"image\":{\"@id\":\"https:\\\/\\\/www.arno.es\\\/ca\\\/#\\\/schema\\\/logo\\\/image\\\/\"},\"sameAs\":[\"https:\\\/\\\/www.facebook.com\\\/BenitoArno\\\/\",\"https:\\\/\\\/x.com\\\/benito_arno\",\"https:\\\/\\\/www.instagram.com\\\/benito_arno\\\/\",\"https:\\\/\\\/www.linkedin.com\\\/company\\\/benitoarno\",\"https:\\\/\\\/www.youtube.com\\\/c\\\/benitoarno\"]}]}<\/script>\n<!-- \/ Yoast SEO plugin. -->","yoast_head_json":{"title":"Materials - Benito Arn\u00f3","description":"Materials -","robots":{"index":"index","follow":"follow","max-snippet":"max-snippet:-1","max-image-preview":"max-image-preview:large","max-video-preview":"max-video-preview:-1"},"canonical":"https:\/\/www.arno.es\/ca\/materials\/","og_locale":"ca_ES","og_type":"article","og_title":"Materials - Benito Arn\u00f3","og_description":"Materials -","og_url":"https:\/\/www.arno.es\/ca\/materials\/","og_site_name":"Benito Arn\u00f3","article_publisher":"https:\/\/www.facebook.com\/BenitoArno\/","article_modified_time":"2025-11-27T17:09:21+00:00","og_image":[{"width":4657,"height":1059,"url":"https:\/\/www.arno.es\/wp-content\/uploads\/2020\/10\/2020-segells-aenor.png","type":"image\/png"}],"twitter_card":"summary_large_image","twitter_site":"@benito_arno","twitter_misc":{"Temps estimat de lectura":"4 minuts"},"schema":{"@context":"https:\/\/schema.org","@graph":[{"@type":"WebPage","@id":"https:\/\/www.arno.es\/ca\/materials\/","url":"https:\/\/www.arno.es\/ca\/materials\/","name":"Materials - Benito Arn\u00f3","isPartOf":{"@id":"https:\/\/www.arno.es\/ca\/#website"},"primaryImageOfPage":{"@id":"https:\/\/www.arno.es\/ca\/materials\/#primaryimage"},"image":{"@id":"https:\/\/www.arno.es\/ca\/materials\/#primaryimage"},"thumbnailUrl":"https:\/\/www.arno.es\/wp-content\/uploads\/2020\/10\/2020-segells-aenor-400x91.png","datePublished":"2016-12-15T11:29:57+00:00","dateModified":"2025-11-27T17:09:21+00:00","description":"Materials -","breadcrumb":{"@id":"https:\/\/www.arno.es\/ca\/materials\/#breadcrumb"},"inLanguage":"ca","potentialAction":[{"@type":"ReadAction","target":["https:\/\/www.arno.es\/ca\/materials\/"]}]},{"@type":"ImageObject","inLanguage":"ca","@id":"https:\/\/www.arno.es\/ca\/materials\/#primaryimage","url":"https:\/\/www.arno.es\/wp-content\/uploads\/2020\/10\/2020-segells-aenor-400x91.png","contentUrl":"https:\/\/www.arno.es\/wp-content\/uploads\/2020\/10\/2020-segells-aenor-400x91.png"},{"@type":"BreadcrumbList","@id":"https:\/\/www.arno.es\/ca\/materials\/#breadcrumb","itemListElement":[{"@type":"ListItem","position":1,"name":"Portada","item":"https:\/\/www.arno.es\/ca\/"},{"@type":"ListItem","position":2,"name":"Materials"}]},{"@type":"WebSite","@id":"https:\/\/www.arno.es\/ca\/#website","url":"https:\/\/www.arno.es\/ca\/","name":"Benito Arn\u00f3","description":"[:es]Construcci\u00f3n y servicios[:ca]Construcci\u00f3 i serveis[:]","publisher":{"@id":"https:\/\/www.arno.es\/ca\/#organization"},"potentialAction":[{"@type":"SearchAction","target":{"@type":"EntryPoint","urlTemplate":"https:\/\/www.arno.es\/ca\/?s={search_term_string}"},"query-input":{"@type":"PropertyValueSpecification","valueRequired":true,"valueName":"search_term_string"}}],"inLanguage":"ca"},{"@type":"Organization","@id":"https:\/\/www.arno.es\/ca\/#organization","name":"Benito Arn\u00f3 e Hijos","url":"https:\/\/www.arno.es\/ca\/","logo":{"@type":"ImageObject","inLanguage":"ca","@id":"https:\/\/www.arno.es\/ca\/#\/schema\/logo\/image\/","url":"https:\/\/www.arno.es\/wp-content\/uploads\/2018\/10\/ARNO-Logo-web-1.png","contentUrl":"https:\/\/www.arno.es\/wp-content\/uploads\/2018\/10\/ARNO-Logo-web-1.png","width":186,"height":75,"caption":"Benito Arn\u00f3 e Hijos"},"image":{"@id":"https:\/\/www.arno.es\/ca\/#\/schema\/logo\/image\/"},"sameAs":["https:\/\/www.facebook.com\/BenitoArno\/","https:\/\/x.com\/benito_arno","https:\/\/www.instagram.com\/benito_arno\/","https:\/\/www.linkedin.com\/company\/benitoarno","https:\/\/www.youtube.com\/c\/benitoarno"]}]}},"_links":{"self":[{"href":"https:\/\/www.arno.es\/ca\/wp-json\/wp\/v2\/pages\/19388","targetHints":{"allow":["GET"]}}],"collection":[{"href":"https:\/\/www.arno.es\/ca\/wp-json\/wp\/v2\/pages"}],"about":[{"href":"https:\/\/www.arno.es\/ca\/wp-json\/wp\/v2\/types\/page"}],"author":[{"embeddable":true,"href":"https:\/\/www.arno.es\/ca\/wp-json\/wp\/v2\/users\/11"}],"replies":[{"embeddable":true,"href":"https:\/\/www.arno.es\/ca\/wp-json\/wp\/v2\/comments?post=19388"}],"version-history":[{"count":1,"href":"https:\/\/www.arno.es\/ca\/wp-json\/wp\/v2\/pages\/19388\/revisions"}],"predecessor-version":[{"id":19828,"href":"https:\/\/www.arno.es\/ca\/wp-json\/wp\/v2\/pages\/19388\/revisions\/19828"}],"wp:attachment":[{"href":"https:\/\/www.arno.es\/ca\/wp-json\/wp\/v2\/media?parent=19388"}],"curies":[{"name":"wp","href":"https:\/\/api.w.org\/{rel}","templated":true}]}}