{"id":19394,"date":"2016-12-27T08:35:40","date_gmt":"2016-12-27T07:35:40","guid":{"rendered":"https:\/\/www.arno.es\/rdi\/"},"modified":"2025-12-09T11:47:54","modified_gmt":"2025-12-09T10:47:54","slug":"rdi","status":"publish","type":"page","link":"https:\/\/www.arno.es\/ca\/rdi\/","title":{"rendered":"R+D+i"},"content":{"rendered":"<p><div class=\"fusion-fullwidth fullwidth-box fusion-builder-row-1 fusion-flex-container nonhundred-percent-fullwidth non-hundred-percent-height-scrolling\" style=\"--awb-background-position:left top;--awb-border-sizes-top:0px;--awb-border-sizes-bottom:0px;--awb-border-sizes-left:0px;--awb-border-sizes-right:0px;--awb-border-radius-top-left:0px;--awb-border-radius-top-right:0px;--awb-border-radius-bottom-right:0px;--awb-border-radius-bottom-left:0px;--awb-padding-top:2%;--awb-padding-bottom:2%;--awb-background-color:#ffa300;--awb-flex-wrap:wrap;\" ><div class=\"fusion-builder-row fusion-row fusion-flex-align-items-flex-start fusion-flex-content-wrap\" style=\"max-width:1216.8px;margin-left: calc(-4% \/ 2 );margin-right: calc(-4% \/ 2 );\"><div class=\"fusion-layout-column fusion_builder_column fusion-builder-column-0 fusion_builder_column_1_1 1_1 fusion-flex-column\" style=\"--awb-bg-size:cover;--awb-width-large:100%;--awb-margin-top-large:0px;--awb-spacing-right-large:1.92%;--awb-margin-bottom-large:0px;--awb-spacing-left-large:1.92%;--awb-width-medium:100%;--awb-spacing-right-medium:1.92%;--awb-spacing-left-medium:1.92%;--awb-width-small:100%;--awb-spacing-right-small:1.92%;--awb-spacing-left-small:1.92%;\"><div class=\"fusion-column-wrapper fusion-flex-justify-content-flex-start fusion-content-layout-column\"><div class=\"fusion-text fusion-text-1\"><h3 style=\"text-align: center;\">Fomentem la participaci\u00f3 del nostre personal en el desenvolupament de la R+D+i.<\/h3>\n<div id=\"ritekit-alerts\"><\/div>\n<\/div><\/div><\/div><\/div><\/div><div class=\"fusion-fullwidth fullwidth-box fusion-builder-row-2 fusion-flex-container nonhundred-percent-fullwidth non-hundred-percent-height-scrolling\" style=\"--awb-background-position:left top;--awb-border-sizes-top:0px;--awb-border-sizes-bottom:0px;--awb-border-sizes-left:0px;--awb-border-sizes-right:0px;--awb-border-radius-top-left:0px;--awb-border-radius-top-right:0px;--awb-border-radius-bottom-right:0px;--awb-border-radius-bottom-left:0px;--awb-padding-top:2%;--awb-flex-wrap:wrap;\" ><div class=\"fusion-builder-row fusion-row fusion-flex-align-items-flex-start fusion-flex-content-wrap\" style=\"max-width:1216.8px;margin-left: calc(-4% \/ 2 );margin-right: calc(-4% \/ 2 );\"><div class=\"fusion-layout-column fusion_builder_column fusion-builder-column-1 fusion_builder_column_1_3 1_3 fusion-flex-column mass-intro fusion-column-inner-bg-wrapper\" style=\"--awb-padding-top:5%;--awb-padding-right:5%;--awb-padding-bottom:5%;--awb-padding-left:5%;--awb-inner-bg-size:cover;--awb-border-color:#ffa300;--awb-border-top:3px;--awb-border-right:3px;--awb-border-bottom:3px;--awb-border-left:3px;--awb-border-style:solid;--awb-width-large:33.333333333333%;--awb-margin-top-large:0px;--awb-spacing-right-large:3.84%;--awb-margin-bottom-large:0px;--awb-spacing-left-large:5.76%;--awb-width-medium:33.333333333333%;--awb-spacing-right-medium:3.84%;--awb-spacing-left-medium:5.76%;--awb-width-small:100%;--awb-spacing-right-small:1.92%;--awb-spacing-left-small:1.92%;\"><span class=\"fusion-column-inner-bg hover-type-none\"><a class=\"fusion-column-anchor\" href=\"https:\/\/www.arno.es\/ecco2\/\"><span class=\"fusion-column-inner-bg-image\"><\/span><\/a><\/span><div class=\"fusion-column-wrapper fusion-column-has-shadow fusion-flex-justify-content-flex-start fusion-content-layout-column\"><div class=\"fusion-image-element \" style=\"text-align:center;--awb-max-width:50px;--awb-caption-title-font-family:var(--h2_typography-font-family);--awb-caption-title-font-weight:var(--h2_typography-font-weight);--awb-caption-title-font-style:var(--h2_typography-font-style);--awb-caption-title-size:var(--h2_typography-font-size);--awb-caption-title-transform:var(--h2_typography-text-transform);--awb-caption-title-line-height:var(--h2_typography-line-height);--awb-caption-title-letter-spacing:var(--h2_typography-letter-spacing);\"><span class=\" fusion-imageframe imageframe-none imageframe-1 hover-type-none\"><img decoding=\"async\" width=\"1181\" height=\"1576\" title=\"full ecco2\" src=\"https:\/\/www.arno.es\/wp-content\/uploads\/2019\/05\/full-ecco2.png\" alt class=\"img-responsive wp-image-18691\" srcset=\"https:\/\/www.arno.es\/wp-content\/uploads\/2019\/05\/full-ecco2-200x267.png 200w, https:\/\/www.arno.es\/wp-content\/uploads\/2019\/05\/full-ecco2-400x534.png 400w, https:\/\/www.arno.es\/wp-content\/uploads\/2019\/05\/full-ecco2-600x801.png 600w, https:\/\/www.arno.es\/wp-content\/uploads\/2019\/05\/full-ecco2-800x1068.png 800w, https:\/\/www.arno.es\/wp-content\/uploads\/2019\/05\/full-ecco2.png 1181w\" sizes=\"(max-width: 640px) 100vw, 400px\" \/><\/span><\/div><div class=\"fusion-text fusion-text-2\"><h3 style=\"text-align: center;\" data-fontsize=\"32\" data-lineheight=\"41\"><span style=\"color: #ffa300;\">Prova l&#8217;eina de c\u00e0lcul <\/span><\/h3>\n<\/div><div class=\"fusion-image-element \" style=\"text-align:center;--awb-max-width:200px;--awb-caption-title-font-family:var(--h2_typography-font-family);--awb-caption-title-font-weight:var(--h2_typography-font-weight);--awb-caption-title-font-style:var(--h2_typography-font-style);--awb-caption-title-size:var(--h2_typography-font-size);--awb-caption-title-transform:var(--h2_typography-text-transform);--awb-caption-title-line-height:var(--h2_typography-line-height);--awb-caption-title-letter-spacing:var(--h2_typography-letter-spacing);\"><span class=\" fusion-imageframe imageframe-none imageframe-2 hover-type-none\"><img decoding=\"async\" width=\"1535\" height=\"735\" title=\"ecco2 by arno\" src=\"https:\/\/www.arno.es\/wp-content\/uploads\/2019\/05\/ecco2-by-arno.png\" alt class=\"img-responsive wp-image-18690\" srcset=\"https:\/\/www.arno.es\/wp-content\/uploads\/2019\/05\/ecco2-by-arno-200x96.png 200w, https:\/\/www.arno.es\/wp-content\/uploads\/2019\/05\/ecco2-by-arno-400x192.png 400w, https:\/\/www.arno.es\/wp-content\/uploads\/2019\/05\/ecco2-by-arno-600x287.png 600w, https:\/\/www.arno.es\/wp-content\/uploads\/2019\/05\/ecco2-by-arno-800x383.png 800w, https:\/\/www.arno.es\/wp-content\/uploads\/2019\/05\/ecco2-by-arno-1200x575.png 1200w, https:\/\/www.arno.es\/wp-content\/uploads\/2019\/05\/ecco2-by-arno.png 1535w\" sizes=\"(max-width: 640px) 100vw, 400px\" \/><\/span><\/div><div class=\"fusion-text fusion-text-3\"><h3 style=\"text-align: center;\" data-fontsize=\"32\" data-lineheight=\"41\"><span style=\"color: #ffa300;\">basada en la metodologia \u201can\u00e0lisi del cicle de vida\u201d de l\u2019impacte ambiental de la producci\u00f3 de mescles bituminoses en calent, semicalent i temperades.<\/span><\/h3>\n<\/div><\/div><\/div><div class=\"fusion-layout-column fusion_builder_column fusion-builder-column-2 fusion_builder_column_2_3 2_3 fusion-flex-column\" style=\"--awb-padding-right:0%;--awb-padding-left:0%;--awb-bg-size:cover;--awb-width-large:66.666666666667%;--awb-margin-top-large:0px;--awb-spacing-right-large:2.88%;--awb-margin-bottom-large:0px;--awb-spacing-left-large:3.84%;--awb-width-medium:66.666666666667%;--awb-spacing-right-medium:2.88%;--awb-spacing-left-medium:3.84%;--awb-width-small:100%;--awb-spacing-right-small:1.92%;--awb-spacing-left-small:1.92%;\"><div class=\"fusion-column-wrapper fusion-flex-justify-content-flex-start fusion-content-layout-column\"><div class=\"fusion-text fusion-text-4\"><h4 data-fontsize=\"24\" data-lineheight=\"36\">Arn\u00f3 ent\u00e9n la investigaci\u00f3, el desenvolupament tecnol\u00f2gic i la innovaci\u00f3 com un factor b\u00e0sic per mantenir la competitivitat empresarial i el desenvolupament econ\u00f2mic, per aix\u00f2 fomenta i potencia la participaci\u00f3 del personal de cadascuna de les seves empreses en el desenvolupament d\u2019aquestes activitats.<\/h4>\n<h4 class=\"p1\">Arn\u00f3 disposa d\u2019un Sistema de Gesti\u00f3 d\u2019I+D+i certificat segons la norma UNE 166.002, que garanteix que totes les l\u00ednies de recerca en innovaci\u00f3 estan alineades amb el Pla Estrat\u00e8gic de l\u2019empresa. Aquest enfocament refor\u00e7a la millora cont\u00ednua dels processos, la satisfacci\u00f3 tant dels clients com de l\u2019equip, i promou un \u00fas eficient dels recursos materials i humans.<\/h4>\n<div id=\"ritekit-alerts\"><\/div>\n<\/div><\/div><\/div><\/div><\/div><div class=\"fusion-fullwidth fullwidth-box fusion-builder-row-3 fusion-flex-container nonhundred-percent-fullwidth non-hundred-percent-height-scrolling\" style=\"--awb-background-position:left top;--awb-border-sizes-top:0px;--awb-border-sizes-bottom:0px;--awb-border-sizes-left:0px;--awb-border-sizes-right:0px;--awb-border-radius-top-left:0px;--awb-border-radius-top-right:0px;--awb-border-radius-bottom-right:0px;--awb-border-radius-bottom-left:0px;--awb-padding-top:90px;--awb-padding-bottom:100px;--awb-flex-wrap:wrap;\" ><div class=\"fusion-builder-row fusion-row fusion-flex-align-items-flex-start fusion-flex-content-wrap\" style=\"max-width:1216.8px;margin-left: calc(-4% \/ 2 );margin-right: calc(-4% \/ 2 );\"><div class=\"fusion-layout-column fusion_builder_column fusion-builder-column-3 fusion_builder_column_1_3 1_3 fusion-flex-column\" style=\"--awb-padding-right:0%;--awb-padding-left:0%;--awb-bg-size:cover;--awb-width-large:33.333333333333%;--awb-margin-top-large:0px;--awb-spacing-right-large:5.76%;--awb-margin-bottom-large:0px;--awb-spacing-left-large:5.76%;--awb-width-medium:33.333333333333%;--awb-spacing-right-medium:5.76%;--awb-spacing-left-medium:5.76%;--awb-width-small:100%;--awb-spacing-right-small:1.92%;--awb-spacing-left-small:1.92%;\"><div class=\"fusion-column-wrapper fusion-flex-justify-content-flex-start fusion-content-layout-column\"><\/div><\/div><div class=\"fusion-layout-column fusion_builder_column fusion-builder-column-4 fusion_builder_column_1_3 1_3 fusion-flex-column\" style=\"--awb-bg-size:cover;--awb-width-large:33.333333333333%;--awb-margin-top-large:0px;--awb-spacing-right-large:5.76%;--awb-margin-bottom-large:0px;--awb-spacing-left-large:5.76%;--awb-width-medium:33.333333333333%;--awb-order-medium:0;--awb-spacing-right-medium:5.76%;--awb-spacing-left-medium:5.76%;--awb-width-small:100%;--awb-order-small:0;--awb-spacing-right-small:1.92%;--awb-spacing-left-small:1.92%;\"><div class=\"fusion-column-wrapper fusion-column-has-shadow fusion-flex-justify-content-flex-start fusion-content-layout-column\"><div style=\"text-align:center;\"><a class=\"fusion-button button-flat button-large button-custom fusion-button-default button-1 fusion-button-default-span fusion-button-default-type\" style=\"--button_accent_color:#75787b;--button_accent_hover_color:#ffa300;--button_border_hover_color:#ffa300;--button_border_width-top:1px;--button_border_width-right:1px;--button_border_width-bottom:1px;--button_border_width-left:1px;--button-border-radius-top-left:0;--button-border-radius-top-right:0;--button-border-radius-bottom-right:0;--button-border-radius-bottom-left:0;--button_gradient_top_color:#ffa300;--button_gradient_bottom_color:#ffa300;--button_gradient_top_color_hover:#ffffff;--button_gradient_bottom_color_hover:#ffffff;\" target=\"_self\" href=\"https:\/\/www.arno.es\/wp-content\/uploads\/2025\/09\/Visio\u0301n-estrategia-y-Poli\u0301tica-IDi.cat-ISO.pdf\"><span class=\"fusion-button-text awb-button__text awb-button__text--default\">VISI\u00d3, ESTRAT\u00c8GIA I POL\u00cdTICA<\/span><\/a><\/div><\/div><\/div><div class=\"fusion-layout-column fusion_builder_column fusion-builder-column-5 fusion_builder_column_1_3 1_3 fusion-flex-column\" style=\"--awb-padding-right:0%;--awb-padding-left:0%;--awb-bg-size:cover;--awb-width-large:33.333333333333%;--awb-margin-top-large:0px;--awb-spacing-right-large:5.76%;--awb-margin-bottom-large:0px;--awb-spacing-left-large:5.76%;--awb-width-medium:33.333333333333%;--awb-spacing-right-medium:5.76%;--awb-spacing-left-medium:5.76%;--awb-width-small:100%;--awb-spacing-right-small:1.92%;--awb-spacing-left-small:1.92%;\"><div class=\"fusion-column-wrapper fusion-flex-justify-content-flex-start fusion-content-layout-column\"><\/div><\/div><div class=\"fusion-layout-column fusion_builder_column fusion-builder-column-6 fusion_builder_column_1_6 1_6 fusion-flex-column\" style=\"--awb-padding-right:0%;--awb-padding-left:0%;--awb-bg-size:cover;--awb-width-large:16.666666666667%;--awb-margin-top-large:0px;--awb-spacing-right-large:11.52%;--awb-margin-bottom-large:0px;--awb-spacing-left-large:11.52%;--awb-width-medium:16.666666666667%;--awb-spacing-right-medium:11.52%;--awb-spacing-left-medium:11.52%;--awb-width-small:100%;--awb-spacing-right-small:1.92%;--awb-spacing-left-small:1.92%;\"><div class=\"fusion-column-wrapper fusion-flex-justify-content-flex-start fusion-content-layout-column\"><\/div><\/div><div class=\"fusion-layout-column fusion_builder_column fusion-builder-column-7 fusion_builder_column_2_3 2_3 fusion-flex-column\" style=\"--awb-padding-right:0%;--awb-padding-left:0%;--awb-bg-size:cover;--awb-width-large:66.666666666667%;--awb-margin-top-large:0px;--awb-spacing-right-large:2.88%;--awb-margin-bottom-large:0px;--awb-spacing-left-large:2.88%;--awb-width-medium:66.666666666667%;--awb-spacing-right-medium:2.88%;--awb-spacing-left-medium:2.88%;--awb-width-small:100%;--awb-spacing-right-small:1.92%;--awb-spacing-left-small:1.92%;\"><div class=\"fusion-column-wrapper fusion-flex-justify-content-flex-start fusion-content-layout-column\"><div class=\"fusion-separator\" style=\"align-self: center;margin-left: auto;margin-right: auto;margin-top:50px;margin-bottom:30px;width:100%;max-width:206px;\"><div class=\"fusion-separator-border sep-single sep-solid\" style=\"--awb-height:20px;--awb-amount:20px;--awb-sep-color:#ffffff;border-color:#ffffff;border-top-width:2px;\"><\/div><\/div><div class=\"fusion-text fusion-text-5\"><h2 style=\"font-weight: 300; text-align: center;\">Projectes<\/h2>\n<div id=\"ritekit-alerts\"><\/div>\n<\/div><div class=\"fusion-separator\" style=\"align-self: center;margin-left: auto;margin-right: auto;margin-top:30px;margin-bottom:30px;width:100%;max-width:206px;\"><div class=\"fusion-separator-border sep-single sep-solid\" style=\"--awb-height:20px;--awb-amount:20px;--awb-sep-color:#ffa300;border-color:#ffa300;border-top-width:2px;\"><\/div><\/div><div class=\"fusion-text fusion-text-6\"><p style=\"text-align: center;\">Realitzem diversos tipus d&#8217;obres, carreteres, residencial, obres hidr\u00e0uliques, ferrovi\u00e0ries, aeroportu\u00e0ries, equipaments i instal\u00b7lacions sanit\u00e0ries, escolars o esportives, edificis industrials, oficines, p\u00e0rquins&#8230;<\/p>\n<div id=\"ritekit-alerts\"><\/div>\n<\/div><div class=\"fusion-separator fusion-full-width-sep\" style=\"align-self: center;margin-left: auto;margin-right: auto;margin-top:30px;width:100%;\"><\/div><\/div><\/div><div class=\"fusion-layout-column fusion_builder_column fusion-builder-column-8 fusion_builder_column_1_6 1_6 fusion-flex-column\" style=\"--awb-padding-right:0%;--awb-padding-left:0%;--awb-bg-size:cover;--awb-width-large:16.666666666667%;--awb-margin-top-large:0px;--awb-spacing-right-large:11.52%;--awb-margin-bottom-large:0px;--awb-spacing-left-large:11.52%;--awb-width-medium:16.666666666667%;--awb-spacing-right-medium:11.52%;--awb-spacing-left-medium:11.52%;--awb-width-small:100%;--awb-spacing-right-small:1.92%;--awb-spacing-left-small:1.92%;\"><div class=\"fusion-column-wrapper fusion-flex-justify-content-flex-start fusion-content-layout-column\"><\/div><\/div><\/div><\/div><div class=\"fusion-fullwidth fullwidth-box fusion-builder-row-4 fusion-flex-container has-pattern-background has-mask-background nonhundred-percent-fullwidth non-hundred-percent-height-scrolling\" style=\"--awb-border-radius-top-left:0px;--awb-border-radius-top-right:0px;--awb-border-radius-bottom-right:0px;--awb-border-radius-bottom-left:0px;--awb-flex-wrap:wrap;\" ><div class=\"fusion-builder-row fusion-row fusion-flex-align-items-flex-start fusion-flex-content-wrap\" style=\"max-width:1216.8px;margin-left: calc(-4% \/ 2 );margin-right: calc(-4% \/ 2 );\"><\/div><\/div><div class=\"fusion-fullwidth fullwidth-box fusion-builder-row-5 fusion-flex-container nonhundred-percent-fullwidth non-hundred-percent-height-scrolling\" style=\"--awb-background-position:left top;--awb-border-sizes-top:0px;--awb-border-sizes-bottom:0px;--awb-border-sizes-left:0px;--awb-border-sizes-right:0px;--awb-border-radius-top-left:0px;--awb-border-radius-top-right:0px;--awb-border-radius-bottom-right:0px;--awb-border-radius-bottom-left:0px;--awb-background-color:#ffffff;--awb-flex-wrap:wrap;\" ><div class=\"fusion-builder-row fusion-row fusion-flex-align-items-flex-start fusion-flex-content-wrap\" style=\"max-width:1216.8px;margin-left: calc(-4% \/ 2 );margin-right: calc(-4% \/ 2 );\"><div class=\"fusion-layout-column fusion_builder_column fusion-builder-column-9 fusion_builder_column_1_1 1_1 fusion-flex-column\" style=\"--awb-padding-top:2%;--awb-bg-size:cover;--awb-width-large:100%;--awb-margin-top-large:0px;--awb-spacing-right-large:1.92%;--awb-margin-bottom-large:0px;--awb-spacing-left-large:1.92%;--awb-width-medium:100%;--awb-spacing-right-medium:1.92%;--awb-spacing-left-medium:1.92%;--awb-width-small:100%;--awb-spacing-right-small:1.92%;--awb-spacing-left-small:1.92%;\"><div class=\"fusion-column-wrapper fusion-flex-justify-content-flex-start fusion-content-layout-column\"><\/div><\/div><\/div><\/div><div class=\"fusion-fullwidth fullwidth-box fusion-builder-row-6 fusion-flex-container hundred-percent-fullwidth non-hundred-percent-height-scrolling\" style=\"--awb-border-radius-top-left:0px;--awb-border-radius-top-right:0px;--awb-border-radius-bottom-right:0px;--awb-border-radius-bottom-left:0px;--awb-flex-wrap:wrap;\" ><div class=\"fusion-builder-row fusion-row fusion-flex-align-items-flex-start fusion-flex-content-wrap\" style=\"width:104% !important;max-width:104% !important;margin-left: calc(-4% \/ 2 );margin-right: calc(-4% \/ 2 );\"><div class=\"fusion-layout-column fusion_builder_column fusion-builder-column-10 fusion_builder_column_1_1 1_1 fusion-flex-column\" style=\"--awb-bg-size:cover;--awb-width-large:100%;--awb-margin-top-large:0px;--awb-spacing-right-large:1.92%;--awb-margin-bottom-large:0px;--awb-spacing-left-large:1.92%;--awb-width-medium:100%;--awb-spacing-right-medium:1.92%;--awb-spacing-left-medium:1.92%;--awb-width-small:100%;--awb-spacing-right-small:1.92%;--awb-spacing-left-small:1.92%;\"><div class=\"fusion-column-wrapper fusion-flex-justify-content-flex-start fusion-content-layout-column\"><div class=\"fusion-separator\" style=\"align-self: center;margin-left: auto;margin-right: auto;margin-top:0px;margin-bottom:10px;width:100%;max-width:206px;\"><div class=\"fusion-separator-border sep-single sep-solid\" style=\"--awb-height:20px;--awb-amount:20px;--awb-sep-color:#ffa300;border-color:#ffa300;border-top-width:2px;\"><\/div><\/div><div class=\"fusion-text fusion-text-7\"><h1 style=\"text-align: center;\"><span style=\"color: #75787b;\">Recursos<\/span><\/h1>\n<div id=\"ritekit-alerts\"><\/div>\n<\/div><div class=\"fusion-text fusion-text-8\"><p><strong>Laboratori propi<\/strong><\/p>\n<p>Disposem\u00a0d\u2019un laboratori propi altament equipat, amb tots els equips necessaris calibrats, per al control dels materials que fabrica: \u00e0rids, formig\u00f3 i aglomerat asf\u00e0ltic.<\/p>\n<p><strong>Furg\u00f3 taller<\/strong><\/p>\n<p>Tamb\u00e9 disposem d\u2019un furg\u00f3 taller, equipat com a taller m\u00f2bil per a la reparaci\u00f3 de les avaries de la maquin\u00e0ria en obra, reduint el temps de reparaci\u00f3 i incrementant la capacitat productiva.<\/p>\n<p><strong>Plantes m\u00f2bils de reciclatge de materials<\/strong><\/p>\n<p><strong>Planta m\u00f2bil: Metso Minerals Lockotrack LT 1213S<\/strong><\/p>\n<p>Planta m\u00f2bil que permet realitzar el proc\u00e9s complet de\u00a0trituraci\u00f3 i classificaci\u00f3\u00a0en una \u00fanica unitat, per a aplicacions prim\u00e0ries i secund\u00e0ries. Permet treballar en circuit obert o tancat com a estaci\u00f3 completa.<\/p>\n<p>Producci\u00f3 nominal:\u00a0300tn\/h<\/p>\n<p>Components:<\/p>\n<p>Trituradora d\u2019impactes Nordberg NP 1213.<\/p>\n<p>Tremuja de 2600 mm d\u2019ample i alimentador de 4150 mm de llarg i 1100 mm d\u2019ample.<\/p>\n<p>Garbell de 3000 mm de llarg i 1300 mm d\u2019ample.<\/p>\n<p>Motor:\u00a0CATERPILLAR de 415 CV a 2.100rpm.<\/p>\n<p><strong>Planta ultra-m\u00f2bil de fabricaci\u00f3 d\u2019aglomerat asf\u00e0ltic: SIM-AMMANN CB 280<\/strong><\/p>\n<p>Planta per a la fabricaci\u00f3 d\u2019aglomerat asf\u00e0ltic, amb una capacitat nominal de\u00a0280Tn \/ hora.<\/p>\n<p>Aquesta planta es troba a les nostres instal\u00b7lacions de la poblaci\u00f3\u00a0d\u2019Alfarr\u00e0s. Actualment es troba desmuntada, per\u00f2 est\u00e0 a punt per ser duta on es necessari gr\u00e0cies al seu f\u00e0cil muntatge.<\/p>\n<p>Les plantes discont\u00ednues del tipus estacionari, gamma\u00a0CB\u00a0de\u00a0n, estan dissenyades per a un f\u00e0cil transport des de f\u00e0brica mitjan\u00e7ant m\u00f2duls de dimensions adequades. Aquest tipus de planta s\u2019instal\u00b7la sobre cimentacions de formig\u00f3, que en alguns casos poden substituir-se per fonamentacions met\u00e0l\u00b7liques<\/p>\n<p><strong>Control acabat aglomerat: Equip Iris 2000<\/strong><\/p>\n<p>S\u2019utilitza per al control en obra de la regularitat superficial de l\u2019aglomerat asf\u00e0ltic.<\/p>\n<p>Caracter\u00edstiques:\u00a0El sistema 2000 del DIAFRAGMA es dissenya espec\u00edficament per a determinar la qualitat superficial de superf\u00edcies pavimentades novament constru\u00efdes o de superf\u00edcies de la carretera existents en termes de l\u2019\u00edndex internacional de la asprositat (IRI). Encara que l\u2019instrument no es limita a aquest \u00fas. Un perfil relatiu exacte permet que altres \u00edndexs siguin calculats, per exemple la Calif\u00f2rnia Profilograph. L\u2019exportaci\u00f3 flexible de les dades permet el pal que processa i que divulga de les dades recollides.<\/p>\n<p><strong>Resist\u00e8ncia al despla\u00e7ament (CRT)<\/strong><\/p>\n<p>Es proposa el p\u00e8ndol original de la signatura Wessex.<\/p>\n<p>Es tracta d\u2019un p\u00e8ndol port\u00e0til per a la mesurar de la resist\u00e8ncia al lliscament en carreteres i del CPA en el laboratori. Segons disseny del Road Research Laboratory.<\/p>\n<p>Amb caixa d\u2019emmagatzematge i transport, que inclou joc de claus, regleta de mesura per carretera, term\u00f2metre, flasc\u00f3 rentador i 6 sabates de 76 x 25.4 x 6.5 mm muntades sobre suport met\u00e0l\u00b7lic, per a assajos a la carretera.<\/p>\n<p><strong>Biga de anivellaci\u00f3 per ultrasons: V\u00f6gele<\/strong><\/p>\n<p>Anivellaci\u00f3 d\u2019est\u00e8s asf\u00e0ltic en les obres.<\/p>\n<\/div><\/div><\/div><\/div><\/div><div class=\"fusion-fullwidth fullwidth-box fusion-builder-row-7 fusion-flex-container nonhundred-percent-fullwidth non-hundred-percent-height-scrolling\" style=\"--awb-border-sizes-top:0px;--awb-border-sizes-bottom:0px;--awb-border-sizes-left:0px;--awb-border-sizes-right:0px;--awb-border-radius-top-left:0px;--awb-border-radius-top-right:0px;--awb-border-radius-bottom-right:0px;--awb-border-radius-bottom-left:0px;--awb-background-color:#75787b;--awb-flex-wrap:wrap;\" ><div class=\"fusion-builder-row fusion-row fusion-flex-align-items-flex-start fusion-flex-content-wrap\" style=\"max-width:1216.8px;margin-left: calc(-4% \/ 2 );margin-right: calc(-4% \/ 2 );\"><div class=\"fusion-layout-column fusion_builder_column fusion-builder-column-11 fusion_builder_column_1_1 1_1 fusion-flex-column\" style=\"--awb-bg-size:cover;--awb-width-large:100%;--awb-margin-top-large:0px;--awb-spacing-right-large:1.92%;--awb-margin-bottom-large:0px;--awb-spacing-left-large:1.92%;--awb-width-medium:100%;--awb-spacing-right-medium:1.92%;--awb-spacing-left-medium:1.92%;--awb-width-small:100%;--awb-spacing-right-small:1.92%;--awb-spacing-left-small:1.92%;\"><div class=\"fusion-column-wrapper fusion-flex-justify-content-flex-start fusion-content-layout-column\"><div class=\"fusion-section-separator section-separator curved fusion-section-separator-1\" style=\"--awb-spacer-height:99px;--awb-svg-margin-left:1.92%;--awb-svg-margin-right:1.92%;--awb-svg-margin-left-medium:1.92%;--awb-svg-margin-right-medium:1.92%;--awb-svg-margin-left-small:1.92%;--awb-svg-margin-right-small:1.92%;--awb-divider-height:99px;--awb-spacer-padding-top:inherit;--awb-sep-padding:0;--awb-svg-padding:0;\"><div class=\"fusion-section-separator-svg\"><svg class=\"fusion-curved-candy\" xmlns=\"http:\/\/www.w3.org\/2000\/svg\" version=\"1.1\" width=\"100%\" height=\"100\" viewBox=\"0 0 100 100\" preserveAspectRatio=\"none\" fill=\"rgba(255,255,255,1)\"><path d=\"M0 0 C 20 100 50 100 100 0 Z\"><\/path><\/svg><\/div><div class=\"fusion-section-separator-spacer\"><div class=\"fusion-section-separator-spacer-height\"><\/div><\/div><\/div><\/div><\/div><div class=\"fusion-layout-column fusion_builder_column fusion-builder-column-12 fusion_builder_column_1_2 1_2 fusion-flex-column\" style=\"--awb-bg-size:cover;--awb-width-large:50%;--awb-margin-top-large:0px;--awb-spacing-right-large:3.84%;--awb-margin-bottom-large:0px;--awb-spacing-left-large:3.84%;--awb-width-medium:50%;--awb-order-medium:0;--awb-spacing-right-medium:3.84%;--awb-spacing-left-medium:3.84%;--awb-width-small:100%;--awb-order-small:0;--awb-spacing-right-small:1.92%;--awb-spacing-left-small:1.92%;\"><div class=\"fusion-column-wrapper fusion-column-has-shadow fusion-flex-justify-content-flex-start fusion-content-layout-column\"><div class=\"fusion-image-element \" style=\"--awb-caption-title-font-family:var(--h2_typography-font-family);--awb-caption-title-font-weight:var(--h2_typography-font-weight);--awb-caption-title-font-style:var(--h2_typography-font-style);--awb-caption-title-size:var(--h2_typography-font-size);--awb-caption-title-transform:var(--h2_typography-text-transform);--awb-caption-title-line-height:var(--h2_typography-line-height);--awb-caption-title-letter-spacing:var(--h2_typography-letter-spacing);\"><span class=\" fusion-imageframe imageframe-none imageframe-3 hover-type-none\"><img decoding=\"async\" width=\"1478\" height=\"292\" title=\"aenor\" src=\"https:\/\/www.arno.es\/wp-content\/uploads\/2024\/10\/aenor.png\" alt class=\"img-responsive wp-image-19200\" srcset=\"https:\/\/www.arno.es\/wp-content\/uploads\/2024\/10\/aenor-200x40.png 200w, https:\/\/www.arno.es\/wp-content\/uploads\/2024\/10\/aenor-400x79.png 400w, https:\/\/www.arno.es\/wp-content\/uploads\/2024\/10\/aenor-600x119.png 600w, https:\/\/www.arno.es\/wp-content\/uploads\/2024\/10\/aenor-800x158.png 800w, https:\/\/www.arno.es\/wp-content\/uploads\/2024\/10\/aenor-1200x237.png 1200w, https:\/\/www.arno.es\/wp-content\/uploads\/2024\/10\/aenor.png 1478w\" sizes=\"(max-width: 640px) 100vw, 600px\" \/><\/span><\/div><\/div><\/div><div class=\"fusion-layout-column fusion_builder_column fusion-builder-column-13 fusion_builder_column_1_2 1_2 fusion-flex-column\" style=\"--awb-bg-size:cover;--awb-width-large:50%;--awb-margin-top-large:0px;--awb-spacing-right-large:3.84%;--awb-margin-bottom-large:0px;--awb-spacing-left-large:3.84%;--awb-width-medium:50%;--awb-order-medium:0;--awb-spacing-right-medium:3.84%;--awb-spacing-left-medium:3.84%;--awb-width-small:100%;--awb-order-small:0;--awb-spacing-right-small:1.92%;--awb-spacing-left-small:1.92%;\"><div class=\"fusion-column-wrapper fusion-column-has-shadow fusion-flex-justify-content-flex-start fusion-content-layout-column\"><div class=\"fusion-text fusion-text-9\" style=\"--awb-text-color:#ffffff;\"><p class=\"p1\">En totes les nostres activitats s\u2019apliquen els est\u00e0ndards de qualitat m\u00e9s rigorosos, el respecte pel medi ambient i la prevenci\u00f3 de riscos. Es promou la innovaci\u00f3 i s\u2019actua amb professionalitat i responsabilitat per complir amb tots els nostres compromisos, oferint el millor servei al client final i a la societat en general.<\/p>\n<\/div><\/div><\/div><\/div><\/div><div class=\"fusion-fullwidth fullwidth-box fusion-builder-row-8 fusion-flex-container nonhundred-percent-fullwidth non-hundred-percent-height-scrolling\" style=\"--awb-background-position:left top;--awb-border-sizes-top:0px;--awb-border-sizes-bottom:0px;--awb-border-sizes-left:0px;--awb-border-sizes-right:0px;--awb-border-radius-top-left:0px;--awb-border-radius-top-right:0px;--awb-border-radius-bottom-right:0px;--awb-border-radius-bottom-left:0px;--awb-padding-top:90px;--awb-padding-bottom:100px;--awb-background-color:#f5f5f5;--awb-flex-wrap:wrap;\" ><div class=\"fusion-builder-row fusion-row fusion-flex-align-items-flex-start fusion-flex-content-wrap\" style=\"max-width:1216.8px;margin-left: calc(-4% \/ 2 );margin-right: calc(-4% \/ 2 );\"><div class=\"fusion-layout-column fusion_builder_column fusion-builder-column-14 fusion_builder_column_1_1 1_1 fusion-flex-column\" style=\"--awb-padding-right:15%;--awb-padding-left:15%;--awb-bg-size:cover;--awb-width-large:100%;--awb-margin-top-large:0px;--awb-spacing-right-large:1.92%;--awb-margin-bottom-large:0px;--awb-spacing-left-large:1.92%;--awb-width-medium:100%;--awb-spacing-right-medium:1.92%;--awb-spacing-left-medium:1.92%;--awb-width-small:100%;--awb-spacing-right-small:1.92%;--awb-spacing-left-small:1.92%;\"><div class=\"fusion-column-wrapper fusion-flex-justify-content-flex-start fusion-content-layout-column\"><div class=\"fusion-text fusion-text-10\"><h2 style=\"font-weight: 300; text-align: center;\">Actualitat<\/h2>\n<div id=\"ritekit-alerts\"><\/div>\n<\/div><div class=\"fusion-separator\" style=\"align-self: center;margin-left: auto;margin-right: auto;margin-top:0px;margin-bottom:30px;width:100%;max-width:206px;\"><div class=\"fusion-separator-border sep-single sep-solid\" style=\"--awb-height:20px;--awb-amount:20px;--awb-sep-color:#ffa300;border-color:#ffa300;border-top-width:2px;\"><\/div><\/div><div class=\"fusion-separator fusion-full-width-sep\" style=\"align-self: center;margin-left: auto;margin-right: auto;margin-top:30px;width:100%;\"><\/div><\/div><\/div><div class=\"fusion-layout-column fusion_builder_column fusion-builder-column-15 fusion_builder_column_1_1 1_1 fusion-flex-column\" style=\"--awb-bg-size:cover;--awb-width-large:100%;--awb-margin-top-large:0px;--awb-spacing-right-large:1.92%;--awb-margin-bottom-large:50px;--awb-spacing-left-large:1.92%;--awb-width-medium:100%;--awb-spacing-right-medium:1.92%;--awb-spacing-left-medium:1.92%;--awb-width-small:100%;--awb-spacing-right-small:1.92%;--awb-spacing-left-small:1.92%;\"><div class=\"fusion-column-wrapper fusion-flex-justify-content-flex-start fusion-content-layout-column\"><div class=\"fusion-blog-shortcode fusion-blog-shortcode-1 fusion-blog-archive fusion-blog-layout-grid-wrapper fusion-blog-no\"><style type=\"text\/css\">.fusion-blog-shortcode-1 .fusion-blog-layout-grid .fusion-post-grid{padding:20px;}.fusion-blog-shortcode-1 .fusion-posts-container{margin-left: -20px !important; margin-right:-20px !important;}<\/style><div class=\"fusion-posts-container fusion-posts-container-no fusion-blog-rollover fusion-blog-layout-grid fusion-blog-layout-grid-3 isotope\" data-pages=\"85\" data-grid-col-space=\"40\" style=\"margin: -20px -20px 0;min-height:500px;\"><article id=\"blog-1-post-19821\" class=\"fusion-post-grid post-19821 post type-post status-publish format-standard has-post-thumbnail hentry category-sin-categoria\">\n<div class=\"fusion-post-wrapper\" style=\"background-color:rgba(255,255,255,1);border:1px solid #f5f5f5;border-bottom-width:3px;\">\n\n\t\t\t<div class=\"fusion-flexslider flexslider fusion-flexslider-loading fusion-post-slideshow\" style=\"border-color:#f5f5f5;\">\n\t\t<ul class=\"slides\">\n\t\t\t\n\t\t\t\t\t\t\t\t\t\t\t\t\t\t<li><div  class=\"fusion-image-wrapper\" aria-haspopup=\"true\">\n\t\t\t\t<img decoding=\"async\" width=\"1024\" height=\"768\" src=\"https:\/\/www.arno.es\/wp-content\/uploads\/2025\/11\/Residencia-El-Mirador-de-Gra\u0300cia.png\" class=\"attachment-full size-full wp-post-image\" alt=\"Residencia El Mirador de Gr\u00e0cia\" \/><div class=\"fusion-rollover\">\n\t<div class=\"fusion-rollover-content\">\n\n\t\t\t\t\t\t\t\t\t\t\t\t\t\t<a class=\"fusion-rollover-link\" href=\"https:\/\/www.arno.es\/ca\/residencia-el-mirador-de-gracia-un-espacio-pensado-para-las-personas\/\">Residencia \u201cEl Mirador de Gr\u00e0cia\u201d: un espacio pensado para las personas<\/a>\n\t\t\t\n\t\t\t\t\t\t\t\t\t\t\t\t\t\t\n\t\t\t\t\t\t\t\t\n\t\t\t\t\t\t\t\t\t\t\t\t\t<div class=\"fusion-rollover-sep\"><\/div>\n\t\t\t\t\n\t\t\t\t\t\t\t\t\t\t\t\t\t\t\t\t\t\t<a class=\"fusion-rollover-gallery\" href=\"https:\/\/www.arno.es\/wp-content\/uploads\/2025\/11\/Residencia-El-Mirador-de-Gra\u0300cia.png\" data-options=\"\" data-id=\"19821\" data-rel=\"iLightbox[gallery]\" data-title=\"Residencia El Mirador de Gra\u0300cia\" data-caption=\"\">\n\t\t\t\t\t\tGallery\t\t\t\t\t<\/a>\n\t\t\t\t\t\t\t\t\t\t\t\t\t\t\n\t\t\n\t\t\t\t\t\t\t\t\t\t\t\t<h4 class=\"fusion-rollover-title\">\n\t\t\t\t\t<a class=\"fusion-rollover-title-link\" href=\"https:\/\/www.arno.es\/ca\/residencia-el-mirador-de-gracia-un-espacio-pensado-para-las-personas\/\">\n\t\t\t\t\t\tResidencia \u201cEl Mirador de Gr\u00e0cia\u201d: un espacio pensado para las personas\t\t\t\t\t<\/a>\n\t\t\t\t<\/h4>\n\t\t\t\n\t\t\t\t\t\t\t\t\t\t<div class=\"fusion-rollover-categories\"><a href=\"https:\/\/www.arno.es\/ca\/category\/sin-categoria\/\" rel=\"tag\">Sin categor\u00eda<\/a><\/div>\t\t\t\t\t\n\t\t\n\t\t\t\t\t\t<a class=\"fusion-link-wrapper\" href=\"https:\/\/www.arno.es\/ca\/residencia-el-mirador-de-gracia-un-espacio-pensado-para-las-personas\/\" aria-label=\"Residencia \u201cEl Mirador de Gr\u00e0cia\u201d: un espacio pensado para las personas\"><\/a>\n\t<\/div>\n<\/div>\n<\/div>\n<\/li>\n\t\t\t\n\t\t\t\n\t\t\t\t\t\t\t\t\t\t\t\t\t\t\t\t\t\t\t\t\t\t\t\t\t\t\t\t\t\t\t\t\t\t\t\t\t\t\t\t\t\t\t\t\t\t\t\t\t\t\t\t\t\t\t\t\t\t\t\t\t\t\t\t\t\t\t\t<\/ul>\n\t<\/div>\n\t<div class=\"fusion-post-content-wrapper\" style=\"padding:3% 3% 3% 3%;\"><div class=\"fusion-post-content post-content\"><h2 class=\"blog-shortcode-post-title entry-title\"><a href=\"https:\/\/www.arno.es\/ca\/residencia-el-mirador-de-gracia-un-espacio-pensado-para-las-personas\/\">Residencia \u201cEl Mirador de Gr\u00e0cia\u201d: un espacio pensado para las personas<\/a><\/h2><p class=\"fusion-single-line-meta\"><span class=\"vcard\" style=\"display: none;\"><span class=\"fn\"><a href=\"https:\/\/www.arno.es\/ca\/author\/informatica\/\" title=\"Entrades de informatica\" rel=\"author\">informatica<\/a><\/span><\/span><span class=\"updated\" style=\"display:none;\">2025-11-19T11:18:16+01:00<\/span><span>novembre 19th, 2025<\/span><span class=\"fusion-inline-sep\">|<\/span><\/p><div class=\"fusion-content-sep sep-single sep-solid\"><\/div><div class=\"fusion-post-content-container\"><p>La Residencia El Mirador de Gr\u00e0cia es un proyecto dise\u00f1ado para ofrecer un entorno acogedor, accesible y funcional en pleno coraz\u00f3n de Barcelona. Un equipamiento esencial que combina bienestar, arquitectura y calidad urbana. En Arn\u00f3,<\/p><\/div><\/div><\/div><div class=\"fusion-clearfix\"><\/div><\/div>\n<\/article>\n<article id=\"blog-1-post-19816\" class=\"fusion-post-grid post-19816 post type-post status-publish format-standard has-post-thumbnail hentry category-sin-categoria\">\n<div class=\"fusion-post-wrapper\" style=\"background-color:rgba(255,255,255,1);border:1px solid #f5f5f5;border-bottom-width:3px;\">\n\n\t\t\t<div class=\"fusion-flexslider flexslider fusion-flexslider-loading fusion-post-slideshow\" style=\"border-color:#f5f5f5;\">\n\t\t<ul class=\"slides\">\n\t\t\t\n\t\t\t\t\t\t\t\t\t\t\t\t\t\t<li><div  class=\"fusion-image-wrapper\" aria-haspopup=\"true\">\n\t\t\t\t<img decoding=\"async\" width=\"1024\" height=\"768\" src=\"https:\/\/www.arno.es\/wp-content\/uploads\/2025\/11\/Plac\u0327a-Llopis.png\" class=\"attachment-full size-full wp-post-image\" alt=\"Pla\u00e7a Llopis\" \/><div class=\"fusion-rollover\">\n\t<div class=\"fusion-rollover-content\">\n\n\t\t\t\t\t\t\t\t\t\t\t\t\t\t<a class=\"fusion-rollover-link\" href=\"https:\/\/www.arno.es\/ca\/remodelacion-de-la-placa-llopis-un-nuevo-espacio-para-el-barrio\/\">Remodelaci\u00f3n de la Pla\u00e7a Llopis: un nuevo espacio para el barrio<\/a>\n\t\t\t\n\t\t\t\t\t\t\t\t\t\t\t\t\t\t\n\t\t\t\t\t\t\t\t\n\t\t\t\t\t\t\t\t\t\t\t\t\t<div class=\"fusion-rollover-sep\"><\/div>\n\t\t\t\t\n\t\t\t\t\t\t\t\t\t\t\t\t\t\t\t\t\t\t<a class=\"fusion-rollover-gallery\" href=\"https:\/\/www.arno.es\/wp-content\/uploads\/2025\/11\/Plac\u0327a-Llopis.png\" data-options=\"\" data-id=\"19816\" data-rel=\"iLightbox[gallery]\" data-title=\"Plac\u0327a Llopis\" data-caption=\"\">\n\t\t\t\t\t\tGallery\t\t\t\t\t<\/a>\n\t\t\t\t\t\t\t\t\t\t\t\t\t\t\n\t\t\n\t\t\t\t\t\t\t\t\t\t\t\t<h4 class=\"fusion-rollover-title\">\n\t\t\t\t\t<a class=\"fusion-rollover-title-link\" href=\"https:\/\/www.arno.es\/ca\/remodelacion-de-la-placa-llopis-un-nuevo-espacio-para-el-barrio\/\">\n\t\t\t\t\t\tRemodelaci\u00f3n de la Pla\u00e7a Llopis: un nuevo espacio para el barrio\t\t\t\t\t<\/a>\n\t\t\t\t<\/h4>\n\t\t\t\n\t\t\t\t\t\t\t\t\t\t<div class=\"fusion-rollover-categories\"><a href=\"https:\/\/www.arno.es\/ca\/category\/sin-categoria\/\" rel=\"tag\">Sin categor\u00eda<\/a><\/div>\t\t\t\t\t\n\t\t\n\t\t\t\t\t\t<a class=\"fusion-link-wrapper\" href=\"https:\/\/www.arno.es\/ca\/remodelacion-de-la-placa-llopis-un-nuevo-espacio-para-el-barrio\/\" aria-label=\"Remodelaci\u00f3n de la Pla\u00e7a Llopis: un nuevo espacio para el barrio\"><\/a>\n\t<\/div>\n<\/div>\n<\/div>\n<\/li>\n\t\t\t\n\t\t\t\n\t\t\t\t\t\t\t\t\t\t\t\t\t\t\t\t\t\t\t\t\t\t\t\t\t\t\t\t\t\t\t\t\t\t\t\t\t\t\t\t\t\t\t\t\t\t\t\t\t\t\t\t\t\t\t\t\t\t\t\t\t\t\t\t\t\t\t\t<\/ul>\n\t<\/div>\n\t<div class=\"fusion-post-content-wrapper\" style=\"padding:3% 3% 3% 3%;\"><div class=\"fusion-post-content post-content\"><h2 class=\"blog-shortcode-post-title entry-title\"><a href=\"https:\/\/www.arno.es\/ca\/remodelacion-de-la-placa-llopis-un-nuevo-espacio-para-el-barrio\/\">Remodelaci\u00f3n de la Pla\u00e7a Llopis: un nuevo espacio para el barrio<\/a><\/h2><p class=\"fusion-single-line-meta\"><span class=\"vcard\" style=\"display: none;\"><span class=\"fn\"><a href=\"https:\/\/www.arno.es\/ca\/author\/informatica\/\" title=\"Entrades de informatica\" rel=\"author\">informatica<\/a><\/span><\/span><span class=\"updated\" style=\"display:none;\">2025-11-19T11:13:52+01:00<\/span><span>novembre 19th, 2025<\/span><span class=\"fusion-inline-sep\">|<\/span><\/p><div class=\"fusion-content-sep sep-single sep-solid\"><\/div><div class=\"fusion-post-content-container\"><p>En Arn\u00f3 continuamos contribuyendo a la mejora del espacio p\u00fablico con actuaciones que transforman el d\u00eda a d\u00eda de la ciudadan\u00eda. Un ejemplo reciente es la remodelaci\u00f3n de la Pla\u00e7a Llopis. La intervenci\u00f3n ha permitido<\/p><\/div><\/div><\/div><div class=\"fusion-clearfix\"><\/div><\/div>\n<\/article>\n<article id=\"blog-1-post-19808\" class=\"fusion-post-grid post-19808 post type-post status-publish format-standard has-post-thumbnail hentry category-sin-categoria\">\n<div class=\"fusion-post-wrapper\" style=\"background-color:rgba(255,255,255,1);border:1px solid #f5f5f5;border-bottom-width:3px;\">\n\n\t\t\t<div class=\"fusion-flexslider flexslider fusion-flexslider-loading fusion-post-slideshow\" style=\"border-color:#f5f5f5;\">\n\t\t<ul class=\"slides\">\n\t\t\t\n\t\t\t\t\t\t\t\t\t\t\t\t\t\t<li><div  class=\"fusion-image-wrapper\" aria-haspopup=\"true\">\n\t\t\t\t<img decoding=\"async\" width=\"1024\" height=\"768\" src=\"https:\/\/www.arno.es\/wp-content\/uploads\/2025\/11\/1-3.png\" class=\"attachment-full size-full wp-post-image\" alt=\"Reurbanizaci\u00f3n del Passeig Mar\u00edtim de la Mar Bella\" \/><div class=\"fusion-rollover\">\n\t<div class=\"fusion-rollover-content\">\n\n\t\t\t\t\t\t\t\t\t\t\t\t\t\t<a class=\"fusion-rollover-link\" href=\"https:\/\/www.arno.es\/ca\/reurbanizacion-del-passeig-maritim-de-la-mar-bella-ambito-1-en-barcelona\/\">Reurbanizaci\u00f3n del Passeig Mar\u00edtim de la Mar Bella (\u00c1mbito 1), en Barcelona<\/a>\n\t\t\t\n\t\t\t\t\t\t\t\t\t\t\t\t\t\t\n\t\t\t\t\t\t\t\t\n\t\t\t\t\t\t\t\t\t\t\t\t\t<div class=\"fusion-rollover-sep\"><\/div>\n\t\t\t\t\n\t\t\t\t\t\t\t\t\t\t\t\t\t\t\t\t\t\t<a class=\"fusion-rollover-gallery\" href=\"https:\/\/www.arno.es\/wp-content\/uploads\/2025\/11\/1-3.png\" data-options=\"\" data-id=\"19808\" data-rel=\"iLightbox[gallery]\" data-title=\"1 (3)\" data-caption=\"\">\n\t\t\t\t\t\tGallery\t\t\t\t\t<\/a>\n\t\t\t\t\t\t\t\t\t\t\t\t\t\t\n\t\t\n\t\t\t\t\t\t\t\t\t\t\t\t<h4 class=\"fusion-rollover-title\">\n\t\t\t\t\t<a class=\"fusion-rollover-title-link\" href=\"https:\/\/www.arno.es\/ca\/reurbanizacion-del-passeig-maritim-de-la-mar-bella-ambito-1-en-barcelona\/\">\n\t\t\t\t\t\tReurbanizaci\u00f3n del Passeig Mar\u00edtim de la Mar Bella (\u00c1mbito 1), en Barcelona\t\t\t\t\t<\/a>\n\t\t\t\t<\/h4>\n\t\t\t\n\t\t\t\t\t\t\t\t\t\t<div class=\"fusion-rollover-categories\"><a href=\"https:\/\/www.arno.es\/ca\/category\/sin-categoria\/\" rel=\"tag\">Sin categor\u00eda<\/a><\/div>\t\t\t\t\t\n\t\t\n\t\t\t\t\t\t<a class=\"fusion-link-wrapper\" href=\"https:\/\/www.arno.es\/ca\/reurbanizacion-del-passeig-maritim-de-la-mar-bella-ambito-1-en-barcelona\/\" aria-label=\"Reurbanizaci\u00f3n del Passeig Mar\u00edtim de la Mar Bella (\u00c1mbito 1), en Barcelona\"><\/a>\n\t<\/div>\n<\/div>\n<\/div>\n<\/li>\n\t\t\t\n\t\t\t\n\t\t\t\t\t\t\t\t\t\t\t\t\t\t\t\t\t\t\t\t\t\t\t\t\t\t\t\t\t\t\t\t\t\t\t\t\t\t\t\t\t\t\t\t\t\t\t\t\t\t\t\t\t\t\t\t\t\t\t\t\t\t\t\t\t\t\t\t<\/ul>\n\t<\/div>\n\t<div class=\"fusion-post-content-wrapper\" style=\"padding:3% 3% 3% 3%;\"><div class=\"fusion-post-content post-content\"><h2 class=\"blog-shortcode-post-title entry-title\"><a href=\"https:\/\/www.arno.es\/ca\/reurbanizacion-del-passeig-maritim-de-la-mar-bella-ambito-1-en-barcelona\/\">Reurbanizaci\u00f3n del Passeig Mar\u00edtim de la Mar Bella (\u00c1mbito 1), en Barcelona<\/a><\/h2><p class=\"fusion-single-line-meta\"><span class=\"vcard\" style=\"display: none;\"><span class=\"fn\"><a href=\"https:\/\/www.arno.es\/ca\/author\/informatica\/\" title=\"Entrades de informatica\" rel=\"author\">informatica<\/a><\/span><\/span><span class=\"updated\" style=\"display:none;\">2025-11-19T10:05:28+01:00<\/span><span>novembre 19th, 2025<\/span><span class=\"fusion-inline-sep\">|<\/span><\/p><div class=\"fusion-content-sep sep-single sep-solid\"><\/div><div class=\"fusion-post-content-container\"><p> En Arn\u00f3 seguimos impulsando proyectos que mejoran el entorno urbano y la calidad de vida de las personas. Uno de ellos es la reurbanizaci\u00f3n del Passeig Mar\u00edtim de la Mar Bella (\u00c1mbito 1), en<\/p><\/div><\/div><\/div><div class=\"fusion-clearfix\"><\/div><\/div>\n<\/article>\n<div class=\"fusion-clearfix\"><\/div><\/div><\/div><\/div><\/div><div class=\"fusion-layout-column fusion_builder_column fusion-builder-column-16 fusion_builder_column_1_3 1_3 fusion-flex-column fusion-no-small-visibility\" style=\"--awb-bg-size:cover;--awb-width-large:33.333333333333%;--awb-margin-top-large:0px;--awb-spacing-right-large:2.88%;--awb-margin-bottom-large:0px;--awb-spacing-left-large:5.76%;--awb-width-medium:33.333333333333%;--awb-spacing-right-medium:2.88%;--awb-spacing-left-medium:5.76%;--awb-width-small:100%;--awb-spacing-right-small:1.92%;--awb-spacing-left-small:1.92%;\"><div class=\"fusion-column-wrapper fusion-flex-justify-content-flex-start fusion-content-layout-column\"><div class=\"fusion-separator fusion-full-width-sep\" style=\"align-self: center;margin-left: auto;margin-right: auto;margin-top:20px;width:100%;max-width:100%;\"><div class=\"fusion-separator-border sep-single sep-solid\" style=\"--awb-height:20px;--awb-amount:20px;--awb-sep-color:#ffffff;border-color:#ffffff;border-top-width:2px;\"><\/div><\/div><\/div><\/div><div class=\"fusion-layout-column fusion_builder_column fusion-builder-column-17 fusion_builder_column_1_3 1_3 fusion-flex-column\" style=\"--awb-bg-size:cover;--awb-width-large:33.333333333333%;--awb-margin-top-large:0px;--awb-spacing-right-large:2.88%;--awb-margin-bottom-large:0px;--awb-spacing-left-large:2.88%;--awb-width-medium:33.333333333333%;--awb-spacing-right-medium:2.88%;--awb-spacing-left-medium:2.88%;--awb-width-small:100%;--awb-spacing-right-small:1.92%;--awb-spacing-left-small:1.92%;\"><div class=\"fusion-column-wrapper fusion-flex-justify-content-flex-start fusion-content-layout-column\"><div style=\"text-align:center;\"><a class=\"fusion-button button-flat button-large button-custom fusion-button-default button-2 fusion-button-span-yes fusion-button-default-type\" style=\"--button_accent_color:#333333;--button_border_color:#333333;--button_accent_hover_color:#333333;--button_border_hover_color:#333333;--button-border-radius-top-left:0;--button-border-radius-top-right:0;--button-border-radius-bottom-right:0;--button-border-radius-bottom-left:0;--button_gradient_top_color:#f5f5f5;--button_gradient_bottom_color:#f5f5f5;--button_gradient_top_color_hover:#ffa300;--button_gradient_bottom_color_hover:#ffa300;\" target=\"_self\" href=\"http:\/\/arno.autoritas.net\/ca\/actualitat\/\"><span class=\"fusion-button-text awb-button__text awb-button__text--default\">VEURE TOTS ELS ARTICLES<\/span><\/a><\/div><\/div><\/div><div class=\"fusion-layout-column fusion_builder_column fusion-builder-column-18 fusion_builder_column_1_3 1_3 fusion-flex-column fusion-no-small-visibility\" style=\"--awb-bg-size:cover;--awb-width-large:33.333333333333%;--awb-margin-top-large:0px;--awb-spacing-right-large:5.76%;--awb-margin-bottom-large:0px;--awb-spacing-left-large:2.88%;--awb-width-medium:33.333333333333%;--awb-spacing-right-medium:5.76%;--awb-spacing-left-medium:2.88%;--awb-width-small:100%;--awb-spacing-right-small:1.92%;--awb-spacing-left-small:1.92%;\"><div class=\"fusion-column-wrapper fusion-flex-justify-content-flex-start fusion-content-layout-column\"><div class=\"fusion-separator fusion-full-width-sep\" style=\"align-self: center;margin-left: auto;margin-right: auto;margin-top:20px;width:100%;max-width:100%;\"><div class=\"fusion-separator-border sep-single sep-solid\" style=\"--awb-height:20px;--awb-amount:20px;--awb-sep-color:#ffffff;border-color:#ffffff;border-top-width:2px;\"><\/div><\/div><\/div><\/div><\/div><\/div><\/p>\n","protected":false},"excerpt":{"rendered":"","protected":false},"author":11,"featured_media":0,"parent":0,"menu_order":0,"comment_status":"closed","ping_status":"closed","template":"100-width.php","meta":{"footnotes":""},"class_list":["post-19394","page","type-page","status-publish","hentry"],"yoast_head":"<!-- This site is optimized with the Yoast SEO plugin v27.4 - https:\/\/yoast.com\/product\/yoast-seo-wordpress\/ -->\n<title>R+D+i - Benito Arn\u00f3<\/title>\n<meta name=\"description\" content=\"R+D+i -\" \/>\n<meta name=\"robots\" content=\"index, follow, max-snippet:-1, max-image-preview:large, max-video-preview:-1\" \/>\n<link rel=\"canonical\" href=\"https:\/\/www.arno.es\/ca\/rdi\/\" \/>\n<meta property=\"og:locale\" content=\"ca_ES\" \/>\n<meta property=\"og:type\" content=\"article\" \/>\n<meta property=\"og:title\" content=\"R+D+i - Benito Arn\u00f3\" \/>\n<meta property=\"og:description\" content=\"R+D+i -\" \/>\n<meta property=\"og:url\" content=\"https:\/\/www.arno.es\/ca\/rdi\/\" \/>\n<meta property=\"og:site_name\" content=\"Benito Arn\u00f3\" \/>\n<meta property=\"article:publisher\" content=\"https:\/\/www.facebook.com\/BenitoArno\/\" \/>\n<meta property=\"article:modified_time\" content=\"2025-12-09T10:47:54+00:00\" \/>\n<meta name=\"twitter:card\" content=\"summary_large_image\" \/>\n<meta name=\"twitter:site\" content=\"@benito_arno\" \/>\n<meta name=\"twitter:label1\" content=\"Temps estimat de lectura\" \/>\n\t<meta name=\"twitter:data1\" content=\"22 minuts\" \/>\n<script type=\"application\/ld+json\" class=\"yoast-schema-graph\">{\"@context\":\"https:\\\/\\\/schema.org\",\"@graph\":[{\"@type\":\"WebPage\",\"@id\":\"https:\\\/\\\/www.arno.es\\\/ca\\\/rdi\\\/\",\"url\":\"https:\\\/\\\/www.arno.es\\\/ca\\\/rdi\\\/\",\"name\":\"R+D+i - Benito Arn\u00f3\",\"isPartOf\":{\"@id\":\"https:\\\/\\\/www.arno.es\\\/ca\\\/#website\"},\"datePublished\":\"2016-12-27T07:35:40+00:00\",\"dateModified\":\"2025-12-09T10:47:54+00:00\",\"description\":\"R+D+i -\",\"breadcrumb\":{\"@id\":\"https:\\\/\\\/www.arno.es\\\/ca\\\/rdi\\\/#breadcrumb\"},\"inLanguage\":\"ca\",\"potentialAction\":[{\"@type\":\"ReadAction\",\"target\":[\"https:\\\/\\\/www.arno.es\\\/ca\\\/rdi\\\/\"]}]},{\"@type\":\"BreadcrumbList\",\"@id\":\"https:\\\/\\\/www.arno.es\\\/ca\\\/rdi\\\/#breadcrumb\",\"itemListElement\":[{\"@type\":\"ListItem\",\"position\":1,\"name\":\"Portada\",\"item\":\"https:\\\/\\\/www.arno.es\\\/ca\\\/\"},{\"@type\":\"ListItem\",\"position\":2,\"name\":\"R+D+i\"}]},{\"@type\":\"WebSite\",\"@id\":\"https:\\\/\\\/www.arno.es\\\/ca\\\/#website\",\"url\":\"https:\\\/\\\/www.arno.es\\\/ca\\\/\",\"name\":\"Benito Arn\u00f3\",\"description\":\"[:es]Construcci\u00f3n y servicios[:ca]Construcci\u00f3 i serveis[:]\",\"publisher\":{\"@id\":\"https:\\\/\\\/www.arno.es\\\/ca\\\/#organization\"},\"potentialAction\":[{\"@type\":\"SearchAction\",\"target\":{\"@type\":\"EntryPoint\",\"urlTemplate\":\"https:\\\/\\\/www.arno.es\\\/ca\\\/?s={search_term_string}\"},\"query-input\":{\"@type\":\"PropertyValueSpecification\",\"valueRequired\":true,\"valueName\":\"search_term_string\"}}],\"inLanguage\":\"ca\"},{\"@type\":\"Organization\",\"@id\":\"https:\\\/\\\/www.arno.es\\\/ca\\\/#organization\",\"name\":\"Benito Arn\u00f3 e Hijos\",\"url\":\"https:\\\/\\\/www.arno.es\\\/ca\\\/\",\"logo\":{\"@type\":\"ImageObject\",\"inLanguage\":\"ca\",\"@id\":\"https:\\\/\\\/www.arno.es\\\/ca\\\/#\\\/schema\\\/logo\\\/image\\\/\",\"url\":\"https:\\\/\\\/www.arno.es\\\/wp-content\\\/uploads\\\/2018\\\/10\\\/ARNO-Logo-web-1.png\",\"contentUrl\":\"https:\\\/\\\/www.arno.es\\\/wp-content\\\/uploads\\\/2018\\\/10\\\/ARNO-Logo-web-1.png\",\"width\":186,\"height\":75,\"caption\":\"Benito Arn\u00f3 e Hijos\"},\"image\":{\"@id\":\"https:\\\/\\\/www.arno.es\\\/ca\\\/#\\\/schema\\\/logo\\\/image\\\/\"},\"sameAs\":[\"https:\\\/\\\/www.facebook.com\\\/BenitoArno\\\/\",\"https:\\\/\\\/x.com\\\/benito_arno\",\"https:\\\/\\\/www.instagram.com\\\/benito_arno\\\/\",\"https:\\\/\\\/www.linkedin.com\\\/company\\\/benitoarno\",\"https:\\\/\\\/www.youtube.com\\\/c\\\/benitoarno\"]}]}<\/script>\n<!-- \/ Yoast SEO plugin. -->","yoast_head_json":{"title":"R+D+i - Benito Arn\u00f3","description":"R+D+i -","robots":{"index":"index","follow":"follow","max-snippet":"max-snippet:-1","max-image-preview":"max-image-preview:large","max-video-preview":"max-video-preview:-1"},"canonical":"https:\/\/www.arno.es\/ca\/rdi\/","og_locale":"ca_ES","og_type":"article","og_title":"R+D+i - Benito Arn\u00f3","og_description":"R+D+i -","og_url":"https:\/\/www.arno.es\/ca\/rdi\/","og_site_name":"Benito Arn\u00f3","article_publisher":"https:\/\/www.facebook.com\/BenitoArno\/","article_modified_time":"2025-12-09T10:47:54+00:00","twitter_card":"summary_large_image","twitter_site":"@benito_arno","twitter_misc":{"Temps estimat de lectura":"22 minuts"},"schema":{"@context":"https:\/\/schema.org","@graph":[{"@type":"WebPage","@id":"https:\/\/www.arno.es\/ca\/rdi\/","url":"https:\/\/www.arno.es\/ca\/rdi\/","name":"R+D+i - Benito Arn\u00f3","isPartOf":{"@id":"https:\/\/www.arno.es\/ca\/#website"},"datePublished":"2016-12-27T07:35:40+00:00","dateModified":"2025-12-09T10:47:54+00:00","description":"R+D+i -","breadcrumb":{"@id":"https:\/\/www.arno.es\/ca\/rdi\/#breadcrumb"},"inLanguage":"ca","potentialAction":[{"@type":"ReadAction","target":["https:\/\/www.arno.es\/ca\/rdi\/"]}]},{"@type":"BreadcrumbList","@id":"https:\/\/www.arno.es\/ca\/rdi\/#breadcrumb","itemListElement":[{"@type":"ListItem","position":1,"name":"Portada","item":"https:\/\/www.arno.es\/ca\/"},{"@type":"ListItem","position":2,"name":"R+D+i"}]},{"@type":"WebSite","@id":"https:\/\/www.arno.es\/ca\/#website","url":"https:\/\/www.arno.es\/ca\/","name":"Benito Arn\u00f3","description":"[:es]Construcci\u00f3n y servicios[:ca]Construcci\u00f3 i serveis[:]","publisher":{"@id":"https:\/\/www.arno.es\/ca\/#organization"},"potentialAction":[{"@type":"SearchAction","target":{"@type":"EntryPoint","urlTemplate":"https:\/\/www.arno.es\/ca\/?s={search_term_string}"},"query-input":{"@type":"PropertyValueSpecification","valueRequired":true,"valueName":"search_term_string"}}],"inLanguage":"ca"},{"@type":"Organization","@id":"https:\/\/www.arno.es\/ca\/#organization","name":"Benito Arn\u00f3 e Hijos","url":"https:\/\/www.arno.es\/ca\/","logo":{"@type":"ImageObject","inLanguage":"ca","@id":"https:\/\/www.arno.es\/ca\/#\/schema\/logo\/image\/","url":"https:\/\/www.arno.es\/wp-content\/uploads\/2018\/10\/ARNO-Logo-web-1.png","contentUrl":"https:\/\/www.arno.es\/wp-content\/uploads\/2018\/10\/ARNO-Logo-web-1.png","width":186,"height":75,"caption":"Benito Arn\u00f3 e Hijos"},"image":{"@id":"https:\/\/www.arno.es\/ca\/#\/schema\/logo\/image\/"},"sameAs":["https:\/\/www.facebook.com\/BenitoArno\/","https:\/\/x.com\/benito_arno","https:\/\/www.instagram.com\/benito_arno\/","https:\/\/www.linkedin.com\/company\/benitoarno","https:\/\/www.youtube.com\/c\/benitoarno"]}]}},"_links":{"self":[{"href":"https:\/\/www.arno.es\/ca\/wp-json\/wp\/v2\/pages\/19394","targetHints":{"allow":["GET"]}}],"collection":[{"href":"https:\/\/www.arno.es\/ca\/wp-json\/wp\/v2\/pages"}],"about":[{"href":"https:\/\/www.arno.es\/ca\/wp-json\/wp\/v2\/types\/page"}],"author":[{"embeddable":true,"href":"https:\/\/www.arno.es\/ca\/wp-json\/wp\/v2\/users\/11"}],"replies":[{"embeddable":true,"href":"https:\/\/www.arno.es\/ca\/wp-json\/wp\/v2\/comments?post=19394"}],"version-history":[{"count":2,"href":"https:\/\/www.arno.es\/ca\/wp-json\/wp\/v2\/pages\/19394\/revisions"}],"predecessor-version":[{"id":19863,"href":"https:\/\/www.arno.es\/ca\/wp-json\/wp\/v2\/pages\/19394\/revisions\/19863"}],"wp:attachment":[{"href":"https:\/\/www.arno.es\/ca\/wp-json\/wp\/v2\/media?parent=19394"}],"curies":[{"name":"wp","href":"https:\/\/api.w.org\/{rel}","templated":true}]}}