{"id":19404,"date":"2016-12-27T10:39:09","date_gmt":"2016-12-27T09:39:09","guid":{"rendered":"https:\/\/www.arno.es\/politica-de-privacidad\/"},"modified":"2016-12-27T10:39:09","modified_gmt":"2016-12-27T10:39:09","slug":"politica-de-privacidad","status":"publish","type":"page","link":"https:\/\/www.arno.es\/ca\/politica-de-privacidad\/","title":{"rendered":"Pol\u00edtica de privacidad"},"content":{"rendered":"<div class=\"fusion-fullwidth fullwidth-box fusion-builder-row-1 fusion-flex-container hundred-percent-fullwidth non-hundred-percent-height-scrolling\" style=\"--awb-border-radius-top-left:0px;--awb-border-radius-top-right:0px;--awb-border-radius-bottom-right:0px;--awb-border-radius-bottom-left:0px;--awb-padding-right:100px;--awb-padding-left:100px;--awb-flex-wrap:wrap;\" ><div class=\"fusion-builder-row fusion-row fusion-flex-align-items-flex-start fusion-flex-content-wrap\" style=\"width:calc( 100% + 0px ) !important;max-width:calc( 100% + 0px ) !important;margin-left: calc(-0px \/ 2 );margin-right: calc(-0px \/ 2 );\"><div class=\"fusion-layout-column fusion_builder_column fusion-builder-column-0 fusion_builder_column_1_1 1_1 fusion-flex-column\" style=\"--awb-bg-size:cover;--awb-width-large:100%;--awb-margin-top-large:0px;--awb-spacing-right-large:0px;--awb-margin-bottom-large:0px;--awb-spacing-left-large:0px;--awb-width-medium:100%;--awb-spacing-right-medium:0px;--awb-spacing-left-medium:0px;--awb-width-small:100%;--awb-spacing-right-small:0px;--awb-spacing-left-small:0px;\"><div class=\"fusion-column-wrapper fusion-flex-justify-content-flex-start fusion-content-layout-column\"><div class=\"fusion-text fusion-text-1\"><p><strong>POL\u00cdTICA DE PRIVACITAT<\/strong><br \/>\n<strong>Declaraci\u00f3 de Privacitat<br \/>\n<\/strong>Gr\u00e0cies per visitar la nostra web. A\u00a0BENITO ARN\u00d3 E HIJOS S.A.U. \u2013 GRUP ARN\u00d3\u00a0som completament conscients de la import\u00e0ncia de la seva privacitat i ens comprometem a protegir-la, sent aquest un principi \u00edntegre amb la nostra cultura corporativa. Per aix\u00f2 dediquem tot el nostre esfor\u00e7 en el compliment de la legislaci\u00f3 vigent en mat\u00e8ria de protecci\u00f3 de dades de car\u00e0cter personal, realitzant permanentment una tasca de revisi\u00f3 i millora, si \u00e9s possible, d\u2019aquesta pol\u00edtica de privacitat.<br \/>\n<strong>Recollida i \u00fas d\u2019informaci\u00f3<br \/>\n<\/strong>BENITO ARN\u00d3 E HIJOS S.A.U. \u2013 GRUP ARN\u00d3\u00a0informa a tots els usuaris del seu web que no estan obligats a proporcionar cap dada de car\u00e0cter personal per la seva utilitzaci\u00f3, llevat que volunt\u00e0riament vulguin proporcionar amb motiu de l\u2019enviament d\u2019un requeriment, consulta o suggeriment. En aquest cas, l\u2019usuari est\u00e0 prestant el seu consentiment a\u00a0BENITO ARN\u00d3 E HIJOS SAU \u2013 GRUP ARN\u00d3\u00a0per a la inclusi\u00f3 d\u2019aquestes dades en el fitxer que correspongui.<br \/>\nBENITO ARN\u00d3 E HIJOS S.A.U. \u2013 GRUP ARN\u00d3\u00a0es compromet a la plena observan\u00e7a del que disposa la Llei 15\/1999, de 13 de desembre, de Protecci\u00f3 de Dades de Car\u00e0cter de Personal i, especialment, a no utilitzar les dades amb una finalitat diferent a aquella per a la qual es van recollir, ni a revelar a tercers aliens a la companyia sense previ consentiment de l\u2019interessat, excepte a societats del seu mateix grup d\u2019acord amb la definici\u00f3 de l\u2019article 4 de la Llei del Mercat de Valors.<br \/>\nBENITO ARN\u00d3 E HIJOS S.A.U. \u2013 GRUP ARN\u00d3\u00a0informa que el proc\u00e9s de navegaci\u00f3 d\u2019un usuari, igual que en qualsevol altre lloc web, deixa com a rastre l\u2019adre\u00e7a IP que en aquesta sessi\u00f3 li ha estat assignada pel seu prove\u00efdor d\u2019acc\u00e9s. El registre d\u2019aquesta adre\u00e7a IP serveix nom\u00e9s per a fins exclusivament interns, com s\u00f3n les estad\u00edstiques d\u2019acc\u00e9s al nostre web. L\u2019adre\u00e7a IP per a un mateix usuari \u00e9s diferent d\u2019una connexi\u00f3 a una altra, de manera que no \u00e9s possible deduir cap h\u00e0bit de navegaci\u00f3 a trav\u00e9s del nostre web per un determinat usuari.<br \/>\nBENITO ARN\u00d3 E HIJOS S.A.U. \u2013 GRUP ARN\u00d3\u00a0adverteix que pot utilitzar cookies. Aquestes galetes s\u2019associen \u00fanicament amb el navegador d\u2019un terminal concret i no proporcionen per si mateixes cap dada de car\u00e0cter personal de l\u2019usuari, ni poden llegir els arxius cooky creats per altres prove\u00efdors o llocs web. Tamb\u00e9 serveixen \u00fanicament per a fins exclusivament interns, com s\u00f3n les estad\u00edstiques d\u2019acc\u00e9s al nostre web. No obstant aix\u00f2, l\u2019usuari t\u00e9 la possibilitat de configurar el seu navegador per ser avisat en la pantalla de la recepci\u00f3 de cookies i per impedir-ne la instal\u00b7laci\u00f3.<br \/>\n<strong>Seguretat de la informaci\u00f3<br \/>\n<\/strong>BENITO ARN\u00d3 E HIJOS S.A.U. \u2013 GRUP ARN\u00d3\u00a0ha adoptat les mesures t\u00e8cniques i organitzatives necess\u00e0ries per garantir la seguretat de les dades de car\u00e0cter personal incloses en tots els fitxers que estan sota la seva titularitat, amb la finalitat d\u2019evitar-ne l\u2019alteraci\u00f3, p\u00e8rdua, tractament o acc\u00e9s no autoritzat, de conformitat amb els termes del Reial Decret 1720\/2007, de 21 de desembre, pel qual s\u2019aprova el Reglament de desenvolupament de la Llei Org\u00e0nica 15\/1999, de 13 de desembre, de protecci\u00f3 de dades de car\u00e0cter personal.<br \/>\n<strong>Acc\u00e9s a la informaci\u00f3<br \/>\n<\/strong>Qualsevol persona que hagi lliurat dades de car\u00e0cter personal a\u00a0BENITO ARN\u00d3 E HIJOS SAU \u2013 GRUP ARN\u00d3\u00a0t\u00e9 dret d\u2019acc\u00e9s, rectificaci\u00f3, cancel\u00b7laci\u00f3 i oposici\u00f3 respecte als mateixos, segons el que estableix la Llei 15\/1999, de 13 de desembre, de protecci\u00f3 de dades de car\u00e0cter personal com a titular del fitxer mitjan\u00e7ant correu electr\u00f2nic, amb fotoc\u00f2pia del seu DNI. Per a aix\u00f2, haur\u00e0 de contactar amb\u00a0BENITO ARN\u00d3 E HIJOS SAU \u2013 GRUP ARN\u00d3\u00a0a trav\u00e9s del nostre formulari de contacte.<\/p>\n<\/div><\/div><\/div><\/div><\/div>\n","protected":false},"excerpt":{"rendered":"","protected":false},"author":11,"featured_media":0,"parent":0,"menu_order":0,"comment_status":"closed","ping_status":"closed","template":"100-width.php","meta":{"footnotes":""},"class_list":["post-19404","page","type-page","status-publish","hentry"],"yoast_head":"<!-- This site is optimized with the Yoast SEO plugin v27.4 - https:\/\/yoast.com\/product\/yoast-seo-wordpress\/ -->\n<title>Pol\u00edtica de privacidad - Benito Arn\u00f3<\/title>\n<meta name=\"description\" content=\"Pol\u00edtica de privacidad -\" \/>\n<meta name=\"robots\" content=\"index, follow, max-snippet:-1, max-image-preview:large, max-video-preview:-1\" \/>\n<link rel=\"canonical\" href=\"https:\/\/www.arno.es\/ca\/politica-de-privacidad\/\" \/>\n<meta property=\"og:locale\" content=\"ca_ES\" \/>\n<meta property=\"og:type\" content=\"article\" \/>\n<meta property=\"og:title\" content=\"Pol\u00edtica de privacidad - Benito Arn\u00f3\" \/>\n<meta property=\"og:description\" content=\"Pol\u00edtica de privacidad -\" \/>\n<meta property=\"og:url\" content=\"https:\/\/www.arno.es\/ca\/politica-de-privacidad\/\" \/>\n<meta property=\"og:site_name\" content=\"Benito Arn\u00f3\" \/>\n<meta property=\"article:publisher\" content=\"https:\/\/www.facebook.com\/BenitoArno\/\" \/>\n<meta property=\"article:modified_time\" content=\"2016-12-27T10:39:09+00:00\" \/>\n<meta name=\"twitter:card\" content=\"summary_large_image\" \/>\n<meta name=\"twitter:site\" content=\"@benito_arno\" \/>\n<meta name=\"twitter:label1\" content=\"Temps estimat de lectura\" \/>\n\t<meta name=\"twitter:data1\" content=\"4 minuts\" \/>\n<script type=\"application\/ld+json\" class=\"yoast-schema-graph\">{\"@context\":\"https:\\\/\\\/schema.org\",\"@graph\":[{\"@type\":\"WebPage\",\"@id\":\"https:\\\/\\\/www.arno.es\\\/ca\\\/politica-de-privacidad\\\/\",\"url\":\"https:\\\/\\\/www.arno.es\\\/ca\\\/politica-de-privacidad\\\/\",\"name\":\"Pol\u00edtica de privacidad - Benito Arn\u00f3\",\"isPartOf\":{\"@id\":\"https:\\\/\\\/www.arno.es\\\/ca\\\/#website\"},\"datePublished\":\"2016-12-27T09:39:09+00:00\",\"dateModified\":\"2016-12-27T10:39:09+00:00\",\"description\":\"Pol\u00edtica de privacidad -\",\"breadcrumb\":{\"@id\":\"https:\\\/\\\/www.arno.es\\\/ca\\\/politica-de-privacidad\\\/#breadcrumb\"},\"inLanguage\":\"ca\",\"potentialAction\":[{\"@type\":\"ReadAction\",\"target\":[\"https:\\\/\\\/www.arno.es\\\/ca\\\/politica-de-privacidad\\\/\"]}]},{\"@type\":\"BreadcrumbList\",\"@id\":\"https:\\\/\\\/www.arno.es\\\/ca\\\/politica-de-privacidad\\\/#breadcrumb\",\"itemListElement\":[{\"@type\":\"ListItem\",\"position\":1,\"name\":\"Portada\",\"item\":\"https:\\\/\\\/www.arno.es\\\/ca\\\/\"},{\"@type\":\"ListItem\",\"position\":2,\"name\":\"Pol\u00edtica de privacidad\"}]},{\"@type\":\"WebSite\",\"@id\":\"https:\\\/\\\/www.arno.es\\\/ca\\\/#website\",\"url\":\"https:\\\/\\\/www.arno.es\\\/ca\\\/\",\"name\":\"Benito Arn\u00f3\",\"description\":\"[:es]Construcci\u00f3n y servicios[:ca]Construcci\u00f3 i serveis[:]\",\"publisher\":{\"@id\":\"https:\\\/\\\/www.arno.es\\\/ca\\\/#organization\"},\"potentialAction\":[{\"@type\":\"SearchAction\",\"target\":{\"@type\":\"EntryPoint\",\"urlTemplate\":\"https:\\\/\\\/www.arno.es\\\/ca\\\/?s={search_term_string}\"},\"query-input\":{\"@type\":\"PropertyValueSpecification\",\"valueRequired\":true,\"valueName\":\"search_term_string\"}}],\"inLanguage\":\"ca\"},{\"@type\":\"Organization\",\"@id\":\"https:\\\/\\\/www.arno.es\\\/ca\\\/#organization\",\"name\":\"Benito Arn\u00f3 e Hijos\",\"url\":\"https:\\\/\\\/www.arno.es\\\/ca\\\/\",\"logo\":{\"@type\":\"ImageObject\",\"inLanguage\":\"ca\",\"@id\":\"https:\\\/\\\/www.arno.es\\\/ca\\\/#\\\/schema\\\/logo\\\/image\\\/\",\"url\":\"https:\\\/\\\/www.arno.es\\\/wp-content\\\/uploads\\\/2018\\\/10\\\/ARNO-Logo-web-1.png\",\"contentUrl\":\"https:\\\/\\\/www.arno.es\\\/wp-content\\\/uploads\\\/2018\\\/10\\\/ARNO-Logo-web-1.png\",\"width\":186,\"height\":75,\"caption\":\"Benito Arn\u00f3 e Hijos\"},\"image\":{\"@id\":\"https:\\\/\\\/www.arno.es\\\/ca\\\/#\\\/schema\\\/logo\\\/image\\\/\"},\"sameAs\":[\"https:\\\/\\\/www.facebook.com\\\/BenitoArno\\\/\",\"https:\\\/\\\/x.com\\\/benito_arno\",\"https:\\\/\\\/www.instagram.com\\\/benito_arno\\\/\",\"https:\\\/\\\/www.linkedin.com\\\/company\\\/benitoarno\",\"https:\\\/\\\/www.youtube.com\\\/c\\\/benitoarno\"]}]}<\/script>\n<!-- \/ Yoast SEO plugin. -->","yoast_head_json":{"title":"Pol\u00edtica de privacidad - Benito Arn\u00f3","description":"Pol\u00edtica de privacidad -","robots":{"index":"index","follow":"follow","max-snippet":"max-snippet:-1","max-image-preview":"max-image-preview:large","max-video-preview":"max-video-preview:-1"},"canonical":"https:\/\/www.arno.es\/ca\/politica-de-privacidad\/","og_locale":"ca_ES","og_type":"article","og_title":"Pol\u00edtica de privacidad - Benito Arn\u00f3","og_description":"Pol\u00edtica de privacidad -","og_url":"https:\/\/www.arno.es\/ca\/politica-de-privacidad\/","og_site_name":"Benito Arn\u00f3","article_publisher":"https:\/\/www.facebook.com\/BenitoArno\/","article_modified_time":"2016-12-27T10:39:09+00:00","twitter_card":"summary_large_image","twitter_site":"@benito_arno","twitter_misc":{"Temps estimat de lectura":"4 minuts"},"schema":{"@context":"https:\/\/schema.org","@graph":[{"@type":"WebPage","@id":"https:\/\/www.arno.es\/ca\/politica-de-privacidad\/","url":"https:\/\/www.arno.es\/ca\/politica-de-privacidad\/","name":"Pol\u00edtica de privacidad - Benito Arn\u00f3","isPartOf":{"@id":"https:\/\/www.arno.es\/ca\/#website"},"datePublished":"2016-12-27T09:39:09+00:00","dateModified":"2016-12-27T10:39:09+00:00","description":"Pol\u00edtica de privacidad -","breadcrumb":{"@id":"https:\/\/www.arno.es\/ca\/politica-de-privacidad\/#breadcrumb"},"inLanguage":"ca","potentialAction":[{"@type":"ReadAction","target":["https:\/\/www.arno.es\/ca\/politica-de-privacidad\/"]}]},{"@type":"BreadcrumbList","@id":"https:\/\/www.arno.es\/ca\/politica-de-privacidad\/#breadcrumb","itemListElement":[{"@type":"ListItem","position":1,"name":"Portada","item":"https:\/\/www.arno.es\/ca\/"},{"@type":"ListItem","position":2,"name":"Pol\u00edtica de privacidad"}]},{"@type":"WebSite","@id":"https:\/\/www.arno.es\/ca\/#website","url":"https:\/\/www.arno.es\/ca\/","name":"Benito Arn\u00f3","description":"[:es]Construcci\u00f3n y servicios[:ca]Construcci\u00f3 i serveis[:]","publisher":{"@id":"https:\/\/www.arno.es\/ca\/#organization"},"potentialAction":[{"@type":"SearchAction","target":{"@type":"EntryPoint","urlTemplate":"https:\/\/www.arno.es\/ca\/?s={search_term_string}"},"query-input":{"@type":"PropertyValueSpecification","valueRequired":true,"valueName":"search_term_string"}}],"inLanguage":"ca"},{"@type":"Organization","@id":"https:\/\/www.arno.es\/ca\/#organization","name":"Benito Arn\u00f3 e Hijos","url":"https:\/\/www.arno.es\/ca\/","logo":{"@type":"ImageObject","inLanguage":"ca","@id":"https:\/\/www.arno.es\/ca\/#\/schema\/logo\/image\/","url":"https:\/\/www.arno.es\/wp-content\/uploads\/2018\/10\/ARNO-Logo-web-1.png","contentUrl":"https:\/\/www.arno.es\/wp-content\/uploads\/2018\/10\/ARNO-Logo-web-1.png","width":186,"height":75,"caption":"Benito Arn\u00f3 e Hijos"},"image":{"@id":"https:\/\/www.arno.es\/ca\/#\/schema\/logo\/image\/"},"sameAs":["https:\/\/www.facebook.com\/BenitoArno\/","https:\/\/x.com\/benito_arno","https:\/\/www.instagram.com\/benito_arno\/","https:\/\/www.linkedin.com\/company\/benitoarno","https:\/\/www.youtube.com\/c\/benitoarno"]}]}},"_links":{"self":[{"href":"https:\/\/www.arno.es\/ca\/wp-json\/wp\/v2\/pages\/19404","targetHints":{"allow":["GET"]}}],"collection":[{"href":"https:\/\/www.arno.es\/ca\/wp-json\/wp\/v2\/pages"}],"about":[{"href":"https:\/\/www.arno.es\/ca\/wp-json\/wp\/v2\/types\/page"}],"author":[{"embeddable":true,"href":"https:\/\/www.arno.es\/ca\/wp-json\/wp\/v2\/users\/11"}],"replies":[{"embeddable":true,"href":"https:\/\/www.arno.es\/ca\/wp-json\/wp\/v2\/comments?post=19404"}],"version-history":[{"count":0,"href":"https:\/\/www.arno.es\/ca\/wp-json\/wp\/v2\/pages\/19404\/revisions"}],"wp:attachment":[{"href":"https:\/\/www.arno.es\/ca\/wp-json\/wp\/v2\/media?parent=19404"}],"curies":[{"name":"wp","href":"https:\/\/api.w.org\/{rel}","templated":true}]}}